{"id":7189,"date":"2025-05-19T22:52:57","date_gmt":"2025-05-19T19:52:57","guid":{"rendered":"https:\/\/harmonie-event.de\/?page_id=7189"},"modified":"2025-05-19T22:53:34","modified_gmt":"2025-05-19T19:53:34","slug":"datenschutz","status":"publish","type":"page","link":"https:\/\/harmonie-event.de\/?page_id=7189","title":{"rendered":"Datenschutz"},"content":{"rendered":"\t\t<div data-elementor-type=\"wp-page\" data-elementor-id=\"7189\" class=\"elementor elementor-7189\" data-elementor-post-type=\"page\">\n\t\t\t\t<div class=\"elementor-element elementor-element-d1e1db2 e-flex e-con-boxed e-con e-parent\" data-id=\"d1e1db2\" data-element_type=\"container\">\n\t\t\t\t\t<div class=\"e-con-inner\">\n\t\t\t\t<div class=\"elementor-element elementor-element-92b27e6 elementor-headline--style-highlight elementor-widget elementor-widget-animated-headline\" data-id=\"92b27e6\" data-element_type=\"widget\" data-settings=\"{&quot;headline_style&quot;:&quot;highlight&quot;,&quot;marker&quot;:&quot;circle&quot;,&quot;loop&quot;:&quot;yes&quot;,&quot;highlight_animation_duration&quot;:1200,&quot;highlight_iteration_delay&quot;:8000}\" data-widget_type=\"animated-headline.default\">\n\t\t\t\t<div class=\"elementor-widget-container\">\n\t\t\t\t\t\t\t<h4 class=\"elementor-headline\">\n\t\t\t\t\t<span class=\"elementor-headline-plain-text elementor-headline-text-wrapper\">Datenschutz<\/span>\n\t\t\t\t<span class=\"elementor-headline-dynamic-wrapper elementor-headline-text-wrapper\">\n\t\t\t\t<\/span>\n\t\t\t\t<\/h4>\n\t\t\t\t\t\t<\/div>\n\t\t\t\t<\/div>\n\t\t\t\t\t<\/div>\n\t\t\t\t<\/div>\n\t\t<div class=\"elementor-element elementor-element-b8c7ccb e-flex e-con-boxed e-con e-parent\" data-id=\"b8c7ccb\" data-element_type=\"container\">\n\t\t\t\t\t<div class=\"e-con-inner\">\n\t\t\t\t<div class=\"elementor-element elementor-element-6782fef elementor-widget elementor-widget-text-editor\" data-id=\"6782fef\" data-element_type=\"widget\" data-widget_type=\"text-editor.default\">\n\t\t\t\t<div class=\"elementor-widget-container\">\n\t\t\t\t\t\t\t\t\t<p><span style=\"color: #000000;\"><strong>\u2013\u2013\u2013\u2013\u2013\u2013\u2013\u2013\u2013\u2013\u2013\u2013\u2013\u2013\u2013\u2013\u2013\u2013\u2013\u2013<\/strong><\/span><br \/><span style=\"color: #000000;\"><strong>Datenschutzerkl\u00e4rung<\/strong><\/span><br \/><span style=\"color: #000000;\"><strong>\u2013\u2013\u2013\u2013\u2013\u2013\u2013\u2013\u2013\u2013\u2013\u2013\u2013\u2013\u2013\u2013\u2013\u2013\u2013\u2013<\/strong><\/span><\/p><p><br \/><span style=\"color: #000000;\"><strong>1) Einleitung und Kontaktdaten des Verantwortlichen<\/strong><\/span><br \/><span style=\"color: #000000;\"><strong>1.1 Wir freuen uns, dass Sie unsere Website besuchen, und bedanken uns f\u00fcr Ihr Interesse. Im Folgenden informieren wir Sie \u00fcber den Umgang mit Ihren personenbezogenen Daten bei der Nutzung unserer Website. Personenbezogene Daten sind hierbei alle Daten, mit denen Sie pers\u00f6nlich identifiziert werden k\u00f6nnen.<\/strong><\/span><br \/><span style=\"color: #000000;\"><strong>1.2 Verantwortlicher f\u00fcr die Datenverarbeitung auf dieser Website im Sinne der Datenschutz-Grundverordnung (DSGVO) ist Hakan \u00c7evik, HARMONIE MUSIK, Hafenstra\u00dfe 49, 68159 Mannheim, Deutschland, Tel.: +49062116611837, E-Mail: h.cevik@hotmail.de. Der f\u00fcr die Verarbeitung von personenbezogenen Daten Verantwortliche ist diejenige nat\u00fcrliche oder juristische Person, die allein oder gemeinsam mit anderen \u00fcber die Zwecke und Mittel der Verarbeitung von personenbezogenen Daten entscheidet.<\/strong><\/span><\/p><p><span style=\"color: #000000;\"><strong>2) Datenerfassung beim Besuch unserer Website<\/strong><\/span><br \/><span style=\"color: #000000;\"><strong>2.1 Bei der blo\u00df informatorischen Nutzung unserer Website, also wenn Sie sich nicht registrieren oder uns anderweitig Informationen \u00fcbermitteln, erheben wir nur solche Daten, die Ihr Browser an den Seitenserver \u00fcbermittelt (sog. \u201eServer-Logfiles\u201c). Wenn Sie unsere Website aufrufen, erheben wir die folgenden Daten, die f\u00fcr uns technisch erforderlich sind, um Ihnen die Website anzuzeigen:<\/strong><\/span><br \/><span style=\"color: #000000;\"><strong>&#8211; Unsere besuchte Website<\/strong><\/span><br \/><span style=\"color: #000000;\"><strong>&#8211; Datum und Uhrzeit zum Zeitpunkt des Zugriffes<\/strong><\/span><br \/><span style=\"color: #000000;\"><strong>&#8211; Menge der gesendeten Daten in Byte<\/strong><\/span><br \/><span style=\"color: #000000;\"><strong>&#8211; Quelle\/Verweis, von welchem Sie auf die Seite gelangten<\/strong><\/span><br \/><span style=\"color: #000000;\"><strong>&#8211; Verwendeter Browser<\/strong><\/span><br \/><span style=\"color: #000000;\"><strong>&#8211; Verwendetes Betriebssystem<\/strong><\/span><br \/><span style=\"color: #000000;\"><strong>&#8211; Verwendete IP-Adresse (ggf.: in anonymisierter Form)<\/strong><\/span><br \/><span style=\"color: #000000;\"><strong>Die Verarbeitung erfolgt gem\u00e4\u00df Art. 6 Abs. 1 lit. f DSGVO auf Basis unseres berechtigten Interesses an der Verbesserung der Stabilit\u00e4t und Funktionalit\u00e4t unserer Website. Eine Weitergabe oder anderweitige Verwendung der Daten findet nicht statt. Wir behalten uns allerdings vor, die Server-Logfiles nachtr\u00e4glich zu \u00fcberpr\u00fcfen, sollten konkrete Anhaltspunkte auf eine rechtswidrige Nutzung hinweisen.<\/strong><\/span><br \/><span style=\"color: #000000;\"><strong>2.2 Diese Website nutzt aus Sicherheitsgr\u00fcnden und zum Schutz der \u00dcbertragung personenbezogener Daten und anderer vertraulicher Inhalte (z.B. Bestellungen oder Anfragen an den Verantwortlichen) eine SSL-bzw. TLS-Verschl\u00fcsselung. Sie k\u00f6nnen eine verschl\u00fcsselte Verbindung an der Zeichenfolge \u201ehttps:\/\/\u201c und dem Schloss-Symbol in Ihrer Browserzeile erkennen.<\/strong><\/span><\/p><p><span style=\"color: #000000;\"><strong>3) Cookies<\/strong><\/span><br \/><span style=\"color: #000000;\"><strong>Um den Besuch unserer Website attraktiv zu gestalten und die Nutzung bestimmter Funktionen zu erm\u00f6glichen, verwenden wir Cookies, also kleine Textdateien, die auf Ihrem Endger\u00e4t abgelegt werden. Teilweise werden diese Cookies nach Schlie\u00dfen des Browsers automatisch wieder gel\u00f6scht (sog. \u201eSession-Cookies\u201c), teilweise verbleiben diese Cookies l\u00e4nger auf Ihrem Endger\u00e4t und erm\u00f6glichen das Speichern von Seiteneinstellungen (sog. \u201epersistente Cookies\u201c). Im letzteren Fall k\u00f6nnen Sie die Speicherdauer der \u00dcbersicht zu den Cookie-Einstellungen Ihres Webbrowsers entnehmen.<\/strong><\/span><br \/><span style=\"color: #000000;\"><strong>Sofern durch einzelne von uns eingesetzte Cookies auch personenbezogene Daten verarbeitet werden, erfolgt die Verarbeitung gem\u00e4\u00df Art. 6 Abs. 1 lit. b DSGVO entweder zur Durchf\u00fchrung des Vertrages, gem\u00e4\u00df Art. 6 Abs. 1 lit. a DSGVO im Falle einer erteilten Einwilligung oder gem\u00e4\u00df Art. 6 Abs. 1 lit. f DSGVO zur Wahrung unserer berechtigten Interessen an der bestm\u00f6glichen Funktionalit\u00e4t der Website sowie einer kundenfreundlichen und effektiven Ausgestaltung des Seitenbesuchs.<\/strong><\/span><br \/><span style=\"color: #000000;\"><strong>Sie k\u00f6nnen Ihren Browser so einstellen, dass Sie \u00fcber das Setzen von Cookies informiert werden und einzeln \u00fcber deren Annahme entscheiden oder die Annahme von Cookies f\u00fcr bestimmte F\u00e4lle oder generell ausschlie\u00dfen k\u00f6nnen.<\/strong><\/span><br \/><span style=\"color: #000000;\"><strong>Bitte beachten Sie, dass bei Nichtannahme von Cookies die Funktionalit\u00e4t unserer Website eingeschr\u00e4nkt sein kann.<\/strong><\/span><\/p><p><span style=\"color: #000000;\"><strong>4) Kontaktaufnahme<\/strong><\/span><br \/><span style=\"color: #000000;\"><strong>4.1 WhatsApp-Business<\/strong><\/span><br \/><span style=\"color: #000000;\"><strong>Sie haben die M\u00f6glichkeit, mit uns \u00fcber den Nachrichtendienst WhatsApp der WhatsApp Ireland Limited, 4 Grand Canal Square, Grand Canal Harbour, Dublin 2, Irland, in Kontakt zu treten. Hierf\u00fcr verwenden wir die sog. \u201eBusiness-Version\u201c von WhatsApp.<\/strong><\/span><br \/><span style=\"color: #000000;\"><strong>Sofern Sie uns anl\u00e4sslich eines konkreten Gesch\u00e4fts (beispielsweise einer get\u00e4tigten Bestellung) per WhatsApp kontaktieren, speichern und verwenden wir die von Ihnen bei WhatsApp genutzte Mobilfunknummer sowie \u2013 falls bereitgestellt \u2013 Ihren Vor- und Nachnamen gem\u00e4\u00df Art. 6 Abs. 1 lit. b. DSGVO zur Bearbeitung und Beantwortung Ihres Anliegens. Auf Basis derselben Rechtsgrundlage werden wir Sie per WhatsApp gegebenenfalls um die Bereitstellung weiterer Daten (Bestellnummer, Kundennummer, Anschrift oder E-Mailadresse) bitten, um Ihre Anfrage einem bestimmten Vorgang zuordnen zu k\u00f6nnen.<\/strong><\/span><br \/><span style=\"color: #000000;\"><strong>Nutzen Sie unseren WhatsApp-Kontakt f\u00fcr allgemeine Anfragen (etwa zum Leistungsspektrum, zu Verf\u00fcgbarkeiten oder zu unserem Internetauftritt) speichern und verwenden wir die von Ihnen bei WhatsApp genutzte Mobilfunknummer sowie \u2013 falls bereitgestellt \u2013 Ihren Vor- und Nachnamen gem\u00e4\u00df Art. 6 Abs. 1 lit. f DSGVO auf Basis unseres berechtigten Interesses an der effizienten und zeitnahen Bereitstellung der gew\u00fcnschten Informationen.<\/strong><\/span><br \/><span style=\"color: #000000;\"><strong>Ihre Daten werden stets nur zur Beantwortung Ihres Anliegens per WhatsApp verwendet. Eine Weitergabe an Dritte findet nicht statt.<\/strong><\/span><br \/><span style=\"color: #000000;\"><strong>Bitte beachten Sie, dass WhatsApp Business Zugriff auf das Adressbuch des von uns hierf\u00fcr verwendeten mobilen Endger\u00e4ts erh\u00e4lt und im Adressbuch gespeicherte Telefonnummern automatisch an einen Server des Mutterkonzerns Meta Platforms Inc. in den USA \u00fcbertr\u00e4gt. F\u00fcr den Betrieb unseres WhatsApp-Business-Kontos verwenden wir ein mobiles Endger\u00e4t, in dessen Adressbuch ausschlie\u00dflich die WhatsApp-Kontaktdaten solcher Nutzer gespeichert werden, die mit uns per WhatsApp auch in Kontakt getreten sind.<\/strong><\/span><br \/><span style=\"color: #000000;\"><strong>Hierdurch wird sichergestellt, dass jede Person, deren WhatsApp- Kontaktdaten in unserem Adressbuch gespeichert sind, bereits bei erstmaliger Nutzung der App auf seinem Ger\u00e4t durch Akzeptanz der WhatsApp-Nutzungsbedingungen in die \u00dcbermittlung seiner WhatsApp-Telefonnummer aus den Adressb\u00fcchern seiner Chat-Kontakte gem\u00e4\u00df Art. 6 Abs. 1 lit. a DSGVO eingewilligt hat. Eine \u00dcbermittlung von Daten solcher Nutzer, die WhatsApp nicht verwenden und\/oder uns nicht \u00fcber WhatsApp kontaktiert haben, wird insofern ausgeschlossen.<\/strong><\/span><br \/><span style=\"color: #000000;\"><strong>Zweck und Umfang der Datenerhebung und die weitere Verarbeitung und Nutzung der Daten durch WhatsApp sowie Ihre diesbez\u00fcglichen Rechte und Einstellungsm\u00f6glichkeiten zum Schutz Ihrer Privatsph\u00e4re entnehmen Sie bitte den Datenschutzhinweisen von WhatsApp: https:\/\/www.whatsapp.com\/legal\/?eea=1#privacy-policy<\/strong><\/span><br \/><span style=\"color: #000000;\"><strong>Wir haben mit dem Anbieter einen Auftragsverarbeitungsvertrag geschlossen, der die Daten unserer Seitenbesucher sch\u00fctzt und eine Weitergabe an Dritte untersagt.<\/strong><\/span><br \/><span style=\"color: #000000;\"><strong>Im Rahmen der oben genannten Verarbeitungen kann es zu Daten\u00fcbertragungen an Server von Meta Platforms Inc. in den USA kommen.<\/strong><\/span><br \/><span style=\"color: #000000;\"><strong>F\u00fcr Daten\u00fcbermittlungen in die USA hat sich der Anbieter dem EU-US-Datenschutzrahmen (EU-US Data Privacy Framework) angeschlossen, das auf Basis eines Angemessenheitsbeschlusses der Europ\u00e4ischen Kommission die Einhaltung des europ\u00e4ischen Datenschutzniveaus sicherstellt.<\/strong><\/span><br \/><span style=\"color: #000000;\"><strong>4.2 Im Rahmen der Kontaktaufnahme mit uns (z.B. per Kontaktformular oder E-Mail) werden \u2013 ausschlie\u00dflich zum Zweck der Bearbeitung und Beantwortung Ihres Anliegens und nur im daf\u00fcr erforderlichen Umfang \u2013 personenbezogene Daten verarbeitet.<\/strong><\/span><br \/><span style=\"color: #000000;\"><strong>Rechtsgrundlage f\u00fcr die Verarbeitung dieser Daten ist unser berechtigtes Interesse an der Beantwortung Ihres Anliegens gem\u00e4\u00df Art. 6 Abs. 1 lit. f DSGVO. Zielt Ihre Kontaktierung auf einen Vertrag ab, so ist zus\u00e4tzliche Rechtsgrundlage f\u00fcr die Verarbeitung Art. 6 Abs. 1 lit. b DSGVO. Ihre Daten werden gel\u00f6scht, wenn sich aus den Umst\u00e4nden entnehmen l\u00e4sst, dass der betroffene Sachverhalt abschlie\u00dfend gekl\u00e4rt ist und sofern keine gesetzlichen Aufbewahrungspflichten entgegenstehen.<\/strong><\/span><\/p><p><span style=\"color: #000000;\"><strong>5) Kommentarfunktion<\/strong><\/span><br \/><span style=\"color: #000000;\"><strong>Im Rahmen der Kommentarfunktion auf dieser Website werden neben Ihrem Kommentar auch Angaben zum Zeitpunkt der Erstellung des Kommentars und der von Ihnen gew\u00e4hlte Kommentatorenname gespeichert und auf dieser Website ver\u00f6ffentlicht. Ferner wird Ihre IP-Adresse mitprotokolliert und gespeichert. Diese Speicherung der IP-Adresse erfolgt aus Sicherheitsgr\u00fcnden und f\u00fcr den Fall, dass die betroffene Person durch einen abgegebenen Kommentar die Rechte Dritter verletzt oder rechtswidrige Inhalte postet. Ihre E-Mailadresse ben\u00f6tigen wir, um mit Ihnen in Kontakt zu treten, falls ein Dritter Ihren ver\u00f6ffentlichten Inhalt als rechtswidrig beanstanden sollte.<\/strong><\/span><br \/><span style=\"color: #000000;\"><strong>Rechtsgrundlagen f\u00fcr die Speicherung Ihrer Daten sind die Art. 6 Abs. 1 lit. b und f DSGVO. Wir behalten uns vor, Kommentare zu l\u00f6schen, wenn sie von Dritten als rechtswidrig beanstandet werden.<\/strong><\/span><\/p><p><span style=\"color: #000000;\"><strong>6) Datenverarbeitung bei Er\u00f6ffnung eines Kundenkontos<\/strong><\/span><br \/><span style=\"color: #000000;\"><strong>Gem\u00e4\u00df Art. 6 Abs. 1 lit. b DSGVO werden personenbezogene Daten im jeweils erforderlichen Umfang weiterhin erhoben und verarbeitet, wenn Sie uns diese bei der Er\u00f6ffnung eines Kundenkontos mitteilen. Welche Daten f\u00fcr die Kontoer\u00f6ffnung erforderlich sind, entnehmen Sie der Eingabemaske des entsprechenden Formulars auf unserer Website.<\/strong><\/span><br \/><span style=\"color: #000000;\"><strong>Eine L\u00f6schung Ihres Kundenkontos ist jederzeit m\u00f6glich und kann durch eine Nachricht an die o.g. Adresse des Verantwortlichen erfolgen. Nach L\u00f6schung Ihres Kundenkontos werden Ihre Daten gel\u00f6scht, sofern alle dar\u00fcber geschlossenen Vertr\u00e4ge vollst\u00e4ndig abgewickelt sind, keine gesetzlichen Aufbewahrungsfristen entgegenstehen und unsererseits kein berechtigtes Interesse an der Weiterspeicherung fortbesteht.<\/strong><\/span><\/p><p><span style=\"color: #000000;\"><strong>7) Nutzung von Kundendaten zur Direktwerbung<\/strong><\/span><br \/><span style=\"color: #000000;\"><strong>7.1 Versand des E-Mail-Newsletters an Bestandskunden<\/strong><\/span><br \/><span style=\"color: #000000;\"><strong>Wenn Sie uns Ihre E-Mailadresse beim Kauf von Waren bzw. Dienstleistungen zur Verf\u00fcgung gestellt haben, behalten wir uns vor, Ihnen regelm\u00e4\u00dfig Angebote zu \u00e4hnlichen Waren bzw. Dienstleistungen, wie den bereits gekauften, aus unserem Sortiment per E-Mail zuzusenden. Hierf\u00fcr m\u00fcssen wir gem\u00e4\u00df \u00a7 7 Abs. 3 UWG keine gesonderte Einwilligung von Ihnen einholen. Die Datenverarbeitung erfolgt insoweit allein auf Basis unseres berechtigten Interesses an personalisierter Direktwerbung gem\u00e4\u00df Art. 6 Abs. 1 lit. f DSGVO. Haben Sie der Nutzung Ihrer E-Mailadresse zu diesem Zweck anf\u00e4nglich widersprochen, findet ein Mailversand unsererseits nicht statt.<\/strong><\/span><br \/><span style=\"color: #000000;\"><strong>Sie sind berechtigt, der Nutzung Ihrer E-Mailadresse zu dem vorbezeichneten Werbezweck jederzeit mit Wirkung f\u00fcr die Zukunft durch eine Mitteilung an den zu Beginn genannten Verantwortlichen zu widersprechen. Hierf\u00fcr fallen f\u00fcr Sie lediglich \u00dcbermittlungskosten nach den Basistarifen an. Nach Eingang Ihres Widerspruchs wird die Nutzung Ihrer E-Mailadresse zu Werbezwecken unverz\u00fcglich eingestellt.<\/strong><\/span><br \/><span style=\"color: #000000;\"><strong>7.2 WhatsApp-Newsletter<\/strong><\/span><br \/><span style=\"color: #000000;\"><strong>Wenn Sie sich zu unserem WhatsApp-Newsletter anmelden, \u00fcbersenden wir Ihnen regelm\u00e4\u00dfig Informationen zu unseren Angeboten per WhatsApp. Pflichtangabe f\u00fcr die \u00dcbersendung des Newsletters ist allein Ihre Mobilfunknummer.<\/strong><\/span><br \/><span style=\"color: #000000;\"><strong>F\u00fcr den Versand des Newsletters nehmen Sie unsere mitgeteilte Mobilfunknummer in die Adress-Kontakte Ihres Mobilfunkger\u00e4ts auf und senden uns die Nachricht \u201eStart\u201c per WhatsApp. Mit der \u00dcbersendung dieser WhatsApp-Nachricht erteilen Sie uns Ihre Einwilligung f\u00fcr die Nutzung Ihrer personenbezogenen Daten gem\u00e4\u00df Art. 6 Abs. 1 lit. a DSGVO zum Zwecke der Newslette\u00fcbersendung. Wir nehmen Sie sodann in unseren Newsletter-Verteiler auf.<\/strong><\/span><br \/><span style=\"color: #000000;\"><strong>Die von uns bei der Anmeldung zum Newsletter erhobenen Daten werden ausschlie\u00dflich f\u00fcr Zwecke der werblichen Ansprache im Wege des Newsletters verarbeitet. Sie k\u00f6nnen jederzeit den Newsletter abmelden, indem Sie uns die Nachricht \u201eStop\u201c per WhatsApp senden. Nach erfolgter Abmeldung wird Ihre Mobilfunknummer unverz\u00fcglich in unserem Newsletter-Verteiler gel\u00f6scht, soweit Sie nicht ausdr\u00fccklich in eine weitere Nutzung Ihrer Daten eingewilligt haben oder wir uns eine dar\u00fcberhinausgehende Datenverwendung vorbehalten, die gesetzlich erlaubt ist und \u00fcber die wir Sie in dieser Erkl\u00e4rung informieren.<\/strong><\/span><br \/><span style=\"color: #000000;\"><strong>Bitte beachten Sie, dass WhatsApp Business Zugriff auf das Adressbuch des von uns hierf\u00fcr verwendeten mobilen Endger\u00e4ts erh\u00e4lt und im Adressbuch gespeicherte Telefonnummern automatisch an einen Server des Mutterkonzerns Meta Platforms Inc. in den USA \u00fcbertr\u00e4gt.<\/strong><\/span><br \/><span style=\"color: #000000;\"><strong>F\u00fcr den Versand unseres WhatsApp-Newsletters verwenden wir daher ein mobiles Endger\u00e4t, in dessen Adressbuch ausschlie\u00dflich die WhatsApp-Kontaktdaten unserer Newsletter-Empf\u00e4nger gespeichert werden. Hierdurch wird sichergestellt, dass jede Person, deren WhatsApp- Kontaktdaten in unserem Adressbuch gespeichert sind, bereits bei erstmaliger Nutzung der App auf seinem Ger\u00e4t durch Akzeptanz der WhatsApp-Nutzungsbedingungen in die \u00dcbermittlung seiner WhatsApp-Telefonnummer aus den Adressb\u00fcchern seiner Chat-Kontakte gem\u00e4\u00df Art. 6 Abs. 1 lit. a DSGVO eingewilligt hat. Eine \u00dcbermittlung von Daten solcher Nutzer, die WhatsApp nicht verwenden und\/oder uns nicht \u00fcber WhatsApp kontaktiert haben, wird insofern ausgeschlossen.<\/strong><\/span><br \/><span style=\"color: #000000;\"><strong>Zweck und Umfang der Datenerhebung und die weitere Verarbeitung und Nutzung der Daten durch WhatsApp sowie Ihre diesbez\u00fcglichen Rechte und Einstellungsm\u00f6glichkeiten zum Schutz Ihrer Privatsph\u00e4re entnehmen Sie bitte den Datenschutzhinweisen von WhatsApp: https:\/\/www.whatsapp.com\/legal\/?eea=1#privacy-policy<\/strong><\/span><br \/><span style=\"color: #000000;\"><strong>Wir haben mit WhatsApp einen Auftragsverarbeitungsvertrag geschlossen, der die Daten unserer Newsletter-Empf\u00e4nger sch\u00fctzt und eine Weitergabe an Dritte untersagt.<\/strong><\/span><br \/><span style=\"color: #000000;\"><strong>Im Rahmen der oben genannten Verarbeitungen kann es zu Daten\u00fcbertragungen an Server von Meta Platforms Inc. in den USA kommen.<\/strong><\/span><br \/><span style=\"color: #000000;\"><strong>F\u00fcr Daten\u00fcbermittlungen in die USA hat sich der Anbieter dem EU-US-Datenschutzrahmen (EU-US Data Privacy Framework) angeschlossen, das auf Basis eines Angemessenheitsbeschlusses der Europ\u00e4ischen Kommission die Einhaltung des europ\u00e4ischen Datenschutzniveaus sicherstellt.<\/strong><\/span><\/p><p><span style=\"color: #000000;\"><strong>8) Datenverarbeitung zur Bestellabwicklung<\/strong><\/span><br \/><span style=\"color: #000000;\"><strong>8.1 \u00dcbermittlung von Bilddateien zur Bestellabwicklung per E-Mail<\/strong><\/span><br \/><span style=\"color: #000000;\"><strong>Auf unserer Website bieten wir Kunden die M\u00f6glichkeit, durch die \u00dcbermittlung von Bilddateien per E-Mail die Personalisierung von Produkten zu beauftragen. Dabei wird das eingereichte Bildmotiv als Vorlage f\u00fcr die Personalisierung des gew\u00e4hlten Produktes verwendet.<\/strong><\/span><br \/><span style=\"color: #000000;\"><strong>\u00dcber die auf der Website mitgeteilte Mailadresse kann der Kunde eine oder mehrere Bilddateien aus dem Speicher des verwendeten Endger\u00e4tes an uns \u00fcbermitteln. Wir erfassen, speichern und verwenden die so \u00fcbermittelten Dateien daraufhin ausschlie\u00dflich zur Anfertigung des personalisierten Produktes im Sinne der jeweiligen Leistungsbeschreibung auf unserer Website. Sofern die \u00fcbermittelten Bilddateien zur Anfertigung und Abwicklung der Bestellung an spezielle Dienstleister weitergegeben werden, werden Sie hier\u00fcber in den folgenden Abs\u00e4tzen explizit informiert. Eine dar\u00fcberhinausgehende Weitergabe erfolgt nicht. Sofern die \u00fcbermittelten Dateien bzw. die digitalen Motive personenbezogene Daten (insbesondere Abbildungen von identifizierbaren Personen) enthalten, erfolgen s\u00e4mtliche soeben benannten Verarbeitungsvorg\u00e4nge ausschlie\u00dflich zum Zwecke der Abwicklung Ihrer Online-Bestellung gem\u00e4\u00df Art. 6 Abs. 1 lit. b DSGVO.<\/strong><\/span><br \/><span style=\"color: #000000;\"><strong>Nach abschlie\u00dfender Abwicklung der Bestellung werden die \u00fcbermittelten Bilddateien automatisch und vollst\u00e4ndig gel\u00f6scht.<\/strong><\/span><br \/><span style=\"color: #000000;\"><strong>8.2 \u00dcbermittlung von Bilddateien zur Bestellabwicklung per Nachrichten-Funktion<\/strong><\/span><br \/><span style=\"color: #000000;\"><strong>Hat der Kunde die M\u00f6glichkeit, durch die \u00dcbermittlung von Bilddateien \u00fcber die Nachrichten-Funktion die Personalisierung von Produkten zu beauftragen, wird das eingereichte Bildmotiv als Vorlage f\u00fcr die Personalisierung des gew\u00e4hlten Produktes verwendet.<\/strong><\/span><br \/><span style=\"color: #000000;\"><strong>\u00dcber die vorhandene Nachrichtenfunktion kann der Kunde eine oder mehrere Bilddateien aus dem Speicher des verwendeten Endger\u00e4tes an uns \u00fcbermitteln. Wir erfassen, speichern und verwenden die so \u00fcbermittelten Dateien daraufhin ausschlie\u00dflich zur Anfertigung des personalisierten Produktes im Sinne der jeweiligen Beschreibung unserer Leistungen.<\/strong><\/span><br \/><span style=\"color: #000000;\"><strong>Sofern die \u00fcbermittelten Bilddateien zur Anfertigung und Abwicklung der Bestellung an spezielle Dienstleister weitergegeben werden, werden Sie hier\u00fcber in den folgenden Abs\u00e4tzen explizit informiert. Eine dar\u00fcberhinausgehende Weitergabe erfolgt nicht. Sofern die \u00fcbermittelten Dateien bzw. die digitalen Motive personenbezogene Daten (insbesondere Abbildungen von identifizierbaren Personen) enthalten, erfolgen s\u00e4mtliche soeben benannten Verarbeitungsvorg\u00e4nge ausschlie\u00dflich zum Zwecke der Abwicklung Ihrer Online-Bestellung gem\u00e4\u00df Art. 6 Abs. 1 lit. b DSGVO.<\/strong><\/span><br \/><span style=\"color: #000000;\"><strong>Nach abschlie\u00dfender Abwicklung der Bestellung werden die \u00fcbermittelten Bilddateien automatisch und vollst\u00e4ndig gel\u00f6scht.<\/strong><\/span><br \/><span style=\"color: #000000;\"><strong>8.3 Soweit f\u00fcr die Vertragsabwicklung zu Liefer- und Zahlungszwecken erforderlich, werden die von uns erhobenen personenbezogenen Daten gem\u00e4\u00df Art. 6 Abs. 1 lit. b DSGVO an das beauftragte Transportunternehmen und das beauftragte Kreditinstitut weitergegeben.<\/strong><\/span><br \/><span style=\"color: #000000;\"><strong>Sofern wir Ihnen auf Grundlage eines entsprechenden Vertrages Aktualisierungen f\u00fcr Waren mit digitalen Elementen oder f\u00fcr digitale Produkte schulden, verarbeiten wir die von Ihnen bei der Bestellung \u00fcbermittelten Kontaktdaten, um Sie im Rahmen unserer gesetzlichen Informationspflichten gem\u00e4\u00df Art. 6 Abs. 1 lit. c DSGVO pers\u00f6nlich zu informieren. Ihre Kontaktdaten werden hierbei streng zweckgebunden f\u00fcr Mitteilungen \u00fcber von uns geschuldete Aktualisierungen verwendet und zu diesem Zweck durch uns nur insoweit verarbeitet, wie dies f\u00fcr die jeweilige Information erforderlich ist.<\/strong><\/span><br \/><span style=\"color: #000000;\"><strong>Zur Abwicklung Ihrer Bestellung arbeiten wir ferner mit dem \/ den nachstehenden Dienstleister(n) zusammen, die uns ganz oder teilweise bei der Durchf\u00fchrung geschlossener Vertr\u00e4ge unterst\u00fctzen. An diese Dienstleister werden nach Ma\u00dfgabe der folgenden Informationen gewisse personenbezogene Daten \u00fcbermittelt.<\/strong><\/span><br \/><span style=\"color: #000000;\"><strong>8.4 Verwendung von Paymentdienstleistern (Zahlungsdiensten)<\/strong><\/span><br \/><span style=\"color: #000000;\"><strong>&#8211; Paypal<\/strong><\/span><br \/><span style=\"color: #000000;\"><strong>Auf dieser Website stehen eine oder mehrere Online-Zahlungsarten des folgenden Anbieters zur Verf\u00fcgung: PayPal (Europe) S.a.r.l. et Cie, S.C.A., 22-24 Boulevard Royal, L-2449 Luxemburg<\/strong><\/span><br \/><span style=\"color: #000000;\"><strong>Bei Auswahl einer Zahlungsart des Anbieters, bei der Sie in Vorleistung gehen, werden an diesen Ihre im Rahmen des Bestellvorgangs mitgeteilten Zahlungsdaten (darunter Name, Anschrift, Bank- und Zahlkarteninformationen, W\u00e4hrung und Transaktionsnummer) sowie Informationen \u00fcber den Inhalt Ihrer Bestellung gem\u00e4\u00df Art. 6 Abs. 1 lit. b DSGVO weitergegeben. Die Weitergabe Ihrer Daten erfolgt in diesem Falle ausschlie\u00dflich zum Zweck der Zahlungsabwicklung mit dem Anbieter und nur insoweit, als sie hierf\u00fcr erforderlich ist.<\/strong><\/span><br \/><span style=\"color: #000000;\"><strong>Bei Auswahl einer Zahlungsart, bei der wir in Vorleistung gehen, werden Sie im Bestellablauf auch aufgefordert, bestimmte pers\u00f6nliche Daten (Vor- und Nachname, Stra\u00dfe, Hausnummer, Postleitzahl, Ort, Geburtsdatum, E-Mail-Adresse, Telefonnummer, ggf. Daten zu einem alternativen Zahlungsmittel) anzugeben.<\/strong><\/span><br \/><span style=\"color: #000000;\"><strong>Um in solchen F\u00e4llen unser berechtigtes Interesse an der Feststellung Ihrer Zahlungsf\u00e4higkeit zu wahren, werden diese Daten von uns gem\u00e4\u00df Art. 6 Abs. 1 lit. f DSGVO zum Zwecke einer Bonit\u00e4tspr\u00fcfung an den Anbieter weitergeleitet. Der Anbieter pr\u00fcft auf Basis der von Ihnen angegebenen pers\u00f6nlichen Daten sowie weiterer Daten (wie etwa Warenkorb, Rechnungsbetrag, Bestellhistorie, Zahlungserfahrungen), ob die von Ihnen ausgew\u00e4hlte Zahlungsm\u00f6glichkeit im Hinblick auf Zahlungs- und\/oder Forderungsausfallrisiken gew\u00e4hrt werden kann.<\/strong><\/span><br \/><span style=\"color: #000000;\"><strong>Die Bonit\u00e4tsauskunft kann Wahrscheinlichkeitswerte enthalten (sog. Score-Werte). Soweit Score-Werte in das Ergebnis der Bonit\u00e4tsauskunft einflie\u00dfen, haben sie ihre Grundlage in einem wissenschaftlich anerkannten mathematisch-statistischen Verfahren. In die Berechnung der Score-Werte flie\u00dfen unter anderem, aber nicht ausschlie\u00dflich, Anschriftendaten ein.<\/strong><\/span><br \/><span style=\"color: #000000;\"><strong>Sie k\u00f6nnen dieser Verarbeitung Ihrer Daten jederzeit durch eine Nachricht an uns oder gegen\u00fcber dem Anbieter widersprechen. Jedoch bleibt der Anbieter ggf. weiterhin berechtigt, Ihre personenbezogenen Daten zu verarbeiten, sofern dies zur vertragsgem\u00e4\u00dfen Zahlungsabwicklung erforderlich ist.<\/strong><\/span><br \/><span style=\"color: #000000;\"><strong>&#8211; SOFORT<\/strong><\/span><br \/><span style=\"color: #000000;\"><strong>Auf dieser Website stehen eine oder mehrere Online-Zahlungsarten des folgenden Anbieters zur Verf\u00fcgung: SOFORT GmbH, Theresienh\u00f6he 12, 80339 M\u00fcnchen, Deutschland<\/strong><\/span><br \/><span style=\"color: #000000;\"><strong>Bei Auswahl einer Zahlungsart des Anbieters, bei der Sie in Vorleistung gehen (etwa Kreditkartenzahlung), werden an diesen Ihre im Rahmen des Bestellvorgangs mitgeteilten Zahlungsdaten (darunter Name, Anschrift, Bank- und Zahlkarteninformationen, W\u00e4hrung und Transaktionsnummer) sowie Informationen \u00fcber den Inhalt Ihrer Bestellung gem\u00e4\u00df Art. 6 Abs. 1 lit. b DSGVO weitergegeben. Die Weitergabe Ihrer Daten erfolgt in diesem Falle ausschlie\u00dflich zum Zweck der Zahlungsabwicklung mit dem Anbieter und nur insoweit, als sie hierf\u00fcr erforderlich ist.<\/strong><\/span><\/p><p><span style=\"color: #000000;\"><strong>9) Online-Marketing<\/strong><\/span><br \/><span style=\"color: #000000;\"><strong>Google AdSense<\/strong><\/span><br \/><span style=\"color: #000000;\"><strong>Diese Website benutzt Google AdSense, einen Webanzeigendienst Google Ireland Limited, Gordon House, 4 Barrow St, Dublin, D04 E5W5, Irland (&#8222;Google&#8220;). Google AdSense verwendet sog. Cookies, also Textdateien, die auf Ihrem Computer gespeichert werden und die eine Analyse der Benutzung der Website durch Sie erm\u00f6glichen. Dar\u00fcber hinaus verwendet Google AdSense zur Sammlung von Informationen auch sog. &#8222;Web-Beacons&#8220; (kleine unsichtbare Grafiken), durch deren Verwendung einfache Aktionen wie der Besucherverkehr auf der Website aufgezeichnet, gesammelt und ausgewertet werden k\u00f6nnen. Die durch das Cookie und\/ oder Web-Beacon erzeugten Informationen (einschlie\u00dflich Ihrer IP-Adresse) \u00fcber Ihre Benutzung dieser Website werden in der Regel an einen Server von Google \u00fcbertragen und dort gespeichert. Hierbei kann es auch zu einer \u00dcbermittlung an die Server der Google LLC. in den USA kommen.<\/strong><\/span><br \/><span style=\"color: #000000;\"><strong>Google benutzt die so erhaltenen Informationen, um eine Auswertung Ihres Nutzungsverhaltens im Hinblick auf die AdSense-Anzeigen durchzuf\u00fchren. Die im Rahmen von Google AdSense von Ihrem Browser \u00fcbermittelte IP-Adresse wird nicht mit anderen Daten von Google zusammengef\u00fchrt. Die von Google erhobenen Informationen werden unter Umst\u00e4nden an Dritte \u00fcbertragen, sofern dies gesetzlich vorgeschrieben ist und\/ oder soweit Dritte diese Daten im Auftrag von Google verarbeiten.<\/strong><\/span><br \/><span style=\"color: #000000;\"><strong>Alle oben beschriebenen Verarbeitungen, insbesondere Auslesen von Informationen auf dem verwendeten Endger\u00e4t \u00fcber Cookies und\/oder Web-Beacons, werden nur dann vollzogen, wenn Sie uns gem\u00e4\u00df Art. 6 Abs. 1 lit. a DSGVO dazu Ihre ausdr\u00fcckliche Einwilligung erteilt haben. Ohne diese Einwilligungserteilung unterbleibt der Einsatz von Google AdSense w\u00e4hrend Ihres Seitenbesuchs.<\/strong><\/span><br \/><span style=\"color: #000000;\"><strong>Sie k\u00f6nnen Ihre erteilte Einwilligung jederzeit mit Wirkung f\u00fcr die Zukunft widerrufen, indem Sie diesen Dienst in dem auf der Webseite bereitgestellten \u201eCookie-Consent-Tool\u201c deaktivieren.<\/strong><\/span><br \/><span style=\"color: #000000;\"><strong>F\u00fcr Daten\u00fcbermittlungen in die USA hat sich der Anbieter dem EU-US-Datenschutzrahmen (EU-US Data Privacy Framework) angeschlossen, das auf Basis eines Angemessenheitsbeschlusses der Europ\u00e4ischen Kommission die Einhaltung des europ\u00e4ischen Datenschutzniveaus\u00a0sicherstellt.<\/strong><\/span><br \/><span style=\"color: #000000;\"><strong>Weitere Hinweise zu den Datenschutzbestimmungen von Google sind hier einsehbar: https:\/\/business.safety.google\/intl\/de\/privacy\/ und https:\/\/www.google.de\/policies\/privacy\/<\/strong><\/span><\/p><p><span style=\"color: #000000;\"><strong>10) Webanalysedienste<\/strong><\/span><br \/><span style=\"color: #000000;\"><strong>10.1 Google (Universal) Analytics<\/strong><\/span><br \/><span style=\"color: #000000;\"><strong>Diese Website benutzt Google (Universal) Analytics, einen Webanalysedienst der Google Ireland Limited, Gordon House, 4 Barrow St, Dublin, D04 E5W5, Irland (&#8222;Google&#8220;), der eine Analyse Ihrer Benutzung unserer Website erm\u00f6glicht.<\/strong><\/span><br \/><span style=\"color: #000000;\"><strong>Standardm\u00e4\u00dfig werden beim Besuch der Website durch Google (Universal) Analytics Cookies gesetzt, die als kleine Textbausteine auf Ihrem Endger\u00e4t abgelegt werden und bestimmte Informationen erheben. Zum Umfang dieser Informationen geh\u00f6rt auch Ihre IP-Adresse, die allerdings von Google um die letzten Ziffern gek\u00fcrzt wird, um eine direkte Personenbeziehbarkeit auszuschlie\u00dfen.<\/strong><\/span><br \/><span style=\"color: #000000;\"><strong>Die Informationen werden an Server von Google \u00fcbertragen und dort weiterverarbeitet. Dabei sind auch \u00dcbermittlungen an Google LLC mit Sitz in den USA m\u00f6glich.<\/strong><\/span><br \/><span style=\"color: #000000;\"><strong>Google nutzt die erhobenen Informationen in unserem Auftrag, um Ihre Nutzung der Website auszuwerten, Reports \u00fcber die Websiteaktivit\u00e4ten f\u00fcr uns zusammenzustellen und um weitere mit der Websitenutzung und der Internetnutzung verbundene Dienstleistungen zu erbringen. Die im Rahmen von Google Analytics von Ihrem Browser \u00fcbermittelte und gek\u00fcrzte IP-Adresse wird nicht mit anderen Daten von Google zusammengef\u00fchrt. Die im Rahmen der Nutzung von Google (Universal) Analytics erhobenen Daten werden f\u00fcr die Dauer von zwei Monaten gespeichert und anschlie\u00dfend gel\u00f6scht.<\/strong><\/span><br \/><span style=\"color: #000000;\"><strong>Alle vorstehend beschriebenen Verarbeitungen, insbesondere das Setzen von Cookies auf dem verwendeten Endger\u00e4t, erfolgen nur, wenn Sie uns hierf\u00fcr Ihre ausdr\u00fcckliche Einwilligung gem. Art. 6 Abs. 1 lit. a DSGVO erteilt haben.<\/strong><\/span><br \/><span style=\"color: #000000;\"><strong>Ohne Ihre Einwilligung unterbleibt der Einsatz von Google (Universal) Analytics w\u00e4hrend Ihres Seitenbesuchs. Sie k\u00f6nnen Ihre erteilte Einwilligung mit Wirkung f\u00fcr die Zukunft jederzeit widerrufen. Um Ihr Widerrufsrecht auszu\u00fcben, deaktivieren Sie bitte diesen Dienst \u00fcber das auf der Website bereitgestellte \u201eCookie-Consent-Tool\u201c.<\/strong><\/span><br \/><span style=\"color: #000000;\"><strong>Wir haben mit Google einen Auftragsverarbeitungsvertrag geschlossen, der den Schutz der Daten unserer Seitenbesucher sicherstellt und eine unberechtigte Weitergabe an Dritte untersagt.<\/strong><\/span><br \/><span style=\"color: #000000;\"><strong>Weitere rechtliche Hinweise zu Google (Universal) Analytics finden Sie unter https:\/\/business.safety.google\/intl\/de\/privacy\/, https:\/\/policies.google.com\/privacy?hl=de&amp;gl=de und unter https:\/\/policies.google.com\/technologies\/partner-sites<\/strong><\/span><br \/><span style=\"color: #000000;\"><strong>Demografische Merkmale<\/strong><\/span><br \/><span style=\"color: #000000;\"><strong>Google (Universal) Analytics nutzt die spezielle Funktion \u201edemografische Merkmale\u201c und kann dar\u00fcber Statistiken erstellen, die Aussagen \u00fcber das Alter, Geschlecht und Interessen von Seitenbesuchern treffen. Dies geschieht durch die Analyse von Werbung und Informationen von Drittanbietern. Dadurch k\u00f6nnen Zielgruppen f\u00fcr Marketingaktivit\u00e4ten identifiziert werden. Die gesammelten Daten k\u00f6nnen jedoch keiner bestimmten Person zugeordnet werden und werden nach einer Speicherung f\u00fcr die Dauer von zwei Monaten gel\u00f6scht.<\/strong><\/span><br \/><span style=\"color: #000000;\"><strong>Google Signals<\/strong><\/span><br \/><span style=\"color: #000000;\"><strong>Als Erweiterung zu Google (Universal) Analytics kann auf dieser Website Google Signals verwendet werden, um ger\u00e4te\u00fcbergreifende Berichte erstellen zu lassen. Wenn Sie personalisierte Anzeigen aktiviert haben und Ihre Ger\u00e4te mit Ihrem Google-Konto verkn\u00fcpft haben, kann Google vorbehaltlich Ihrer Einwilligung zur Nutzung von Google Analytics gem. Art. 6 Abs. 1 lit. a DSGVO Ihr Nutzungsverhalten ger\u00e4te\u00fcbergreifend analysieren und Datenbankmodelle, unter anderem zu ger\u00e4te\u00fcbergreifenden Conversions, erstellen. Wir erhalten keine personenbezogenen Daten von Google, sondern nur Statistiken. Wenn Sie die ger\u00e4te\u00fcbergreifende Analyse stoppen m\u00f6chten, k\u00f6nnen Sie die Funktion &#8222;Personalisierte Werbung&#8220; in den Einstellungen Ihres Google-Kontos deaktivieren. Folgen Sie dazu den Anweisungen auf dieser Seite: https:\/\/support.google.com\/ads\/answer\/2662922?hl=de Weitere Informationen zu Google Signals finden Sie unter folgendem Link: https:\/\/support.google.com\/analytics\/answer\/7532985?hl=de<\/strong><\/span><br \/><span style=\"color: #000000;\"><strong>UserIDs<\/strong><\/span><br \/><span style=\"color: #000000;\"><strong>Als Erweiterung zu Google (Universal) Analytics kann auf dieser Website die Funktion &#8222;UserIDs&#8220; verwendet werden. Wenn Sie in die Nutzung von Google (Universal) Analytics gem. Art. 6 Abs. 1 lit. a DSGVO eingewilligt, ein Konto auf dieser Website eingerichtet haben und sich auf verschiedenen Ger\u00e4ten mit diesem Konto anmelden, k\u00f6nnen Ihre Aktivit\u00e4ten, darunter auch Conversions, ger\u00e4te\u00fcbergreifend analysiert werden.<\/strong><\/span><br \/><span style=\"color: #000000;\"><strong>F\u00fcr Daten\u00fcbermittlungen in die USA hat sich der Anbieter dem EU-US-Datenschutzrahmen (EU-US Data Privacy Framework) angeschlossen, das auf Basis eines Angemessenheitsbeschlusses der Europ\u00e4ischen Kommission die Einhaltung des europ\u00e4ischen Datenschutzniveaus\u00a0sicherstellt.<\/strong><\/span><br \/><span style=\"color: #000000;\"><strong>10.2 Google Analytics 4<\/strong><\/span><br \/><span style=\"color: #000000;\"><strong>Diese Website benutzt Google Analytics 4, einen Webanalysedienst der Google Ireland Limited, Gordon House, 4 Barrow St, Dublin, D04 E5W5, Irland (&#8222;Google&#8220;), der eine Analyse Ihrer Benutzung unserer Website erm\u00f6glicht.<\/strong><\/span><br \/><span style=\"color: #000000;\"><strong>Standardm\u00e4\u00dfig werden beim Besuch der Website durch Google Analytics 4 Cookies gesetzt, die als kleine Textbausteine auf Ihrem Endger\u00e4t abgelegt werden und bestimmte Informationen erheben. Zum Umfang dieser Informationen geh\u00f6rt auch Ihre IP-Adresse, die allerdings von Google um die letzten Ziffern gek\u00fcrzt wird, um eine direkte Personenbeziehbarkeit auszuschlie\u00dfen.<\/strong><\/span><br \/><span style=\"color: #000000;\"><strong>Die Informationen werden an Server von Google \u00fcbertragen und dort weiterverarbeitet. Dabei sind auch \u00dcbermittlungen an Google LLC mit Sitz in den USA m\u00f6glich.<\/strong><\/span><br \/><span style=\"color: #000000;\"><strong>Google nutzt die erhobenen Informationen in unserem Auftrag, um Ihre Nutzung der Website auszuwerten, Reports \u00fcber die Websiteaktivit\u00e4ten f\u00fcr uns zusammenzustellen und um weitere mit der Websitenutzung und der Internetnutzung verbundene Dienstleistungen zu erbringen. Die im Rahmen von Google Analytics von Ihrem Browser \u00fcbermittelte und gek\u00fcrzte IP-Adresse wird nicht mit anderen Daten von Google zusammengef\u00fchrt. Die im Rahmen der Nutzung von Google Analytics 4 erhobenen Daten werden f\u00fcr die Dauer von zwei Monaten gespeichert und anschlie\u00dfend gel\u00f6scht.<\/strong><\/span><br \/><span style=\"color: #000000;\"><strong>Alle vorstehend beschriebenen Verarbeitungen, insbesondere das Setzen von Cookies auf dem verwendeten Endger\u00e4t, erfolgen nur, wenn Sie uns hierf\u00fcr Ihre ausdr\u00fcckliche Einwilligung gem. Art. 6 Abs. 1 lit. a DSGVO erteilt haben.<\/strong><\/span><br \/><span style=\"color: #000000;\"><strong>Ohne Ihre Einwilligung unterbleibt der Einsatz von Google Analytics 4 w\u00e4hrend Ihres Seitenbesuchs. Sie k\u00f6nnen Ihre erteilte Einwilligung mit Wirkung f\u00fcr die Zukunft jederzeit widerrufen. Um Ihr Widerrufsrecht auszu\u00fcben, deaktivieren Sie bitte diesen Dienst \u00fcber das auf der Website bereitgestellte \u201eCookie-Consent-Tool\u201c.<\/strong><\/span><br \/><span style=\"color: #000000;\"><strong>Wir haben mit Google einen Auftragsverarbeitungsvertrag geschlossen, der den Schutz der Daten unserer Seitenbesucher sicherstellt und eine unberechtigte Weitergabe an Dritte untersagt.<\/strong><\/span><br \/><span style=\"color: #000000;\"><strong>Weitere rechtliche Hinweise zu Google Analytics 4 finden Sie unter https:\/\/business.safety.google\/intl\/de\/privacy\/, https:\/\/policies.google.com\/privacy?hl=de&amp;gl=de und unter https:\/\/policies.google.com\/technologies\/partner-sites<\/strong><\/span><\/p><p><span style=\"color: #000000;\"><strong>Demografische Merkmale<\/strong><\/span><br \/><span style=\"color: #000000;\"><strong>Google Analytics 4 nutzt die spezielle Funktion \u201edemografische Merkmale\u201c und kann dar\u00fcber Statistiken erstellen, die Aussagen \u00fcber das Alter, Geschlecht und Interessen von Seitenbesuchern treffen. Dies geschieht durch die Analyse von Werbung und Informationen von Drittanbietern. Dadurch k\u00f6nnen Zielgruppen f\u00fcr Marketingaktivit\u00e4ten identifiziert werden. Die gesammelten Daten k\u00f6nnen jedoch keiner bestimmten Person zugeordnet werden und werden nach einer Speicherung f\u00fcr die Dauer von zwei Monaten gel\u00f6scht.<\/strong><\/span><br \/><span style=\"color: #000000;\"><strong>Google Signals<\/strong><\/span><br \/><span style=\"color: #000000;\"><strong>Als Erweiterung zu Google Analytics 4 kann auf dieser Website Google Signals verwendet werden, um ger\u00e4te\u00fcbergreifende Berichte erstellen zu lassen. Wenn Sie personalisierte Anzeigen aktiviert haben und Ihre Ger\u00e4te mit Ihrem Google-Konto verkn\u00fcpft haben, kann Google vorbehaltlich Ihrer Einwilligung zur Nutzung von Google Analytics gem. Art. 6 Abs. 1 lit. a DSGVO Ihr Nutzungsverhalten ger\u00e4te\u00fcbergreifend analysieren und Datenbankmodelle, unter anderem zu ger\u00e4te\u00fcbergreifenden Conversions, erstellen. Wir erhalten keine personenbezogenen Daten von Google, sondern nur Statistiken. Wenn Sie die ger\u00e4te\u00fcbergreifende Analyse stoppen m\u00f6chten, k\u00f6nnen Sie die Funktion &#8222;Personalisierte Werbung&#8220; in den Einstellungen Ihres Google-Kontos deaktivieren. Folgen Sie dazu den Anweisungen auf dieser Seite: https:\/\/support.google.com\/ads\/answer\/2662922?hl=de Weitere Informationen zu Google Signals finden Sie unter folgendem Link: https:\/\/support.google.com\/analytics\/answer\/7532985?hl=de<\/strong><\/span><br \/><span style=\"color: #000000;\"><strong>UserIDs<\/strong><\/span><br \/><span style=\"color: #000000;\"><strong>Als Erweiterung zu Google Analytics 4 kann auf dieser Website die Funktion &#8222;UserIDs&#8220; verwendet werden. Wenn Sie in die Nutzung von Google Analytics 4 gem. Art. 6 Abs. 1 lit. a DSGVO eingewilligt, ein Konto auf dieser Website eingerichtet haben und sich auf verschiedenen Ger\u00e4ten mit diesem Konto anmelden, k\u00f6nnen Ihre Aktivit\u00e4ten, darunter auch Conversions, ger\u00e4te\u00fcbergreifend analysiert werden.<\/strong><\/span><br \/><span style=\"color: #000000;\"><strong>F\u00fcr Daten\u00fcbermittlungen in die USA hat sich der Anbieter dem EU-US-Datenschutzrahmen (EU-US Data Privacy Framework) angeschlossen, das auf Basis eines Angemessenheitsbeschlusses der Europ\u00e4ischen Kommission die Einhaltung des europ\u00e4ischen Datenschutzniveaus\u00a0sicherstellt.<\/strong><\/span><br \/><span style=\"color: #000000;\"><strong>10.3 Google Optimize<\/strong><\/span><br \/><span style=\"color: #000000;\"><strong>Diese Website nutzt &#8222;Google Optimize&#8220;, einen Dienst des folgenden Anbieters: Google Ireland Limited, Gordon House, 4 Barrow St, Dublin, D04 E5W5, Ireland (&#8222;Google&#8220;).<\/strong><\/span><br \/><span style=\"color: #000000;\"><strong>Basierend auf \u201eGoogle Analytics\u201c erm\u00f6glicht der Dienst eine statistische Auswertung der Nutzung neuer Funktionen und Inhalte der Website durch das Ausspielen von Testvarianten gegen\u00fcber bestimmten Nutzergruppen. So kann im Interesse einer Verbesserung der Attraktivit\u00e4t unseres Auftritts nachvollzogen werden, welche Varianten von Nutzern bevorzugt.<\/strong><\/span><br \/><span style=\"color: #000000;\"><strong>Google Optimize verwendet hierzu Cookies, also kleine Textdateien, die auf Ihrem Endger\u00e4t gespeichert werden und eine Analyse Ihrer Nutzung einer Website erm\u00f6glichen. Die durch Cookies erfassten Informationen \u00fcber Ihre Nutzung der Website werden in der Regel an einen Server von Google \u00fcbermittelt und dort gespeichert und verarbeitet. Hierbei kann es auch zu einer \u00dcbermittlung von Informationen an die Server des Unternehmens Google LLC mit Sitz in den USA und dort zu weiteren Verarbeitungen der Informationen kommen.<\/strong><\/span><br \/><span style=\"color: #000000;\"><strong>Alle oben beschriebenen Verarbeitungen, insbesondere das Setzen von Cookies f\u00fcr die Speicherung und das Auslesen von Informationen auf dem von Ihnen f\u00fcr die Nutzung der Website verwendeten Endger\u00e4t, erfolgen nur dann, wenn Sie uns hierf\u00fcr gem\u00e4\u00df Art. 6 Abs. 1 lit. a DSGVO Ihre ausdr\u00fcckliche Einwilligung erteilt haben. Ohne Ihre Einwilligung unterbleibt der Einsatz von Google Optimize w\u00e4hrend Ihrer Nutzung der Website. Sie k\u00f6nnen Ihre einmal erteilte Einwilligung jederzeit mit Wirkung f\u00fcr die Zukunft widerrufen. Um Ihren Widerruf auszu\u00fcben, deaktivieren Sie diesen Dienst bitte \u00fcber das auf der Website bereitgestellte \u201eCookie-Consent-Tool\u201c.<\/strong><\/span><br \/><span style=\"color: #000000;\"><strong>Wir haben mit dem Anbieter einen Auftragsverarbeitungsvertrag geschlossen, der den Schutz der Daten unserer Seitenbesucher sicherstellt und eine unberechtigte Weitergabe an Dritte untersagt.<\/strong><\/span><br \/><span style=\"color: #000000;\"><strong>F\u00fcr Daten\u00fcbermittlungen in die USA hat sich der Anbieter dem EU-US-Datenschutzrahmen (EU-US Data Privacy Framework) angeschlossen, das auf Basis eines Angemessenheitsbeschlusses der Europ\u00e4ischen Kommission die Einhaltung des europ\u00e4ischen Datenschutzniveaus\u00a0sicherstellt.<\/strong><\/span><br \/><span style=\"color: #000000;\"><strong>Weitere Informationen zu den Datenschutzbestimmungen von Google finden Sie hier: https:\/\/business.safety.google\/intl\/de\/privacy\/ und https:\/\/policies.google.com\/privacy?hl=de&amp;gl=de<\/strong><\/span><br \/><span style=\"color: #000000;\"><strong>10.4 Google Tag Manager<\/strong><\/span><br \/><span style=\"color: #000000;\"><strong>Diese Website nutzt den \u201eGoogle Tag Manager\u201c, einen Dienst des folgenden Anbieters: Google Ireland Limited, Gordon House, Barrow Street, Dublin 4, Irland (nachfolgend: \u201eGoogle\u201c).<\/strong><\/span><br \/><span style=\"color: #000000;\"><strong>Der Google Tag Manager bietet eine technische Grundlage daf\u00fcr, diverse Webanwendungen, darunter auch Tracking- und Analysedienste, zu b\u00fcndeln und \u00fcber eine einheitliche Benutzeroberfl\u00e4che kalibrieren, steuern und an Bedingungen kn\u00fcpfen zu k\u00f6nnen. Der Google Tag Manager selbst speichert keine Informationen auf Nutzerendger\u00e4ten oder liest diese aus. Auch nimmt der Dienst keine eigenst\u00e4ndigen Datenanalysen vor. Allerdings wird durch den Google Tag Manager bei Seitenaufruf Ihre IP-Adresse an Google \u00fcbertragen und dort gegebenenfalls gespeichert. Auch eine \u00dcbermittlung an Server von Google LLC. In den USA ist m\u00f6glich.<\/strong><\/span><br \/><span style=\"color: #000000;\"><strong>Diese Verarbeitung wird nur dann vollzogen, wenn Sie uns gem\u00e4\u00df Art. 6 Abs. 1 lit. a DSGVO dazu Ihre ausdr\u00fcckliche Einwilligung erteilt haben. Ohne diese Einwilligungserteilung unterbleibt der Einsatz von Google Tag Manager w\u00e4hrend Ihres Seitenbesuchs. Sie k\u00f6nnen Ihre erteilte Einwilligung jederzeit mit Wirkung f\u00fcr die Zukunft widerrufen. Um Ihren Widerruf auszu\u00fcben, deaktivieren Sie diesen Dienst bitte in dem auf der Webseite bereitgestellten \u201eCookie-Consent-Tool\u201c.<\/strong><\/span><br \/><span style=\"color: #000000;\"><strong>Wir haben mit dem Anbieter einen Auftragsverarbeitungsvertrag geschlossen, der den Schutz der Daten unserer Seitenbesucher sicherstellt und eine unberechtigte Weitergabe an Dritte untersagt.<\/strong><\/span><br \/><span style=\"color: #000000;\"><strong>F\u00fcr Daten\u00fcbermittlungen in die USA hat sich der Anbieter dem EU-US-Datenschutzrahmen (EU-US Data Privacy Framework) angeschlossen, das auf Basis eines Angemessenheitsbeschlusses der Europ\u00e4ischen Kommission die Einhaltung des europ\u00e4ischen Datenschutzniveaus\u00a0sicherstellt.<\/strong><\/span><br \/><span style=\"color: #000000;\"><strong>Weitere rechtliche Hinweise zu Google Tag Manager finden Sie unter https:\/\/business.safety.google\/intl\/de\/privacy\/ und https:\/\/policies.google.com\/privacy?hl=de&amp;gl=de<\/strong><\/span><\/p><p><span style=\"color: #000000;\"><strong>11) Retargeting\/ Remarketing und Conversion-Tracking<\/strong><\/span><br \/><span style=\"color: #000000;\"><strong>11.1 Meta Pixel<\/strong><\/span><br \/><span style=\"color: #000000;\"><strong>Innerhalb unseres Online-Angebots verwenden wir den Dienst &#8222;Meta Pixel&#8220; des folgenden Anbieters: Meta Platforms Ireland Limited, 4 Grand Canal Quare, Dublin 2, Irland (&#8222;Meta&#8220;)<\/strong><\/span><br \/><span style=\"color: #000000;\"><strong>Klickt ein Nutzer auf eine von uns auf Facebook und\/oder Instagram geschaltete Werbeanzeige, wird mithilfe von &#8222;Meta Pixel&#8220; die URL unserer verlinkten Seite um einen Parameter erweitert. Dieser URL-Parameter wird dann nach der Weiterleitung durch ein Cookie, das unsere verlinkte Seite selbst setzt, in den Browser des Nutzers eingetragen.<\/strong><\/span><br \/><span style=\"color: #000000;\"><strong>Dadurch ist es einerseits Meta m\u00f6glich, die Besucher unseres Onlineangebotes als Zielgruppe f\u00fcr die Darstellung von Anzeigen (sog. &#8222;Ads&#8220;) zu bestimmen. Dementsprechend setzen wir den Dienst ein, um die durch uns geschalteten Facebook- und\/oder Instagram-Ads nur solchen Nutzern anzuzeigen, die auch ein Interesse an unserem Onlineangebot gezeigt haben oder die bestimmte Merkmale (z.B. Interessen an bestimmten Themen oder Produkten, die anhand der besuchten Webseiten bestimmt werden) aufweisen, welche wir an Meta \u00fcbermitteln (sog. \u201eCustom Audiences\u201c).<\/strong><\/span><br \/><span style=\"color: #000000;\"><strong>Andererseits kann mit dem \u201eMeta Pixel\u201c nachvollzogen werden, ob Nutzer nach dem Klick auf eine Werbeanzeige auf unsere Website weitergeleitet wurden und welche Ausf\u00fchrungshandlungen sie dort t\u00e4tigen (sog. \u201eConversion-Tracking\u201c).<\/strong><\/span><br \/><span style=\"color: #000000;\"><strong>Die erhobenen Daten sind f\u00fcr uns anonym, bieten uns also keine R\u00fcckschl\u00fcsse auf die Identit\u00e4t der Nutzer. Allerdings werden die Daten von Meta gespeichert und verarbeitet, sodass eine Verbindung zum jeweiligen Nutzerprofil m\u00f6glich ist und Meta die Daten f\u00fcr eigene Werbezwecke verwenden kann.<\/strong><\/span><br \/><span style=\"color: #000000;\"><strong>Alle oben beschriebenen Verarbeitungen, insbesondere das Setzen von Cookies f\u00fcr das Auslesen von Informationen auf dem verwendeten Endger\u00e4t, werden nur dann vollzogen, wenn Sie uns gem\u00e4\u00df Art. 6 Abs. 1 lit. a DSGVO dazu Ihre ausdr\u00fcckliche Einwilligung erteilt haben. Sie k\u00f6nnen Ihre erteilte Einwilligung jederzeit mit Wirkung f\u00fcr die Zukunft widerrufen, indem Sie diesen Dienst in dem auf der Webseite bereitgestellten \u201eCookie-Consent-Tool\u201c deaktivieren.<\/strong><\/span><br \/><span style=\"color: #000000;\"><strong>Wir haben mit dem Anbieter einen Auftragsverarbeitungsvertrag geschlossen, der den Schutz der Daten unserer Seitenbesucher sicherstellt und eine unberechtigte Weitergabe an Dritte untersagt.<\/strong><\/span><br \/><span style=\"color: #000000;\"><strong>Die durch Meta erzeugten Informationen werden in der Regel an einen Server von Meta \u00fcbertragen und dort gespeichert; in diesem Zusammenhang kann es auch zu einer \u00dcbertragung an Server von Meta Platforms Inc. in den USA kommen.<\/strong><\/span><br \/><span style=\"color: #000000;\"><strong>F\u00fcr Daten\u00fcbermittlungen in die USA hat sich der Anbieter dem EU-US-Datenschutzrahmen (EU-US Data Privacy Framework) angeschlossen, das auf Basis eines Angemessenheitsbeschlusses der Europ\u00e4ischen Kommission die Einhaltung des europ\u00e4ischen Datenschutzniveaus sicherstellt.<\/strong><\/span><br \/><span style=\"color: #000000;\"><strong>11.2 Google Ads Conversion-Tracking ohne Cookies<\/strong><\/span><br \/><span style=\"color: #000000;\"><strong>Diese Website nutzt das Online-Werbeprogramm &#8222;Google Ads&#8220; und im Rahmen von Google Ads das Conversion-Tracking der Google Ireland Limited, Gordon House, 4 Barrow St, Dublin, D04 E5W5, Irland (\u201eGoogle\u201c).<\/strong><\/span><br \/><span style=\"color: #000000;\"><strong>Wir nutzen das Angebot von Google Ads, um mit Hilfe von Werbemitteln (sogenannten Google Adwords) auf externen Webseiten auf unsere attraktiven Angebote aufmerksam zu machen. Wir k\u00f6nnen in Bezug zu den Daten der Werbekampagnen ermitteln, wie erfolgreich die einzelnen Werbema\u00dfnahmen sind. Wir verfolgen damit das Anliegen, Ihnen Werbung anzuzeigen, die f\u00fcr Sie von Interesse ist, unsere Website f\u00fcr Sie interessanter zu gestalten und eine faire Berechnung der anfallenden Werbekosten zu erreichen.<\/strong><\/span><br \/><span style=\"color: #000000;\"><strong>Diese Website verwendet das Google Ads Conversion Tracking ausschlie\u00dflich ohne den Einsatz von Cookies, was bedeutet, dass der Dienst zu keinem Zeitpunkt Cookies auf Ihrem Endger\u00e4t setzt.<\/strong><\/span><br \/><span style=\"color: #000000;\"><strong>Stattdessen wird der lokale Speicher Ihres Browsers genutzt, um dort eine individuelle, von Google vergebene ID zu hinterlegen, welche eine Analyse Ihrer Nutzung der Website erm\u00f6glicht. Hierf\u00fcr werden \u00fcber die ID bestimmte Nutzerinformationen verarbeitet.<\/strong><\/span><br \/><span style=\"color: #000000;\"><strong>Die ID wird gesetzt, wenn ein Nutzer auf eine von Google geschaltete Ads-Anzeige klickt. Besucht der Nutzer bestimmte Seiten dieser Website, k\u00f6nnen Google und wir erkennen, dass der Nutzer auf die Anzeige geklickt hat und zu dieser Seite weitergeleitet wurde. Jeder Google Ads-Kunde erh\u00e4lt ein anderes Cookie. Cookies k\u00f6nnen somit nicht \u00fcber die Websites von Google Ads-Kunden nachverfolgt werden. Die so eingeholten Informationen dienen dazu, Conversion-Statistiken f\u00fcr Google Ads-Kunden zu erstellen, die sich f\u00fcr Conversion-Tracking entschieden haben. Die Kunden erfahren die Gesamtanzahl der Nutzer, die auf ihre Anzeige geklickt haben und zu einer mit einem Conversion-Tracking-Tag versehenen Seite weitergeleitet wurden.<\/strong><\/span><br \/><span style=\"color: #000000;\"><strong>Sie erhalten jedoch keine Informationen, mit denen sich Nutzer pers\u00f6nlich identifizieren lassen. Im Rahmen der Nutzung von Google Ads kann es auch zu einer \u00dcbermittlung von personenbezogenen Daten an die Server der Google LLC. in den USA kommen. Details zu den durch Google Ads Conversion Tracking angesto\u00dfenen Verarbeitungen und zum Umgang Googles mit Daten von Websites finden Sie hier: https:\/\/policies.google.com\/technologies\/partner-sites<\/strong><\/span><br \/><span style=\"color: #000000;\"><strong>Sofern die erhobenen Informationen einen Personenbezug aufweisen, erfolgt die Verarbeitung gem\u00e4\u00df Art. 6 Abs. 1 lit. f DSGVO auf Basis unseres berechtigten Interesses an der statistischen Auswertung des Erfolgs unserer Werbekampagnen.<\/strong><\/span><br \/><span style=\"color: #000000;\"><strong>Googles Datenschutzbestimmungen sind hier einsehbar: https:\/\/business.safety.google\/intl\/de\/privacy\/ und https:\/\/www.google.de\/policies\/privacy\/<\/strong><\/span><br \/><span style=\"color: #000000;\"><strong>F\u00fcr Daten\u00fcbermittlungen in die USA hat sich der Anbieter dem EU-US-Datenschutzrahmen (EU-US Data Privacy Framework) angeschlossen, das auf Basis eines Angemessenheitsbeschlusses der Europ\u00e4ischen Kommission die Einhaltung des europ\u00e4ischen Datenschutzniveaus\u00a0sicherstellt.<\/strong><\/span><br \/><span style=\"color: #000000;\"><strong>11.3 Google Marketing Platform<\/strong><\/span><br \/><span style=\"color: #000000;\"><strong>Diese Webseite nutzt das Online Marketing Tool Google Marketing Platform des Betreibers Google Ireland Limited, Gordon House, 4 Barrow St, Dublin, D04 E5W5, Irland (&#8222;GMP&#8220;).<\/strong><\/span><br \/><span style=\"color: #000000;\"><strong>GMP setzt Cookies ein, um f\u00fcr die Nutzer relevante Anzeigen zu schalten, die Berichte zur Kampagnenleistung zu verbessern oder um zu vermeiden, dass ein Nutzer die gleichen Anzeigen mehrmals sieht. \u00dcber eine Cookie-ID erfasst Google, welche Anzeigen in welchem Browser geschaltet werden und kann so verhindern, dass diese mehrfach angezeigt werden. Dar\u00fcber hinaus kann GMP mithilfe von Cookie-IDs sog. Conversions erfassen, die Bezug zu Anzeigenanfragen haben. Das ist etwa der Fall, wenn ein Nutzer eine GMP-Anzeige sieht und sp\u00e4ter bei Nutzung des gleichen Browsers die Website des Werbetreibenden aufruft und \u00fcber diese Website etwas kauft. Laut Google enthalten GMP-Cookies keine personenbezogenen Informationen.<\/strong><\/span><br \/><span style=\"color: #000000;\"><strong>Aufgrund der eingesetzten Marketing-Tools baut Ihr Browser automatisch eine direkte Verbindung mit dem Server von Google auf.<\/strong><\/span><br \/><span style=\"color: #000000;\"><strong>Wir haben keinen Einfluss auf den Umfang und die weitere Verwendung der Daten, die durch den Einsatz dieses Tools durch Google erhoben werden und informieren Sie daher entsprechend unserem Kenntnisstand wie folgt: Durch die Einbindung von GMP erh\u00e4lt Google die Information, dass Sie den entsprechenden Teil unseres Internetauftritts aufgerufen oder eine Anzeige von uns angeklickt haben. Sofern Sie bei einem Dienst von Google registriert sind, kann Google den Besuch Ihrem Account zuordnen. Selbst wenn Sie nicht bei Google registriert sind bzw. sich nicht eingeloggt haben, besteht die M\u00f6glichkeit, dass der Anbieter Ihre IP-Adresse in Erfahrung bringt und speichert. Im Rahmen der Nutzung von GMP kann es auch zu einer \u00dcbermittlung von personenbezogenen Daten an die Server der Google LLC. in den USA kommen.<\/strong><\/span><br \/><span style=\"color: #000000;\"><strong>Alle oben beschriebenen Verarbeitungen, insbesondere das Setzen von Cookies f\u00fcr das Auslesen von Informationen auf dem verwendeten Endger\u00e4t, werden nur dann vollzogen, wenn Sie uns gem\u00e4\u00df Art. 6 Abs. 1 lit. a DSGVO dazu Ihre ausdr\u00fcckliche Einwilligung erteilt haben. Sie k\u00f6nnen Ihre erteilte Einwilligung jederzeit mit Wirkung f\u00fcr die Zukunft widerrufen, indem Sie diesen Dienst in dem auf der Webseite bereitgestellten \u201eCookie-Consent-Tool\u201c deaktivieren.<\/strong><\/span><br \/><span style=\"color: #000000;\"><strong>F\u00fcr Daten\u00fcbermittlungen in die USA hat sich der Anbieter dem EU-US-Datenschutzrahmen (EU-US Data Privacy Framework) angeschlossen, das auf Basis eines Angemessenheitsbeschlusses der Europ\u00e4ischen Kommission die Einhaltung des europ\u00e4ischen Datenschutzniveaus\u00a0sicherstellt.<\/strong><\/span><br \/><span style=\"color: #000000;\"><strong>Die Datenschutzbestimmungen von GMP by Google finden Sie hier: https:\/\/business.safety.google\/intl\/de\/privacy\/ und https:\/\/www.google.de\/policies\/privacy\/<\/strong><\/span><\/p><p><span style=\"color: #000000;\"><strong>12) Seitenfunktionalit\u00e4ten<\/strong><\/span><br \/><span style=\"color: #000000;\"><strong>12.1 Facebook-Plugins<\/strong><\/span><br \/><span style=\"color: #000000;\"><strong>Auf unserer Website werden Plugins des sozialen Netzwerkes des folgenden Anbieters verwendet: Meta Platforms Ireland Ltd., 4 Grand Canal Square, Grand Canal Harbour, Dublin 2, Irland<\/strong><\/span><br \/><span style=\"color: #000000;\"><strong>Diese Plugins erm\u00f6glichen direkte Interaktionen mit Inhalten auf dem sozialen Netzwerk.<\/strong><\/span><br \/><span style=\"color: #000000;\"><strong>Um den Schutz Ihrer Daten beim Besuch unserer Website zu erh\u00f6hen, sind die Plugins zun\u00e4chst deaktiviert mittels sogenannter \u201e2-Klick\u201c- oder \u201eShariff\u201c-L\u00f6sung in die Seite eingebunden.<\/strong><\/span><br \/><span style=\"color: #000000;\"><strong>Diese Einbindung gew\u00e4hrleistet, dass beim Aufruf einer Seite unseres Webauftritts, die solche Plugins enth\u00e4lt, noch keine Verbindung mit den Servern des Anbieters hergestellt wird.<\/strong><\/span><br \/><span style=\"color: #000000;\"><strong>Erst wenn Sie die Plugins aktivieren und damit gem\u00e4\u00df Art. 6 Abs. 1 lit. a DSGVO Ihre Einwilligung in die Daten\u00fcbermittlung erteilen, stellt Ihr Browser eine direkte Verbindung zu den Servern des Anbieters her. Hierbei werden, unabh\u00e4ngig von einem Login in ein vorhandenes Nutzerprofil, in bestimmtem Umfang Informationen \u00fcber Ihr verwendetes Endger\u00e4t (darunter Ihre IP-Adresse), Ihren Browser und Ihren Seitenverlauf an den Anbieter \u00fcbermittelt und dort gegebenenfalls weiterverarbeitet.<\/strong><\/span><br \/><span style=\"color: #000000;\"><strong>Wenn Sie in ein vorhandenes Nutzerprofil auf dem sozialen Netzwerk des Anbieters eingeloggt sind, werden Informationen zu \u00fcber die Plugins vollzogenen Interaktionen au\u00dferdem dort ver\u00f6ffentlicht und Ihren Kontakten angezeigt.<\/strong><\/span><br \/><span style=\"color: #000000;\"><strong>Sie k\u00f6nnen Ihre Einwilligung jederzeit widerrufen indem Sie das aktivierte Plugin durch erneutes Anklicken wieder deaktivieren. Der Widerruf hat jedoch keinen Einfluss auf die Daten, die bereits an den Anbieter \u00fcbertragen wurden.<\/strong><\/span><br \/><span style=\"color: #000000;\"><strong>Daten k\u00f6nnen zudem \u00fcbertragen werden an: Meta Platforms Inc., USA<\/strong><\/span><br \/><span style=\"color: #000000;\"><strong>Wir haben mit dem Anbieter einen Auftragsverarbeitungsvertrag geschlossen, der den Schutz der Daten unserer Seitenbesucher sicherstellt und eine unberechtigte Weitergabe an Dritte untersagt.<\/strong><\/span><br \/><span style=\"color: #000000;\"><strong>F\u00fcr Daten\u00fcbermittlungen in die USA hat sich der Anbieter dem EU-US-Datenschutzrahmen (EU-US Data Privacy Framework) angeschlossen, das auf Basis eines Angemessenheitsbeschlusses der Europ\u00e4ischen Kommission die Einhaltung des europ\u00e4ischen Datenschutzniveaus sicherstellt.<\/strong><\/span><br \/><span style=\"color: #000000;\"><strong>12.2 Instagram-Plugins<\/strong><\/span><br \/><span style=\"color: #000000;\"><strong>Auf unserer Website werden Plugins des sozialen Netzwerkes des folgenden Anbieters verwendet: Meta Platforms Ireland Ltd., 4 Grand Canal Square, Grand Canal Harbour, Dublin 2 Irland<\/strong><\/span><br \/><span style=\"color: #000000;\"><strong>Diese Plugins erm\u00f6glichen direkte Interaktionen mit Inhalten auf dem sozialen Netzwerk.<\/strong><\/span><br \/><span style=\"color: #000000;\"><strong>Um den Schutz Ihrer Daten beim Besuch unserer Website zu erh\u00f6hen, sind die Plugins zun\u00e4chst deaktiviert mittels sogenannter \u201e2-Klick\u201c- oder \u201eShariff\u201c-L\u00f6sung in die Seite eingebunden.<\/strong><\/span><br \/><span style=\"color: #000000;\"><strong>Diese Einbindung gew\u00e4hrleistet, dass beim Aufruf einer Seite unseres Webauftritts, die solche Plugins enth\u00e4lt, noch keine Verbindung mit den Servern des Anbieters hergestellt wird.<\/strong><\/span><br \/><span style=\"color: #000000;\"><strong>Erst wenn Sie die Plugins aktivieren und damit gem\u00e4\u00df Art. 6 Abs. 1 lit. a DSGVO Ihre Einwilligung in die Daten\u00fcbermittlung erteilen, stellt Ihr Browser eine direkte Verbindung zu den Servern des Anbieters her. Hierbei werden, unabh\u00e4ngig von einem Login in ein vorhandenes Nutzerprofil, in bestimmtem Umfang Informationen \u00fcber Ihr verwendetes Endger\u00e4t (darunter Ihre IP-Adresse), Ihren Browser und Ihren Seitenverlauf an den Anbieter \u00fcbermittelt und dort gegebenenfalls weiterverarbeitet.<\/strong><\/span><\/p><p><span style=\"color: #000000;\"><strong>Wenn Sie in ein vorhandenes Nutzerprofil auf dem sozialen Netzwerk des Anbieters eingeloggt sind, werden Informationen zu \u00fcber die Plugins vollzogenen Interaktionen au\u00dferdem dort ver\u00f6ffentlicht und Ihren Kontakten angezeigt.<\/strong><\/span><br \/><span style=\"color: #000000;\"><strong>Sie k\u00f6nnen Ihre Einwilligung jederzeit widerrufen indem Sie das aktivierte Plugin durch erneutes Anklicken wieder deaktivieren. Der Widerruf hat jedoch keinen Einfluss auf die Daten, die bereits an den Anbieter \u00fcbertragen wurden.<\/strong><\/span><br \/><span style=\"color: #000000;\"><strong>Daten k\u00f6nnen zudem \u00fcbertragen werden: Meta Platforms Inc., USA<\/strong><\/span><br \/><span style=\"color: #000000;\"><strong>Wir haben mit dem Anbieter einen Auftragsverarbeitungsvertrag geschlossen, der den Schutz der Daten unserer Seitenbesucher sicherstellt und eine unberechtigte Weitergabe an Dritte untersagt.<\/strong><\/span><br \/><span style=\"color: #000000;\"><strong>F\u00fcr Daten\u00fcbermittlungen in die USA hat sich der Anbieter dem EU-US-Datenschutzrahmen (EU-US Data Privacy Framework) angeschlossen, das auf Basis eines Angemessenheitsbeschlusses der Europ\u00e4ischen Kommission die Einhaltung des europ\u00e4ischen Datenschutzniveaus\u00a0sicherstellt.<\/strong><\/span><br \/><span style=\"color: #000000;\"><strong>12.3 LinkedIn-Plugins<\/strong><\/span><br \/><span style=\"color: #000000;\"><strong>Auf unserer Website werden Plugins des sozialen Netzwerkes des folgenden Anbieters verwendet: LinkedIn Ireland Unlimited Company, Wilton Place, Dublin 2, Irland<\/strong><\/span><br \/><span style=\"color: #000000;\"><strong>Diese Plugins erm\u00f6glichen direkte Interaktionen mit Inhalten auf dem sozialen Netzwerk.<\/strong><\/span><br \/><span style=\"color: #000000;\"><strong>Um den Schutz Ihrer Daten beim Besuch unserer Website zu erh\u00f6hen, sind die Plugins zun\u00e4chst deaktiviert mittels sogenannter \u201e2-Klick\u201c- oder \u201eShariff\u201c-L\u00f6sung in die Seite eingebunden.<\/strong><\/span><br \/><span style=\"color: #000000;\"><strong>Diese Einbindung gew\u00e4hrleistet, dass beim Aufruf einer Seite unseres Webauftritts, die solche Plugins enth\u00e4lt, noch keine Verbindung mit den Servern des Anbieters hergestellt wird.<\/strong><\/span><br \/><span style=\"color: #000000;\"><strong>Erst wenn Sie die Plugins aktivieren und damit gem\u00e4\u00df Art. 6 Abs. 1 lit. a DSGVO Ihre Einwilligung in die Daten\u00fcbermittlung erteilen, stellt Ihr Browser eine direkte Verbindung zu den Servern des Anbieters her. Hierbei werden, unabh\u00e4ngig von einem Login in ein vorhandenes Nutzerprofil, in bestimmtem Umfang Informationen \u00fcber Ihr verwendetes Endger\u00e4t (darunter Ihre IP-Adresse), Ihren Browser und Ihren Seitenverlauf an den Anbieter \u00fcbermittelt und dort gegebenenfalls weiterverarbeitet.<\/strong><\/span><\/p><p><span style=\"color: #000000;\"><strong>Wenn Sie in ein vorhandenes Nutzerprofil auf dem sozialen Netzwerk des Anbieters eingeloggt sind, werden Informationen zu \u00fcber die Plugins vollzogenen Interaktionen au\u00dferdem dort ver\u00f6ffentlicht und Ihren Kontakten angezeigt.<\/strong><\/span><br \/><span style=\"color: #000000;\"><strong>Sie k\u00f6nnen Ihre Einwilligung jederzeit widerrufen indem Sie das aktivierte Plugin durch erneutes Anklicken wieder deaktivieren. Der Widerruf hat jedoch keinen Einfluss auf die Daten, die bereits an den Anbieter \u00fcbertragen wurden.<\/strong><\/span><br \/><span style=\"color: #000000;\"><strong>Daten k\u00f6nnen zudem \u00fcbertragen werden an: LinkedIn Inc., USA<\/strong><\/span><br \/><span style=\"color: #000000;\"><strong>Wir haben mit dem Anbieter einen Auftragsverarbeitungsvertrag geschlossen, der den Schutz der Daten unserer Seitenbesucher sicherstellt und eine unberechtigte Weitergabe an Dritte untersagt.<\/strong><\/span><br \/><span style=\"color: #000000;\"><strong>F\u00fcr die \u00dcbermittlung von Daten in die USA beruft sich der Anbieter auf Standardvertragsklauseln der Europ\u00e4ischen Kommission, welche die Einhaltung des europ\u00e4ischen Datenschutzniveaus sicherstellen sollen.<\/strong><\/span><br \/><span style=\"color: #000000;\"><strong>12.4 Youtube<\/strong><\/span><br \/><span style=\"color: #000000;\"><strong>Diese Website nutzt Plugins zur Anzeige und Wiedergabe von Videos des folgenden Anbieters: Google Ireland Limited, Gordon House, 4 Barrow St, Dublin, D04 E5W5, Irland<\/strong><\/span><br \/><span style=\"color: #000000;\"><strong>Daten k\u00f6nnen zudem \u00fcbermittelt werden an: Google LLC., USA<\/strong><\/span><br \/><span style=\"color: #000000;\"><strong>Wenn Sie eine Seite unseres Internetauftritts aufrufen, die ein solches Plugin enth\u00e4lt, stellt Ihr Browser eine direkte Verbindung zu den Servern des Anbieters her, um das Plugin zu laden. Hierbei werden bestimmte Informationen, einschlie\u00dflich Ihrer IP-Adresse, an den Anbieter \u00fcbermittelt.<\/strong><\/span><br \/><span style=\"color: #000000;\"><strong>Wird die Wiedergabe eingebetteter Videos \u00fcber das Plugin gestartet, setzt der Anbieter zudem Cookies ein, um Informationen \u00fcber das Nutzerverhalten zu sammeln, Wiedergabestatistiken zu erstellen und missbr\u00e4uchliches Verhalten zu unterbinden.<\/strong><\/span><br \/><span style=\"color: #000000;\"><strong>Sind Sie w\u00e4hrend Ihres Seitenbesuchs in einem Nutzerkonto beim Anbieter eingeloggt, werden Ihre Daten beim Klick auf ein Video direkt Ihrem Konto zugeordnet. Wenn Sie die Zuordnung zu Ihrem Konto nicht w\u00fcnschen, m\u00fcssen Sie sich vor Bet\u00e4tigung der Wiedergabeschaltfl\u00e4che ausloggen.<\/strong><\/span><br \/><span style=\"color: #000000;\"><strong>Alle vorgenannten Verarbeitungen, insbesondere das Setzen von Cookies f\u00fcr das Auslesen von Informationen auf dem verwendeten Endger\u00e4t, erfolgen nur, wenn Sie uns hierzu Ihre ausdr\u00fcckliche Einwilligung gem. Art. 6 Abs. 1 lit. a DSGVO erteilt haben. Die erteilte Einwilligung k\u00f6nnen Sie jederzeit mit Wirkung f\u00fcr die Zukunft widerrufen, indem Sie diesen Dienst \u00fcber das auf der Webseite bereitgestellte \u201eCookie-Consent-Tool\u201c deaktivieren.<\/strong><\/span><br \/><span style=\"color: #000000;\"><strong>F\u00fcr Daten\u00fcbermittlungen in die USA hat sich der Anbieter dem EU-US-Datenschutzrahmen (EU-US Data Privacy Framework) angeschlossen, das auf Basis eines Angemessenheitsbeschlusses der Europ\u00e4ischen Kommission die Einhaltung des europ\u00e4ischen Datenschutzniveaus\u00a0sicherstellt.<\/strong><\/span><br \/><span style=\"color: #000000;\"><strong>12.5 Google Maps<\/strong><\/span><br \/><span style=\"color: #000000;\"><strong>Diese Webseite nutzt einen Online-Kartendienst des folgenden Anbieters: Google Maps (API) von Google Ireland Limited, Gordon House, 4 Barrow St, Dublin, D04 E5W5, Irland (\u201cGoogle\u201d).<\/strong><\/span><br \/><span style=\"color: #000000;\"><strong>Google Maps ist ein Webdienst zur Darstellung von interaktiven (Land-)Karten, um geographische Informationen visuell darzustellen. \u00dcber die Nutzung dieses Dienstes wird Ihnen unser Standort angezeigt und eine etwaige Anfahrt erleichtert.<\/strong><\/span><br \/><span style=\"color: #000000;\"><strong>Bereits beim Aufrufen derjenigen Unterseiten, in die die Karte von Google Maps eingebunden ist, werden Informationen \u00fcber Ihre Nutzung unserer Website (wie z.B. Ihre IP-Adresse) an Server von Google \u00fcbertragen und dort gespeichert, hierbei kann es auch zu einer \u00dcbermittlung an die Server der Google LLC. in den USA kommen. Dies erfolgt unabh\u00e4ngig davon, ob Google ein Nutzerkonto bereitstellt, \u00fcber das Sie eingeloggt sind oder ob ein Nutzerkonto besteht. Wenn Sie bei Google eingeloggt sind, werden Ihre Daten direkt Ihrem Konto zugeordnet. Wenn Sie die Zuordnung mit Ihrem Profil bei Google nicht w\u00fcnschen, m\u00fcssen Sie sich vor Aktivierung des Buttons ausloggen. Google speichert Ihre Daten (selbst f\u00fcr nicht eingeloggte Nutzer) als Nutzungsprofile und wertet diese aus.<\/strong><\/span><br \/><span style=\"color: #000000;\"><strong>Die Erhebung, Speicherung und die Auswertung erfolgen gem\u00e4\u00df Art. 6 Abs. 1 lit. f DSGVO auf Basis des berechtigten Interesses von Google an der Einblendung personalisierter Werbung, Marktforschung und\/oder der bedarfsgerechten Gestaltung von Google-Websites. Ihnen steht ein Widerspruchsrecht gegen die Bildung dieser Nutzerprofile zu, wobei Sie sich f\u00fcr dessen Aus\u00fcbung an Google wenden m\u00fcssen. Wenn Sie mit der k\u00fcnftigen \u00dcbermittlung Ihrer Daten an Google im Rahmen der Nutzung von Google Maps nicht einverstanden sind, besteht auch die M\u00f6glichkeit, den Webdienst von Google Maps vollst\u00e4ndig zu deaktivieren, indem Sie die Anwendung JavaScript in Ihrem Browser ausschalten. Google Maps und damit auch die Kartenanzeige auf dieser Internetseite kann dann nicht genutzt werden.<\/strong><\/span><br \/><span style=\"color: #000000;\"><strong>Soweit rechtlich erforderlich, haben wir zur vorstehend dargestellten Verarbeitung Ihrer Daten Ihre Einwilligung gem\u00e4\u00df Art. 6 Abs. 1 lit. a DSGVO eingeholt. Sie k\u00f6nnen Ihre erteilte Einwilligung jederzeit mit Wirkung f\u00fcr die Zukunft widerrufen. Um Ihren Widerruf auszu\u00fcben, befolgen Sie bitte die vorstehend geschilderte M\u00f6glichkeit zur Vornahme eines Widerspruchs.<\/strong><\/span><br \/><span style=\"color: #000000;\"><strong>F\u00fcr Daten\u00fcbermittlungen in die USA hat sich der Anbieter dem EU-US-Datenschutzrahmen (EU-US Data Privacy Framework) angeschlossen, das auf Basis eines Angemessenheitsbeschlusses der Europ\u00e4ischen Kommission die Einhaltung des europ\u00e4ischen Datenschutzniveaus\u00a0sicherstellt.<\/strong><\/span><br \/><span style=\"color: #000000;\"><strong>Weitere Hinweise zu den Datenschutzbestimmungen von Google finden sich hier: https:\/\/business.safety.google\/intl\/de\/privacy\/<\/strong><\/span><br \/><span style=\"color: #000000;\"><strong>12.6 Adobe Fonts (Typekit)<\/strong><\/span><br \/><span style=\"color: #000000;\"><strong>Diese Seite nutzt zur einheitlichen Darstellung von Schriftarten sogenannte Web Fonts des folgenden Anbieters: Adobe Systems Incorporated, 345 Park Avenue, San Jose, CA 95110-2704, USA<\/strong><\/span><br \/><span style=\"color: #000000;\"><strong>Beim Aufruf einer Seite l\u00e4dt Ihr Browser die ben\u00f6tigten Web Fonts in ihren Browser-Cache, um Texte und Schriftarten korrekt anzuzeigen und stellt eine direkte Verbindung zu den Servern des Anbieters her. Hierbei werden bestimmte Browserinformationen, einschlie\u00dflich Ihrer IP-Adresse, an den Anbieter \u00fcbermittelt.<\/strong><\/span><br \/><span style=\"color: #000000;\"><strong>Die Verarbeitung von personenbezogenen Daten im Zuge der Verbindungsaufnahme mit dem Anbieter der Schriftarten wird nur dann vollzogen, wenn Sie uns gem\u00e4\u00df Art. 6 Abs. 1 lit. a DSGVO dazu Ihre ausdr\u00fcckliche Einwilligung erteilt haben. Sie k\u00f6nnen Ihre erteilte Einwilligung jederzeit mit Wirkung f\u00fcr die Zukunft widerrufen, indem Sie diesen Dienst \u00fcber das auf der Webseite bereitgestellte \u201eCookie-Consent-Tool\u201c deaktivieren. Falls Ihr Browser keine Web Fonts unterst\u00fctzt, wird eine Standardschrift von Ihrem Computer genutzt.<\/strong><\/span><br \/><span style=\"color: #000000;\"><strong>F\u00fcr Daten\u00fcbermittlungen in die USA hat sich der Anbieter dem EU-US-Datenschutzrahmen (EU-US Data Privacy Framework) angeschlossen, das auf Basis eines Angemessenheitsbeschlusses der Europ\u00e4ischen Kommission die Einhaltung des europ\u00e4ischen Datenschutzniveaus\u00a0sicherstellt.<\/strong><\/span><br \/><span style=\"color: #000000;\"><strong>12.7 Google Web Fonts<\/strong><\/span><br \/><span style=\"color: #000000;\"><strong>Diese Seite nutzt zur einheitlichen Darstellung von Schriftarten sogenannte Web Fonts des folgenden Anbieters: Google Ireland Limited, Gordon House, 4 Barrow St, Dublin, D04 E5W5, Irland<\/strong><\/span><br \/><span style=\"color: #000000;\"><strong>Beim Aufruf einer Seite l\u00e4dt Ihr Browser die ben\u00f6tigten Web Fonts in ihren Browser-Cache, um Texte und Schriftarten korrekt anzuzeigen und stellt eine direkte Verbindung zu den Servern des Anbieters her. Hierbei werden bestimmte Browserinformationen, einschlie\u00dflich Ihrer IP-Adresse, an den Anbieter \u00fcbermittelt.<\/strong><\/span><br \/><span style=\"color: #000000;\"><strong>Daten k\u00f6nnen zudem \u00fcbermittelt werden an: Google LLC, USA<\/strong><\/span><br \/><span style=\"color: #000000;\"><strong>Die Verarbeitung von personenbezogenen Daten im Zuge der Verbindungsaufnahme mit dem Anbieter der Schriftarten wird nur dann vollzogen, wenn Sie uns gem\u00e4\u00df Art. 6 Abs. 1 lit. a DSGVO dazu Ihre ausdr\u00fcckliche Einwilligung erteilt haben. Sie k\u00f6nnen Ihre erteilte Einwilligung jederzeit mit Wirkung f\u00fcr die Zukunft widerrufen, indem Sie diesen Dienst \u00fcber das auf der Webseite bereitgestellte \u201eCookie-Consent-Tool\u201c deaktivieren. Falls Ihr Browser keine Web Fonts unterst\u00fctzt, wird eine Standardschrift von Ihrem Computer genutzt.<\/strong><\/span><br \/><span style=\"color: #000000;\"><strong>F\u00fcr Daten\u00fcbermittlungen in die USA hat sich der Anbieter dem EU-US-Datenschutzrahmen (EU-US Data Privacy Framework) angeschlossen, das auf Basis eines Angemessenheitsbeschlusses der Europ\u00e4ischen Kommission die Einhaltung des europ\u00e4ischen Datenschutzniveaus\u00a0sicherstellt.<\/strong><\/span><br \/><span style=\"color: #000000;\"><strong>Weitere Hinweise zu den Datenschutzbestimmungen von Google finden sich hier: https:\/\/business.safety.google\/intl\/de\/privacy\/<\/strong><\/span><br \/><span style=\"color: #000000;\"><strong>12.8 Google reCAPTCHA<\/strong><\/span><br \/><span style=\"color: #000000;\"><strong>Auf dieser Website verwenden wir den CAPTCHA-Dienst des folgenden Anbieters: Google Ireland Limited, Gordon House, 4 Barrow St, Dublin, D04 E5W5, Irland<\/strong><\/span><br \/><span style=\"color: #000000;\"><strong>Daten k\u00f6nnen zudem \u00fcbermittelt werden an: Google LLC, USA. F\u00fcr die optische Gestaltung des Captcha-Fensters werden vom Anbieter \u201eGoogle Fonts&#8220;, also von Google aus dem Internet geladene Schriftarten, verwendet. Zu einer Verarbeitung weiterer Informationen als den oben genannten, die bereits \u00fcber die Funktionalit\u00e4t von ReCaptcha an Google \u00fcbertragen werden, kommt es hierbei nicht.<\/strong><\/span><br \/><span style=\"color: #000000;\"><strong>Der Dienst pr\u00fcft, ob eine Eingabe durch eine nat\u00fcrliche Person oder missbr\u00e4uchlich durch maschinelle und automatisierte Verarbeitung erfolgt, und blockiert Spam, DDoS-Attacken sowie \u00e4hnliche automatisierte Schadzugriffe. Um sicherzustellen, dass eine Handlung von einem Menschen und nicht von einem automatisierten Bot vorgenommen wird, erhebt der Anbieter die IP-Adresse des verwendeten Endger\u00e4ts, Erkennungsdaten des verwendeten Browser- und Betriebssystem-Typ sowie Datum und Dauer des Besuchs und \u00fcbermittelt diese zur Auswertung an Server des Anbieters. Hierbei k\u00f6nnen Cookies zum Einsatz kommen, also kleine Text-Dateien, die im Browser des Endger\u00e4ts gespeichert werden.<\/strong><\/span><br \/><span style=\"color: #000000;\"><strong>Sofern die oben beschriebenen Verarbeitungen auf Basis von Cookies erfolgen, werden diese nur gesetzt, wenn Sie uns gem\u00e4\u00df Art. 6 Abs. 1 lit. a DSGVO dazu Ihre ausdr\u00fcckliche Einwilligung erteilt haben. Sie k\u00f6nnen Ihre erteilte Einwilligung jederzeit mit Wirkung f\u00fcr die Zukunft widerrufen, indem Sie diesen Dienst in dem auf der Webseite bereitgestellten \u201eCookie-Consent-Tool\u201c deaktivieren.<\/strong><\/span><br \/><span style=\"color: #000000;\"><strong>Werden die oben beschriebenen Verarbeitungen ohne den Einsatz von Cookies vollzogen, ist Rechtsgrundlage ist unser berechtigtes Interesse an der Feststellung der individuellen Eigenverantwortung im Internet und der Vermeidung von Missbrauch und Spam gem\u00e4\u00df Art. 6 Abs. 1 lit. f DSGVO.<\/strong><\/span><br \/><span style=\"color: #000000;\"><strong>Wir haben mit dem Anbieter einen Auftragsverarbeitungsvertrag abgeschlossen, der den Schutz der Daten unserer Seitenbesucher sicherstellt und eine unberechtigte Weitergabe an Dritte untersagt.<\/strong><\/span><br \/><span style=\"color: #000000;\"><strong>F\u00fcr Daten\u00fcbermittlungen in die USA hat sich der Anbieter dem EU-US-Datenschutzrahmen (EU-US Data Privacy Framework) angeschlossen, das auf Basis eines Angemessenheitsbeschlusses der Europ\u00e4ischen Kommission die Einhaltung des europ\u00e4ischen Datenschutzniveaus sicherstellt.<\/strong><\/span><br \/><span style=\"color: #000000;\"><strong>Weitere Hinweise zu den Datenschutzbestimmungen von Google finden sich hier: https:\/\/business.safety.google\/intl\/de\/privacy\/<\/strong><\/span><\/p><p><span style=\"color: #000000;\"><strong>13) Tools und Sonstiges<\/strong><\/span><br \/><span style=\"color: #000000;\"><strong>Cookie-Consent-Tool<\/strong><\/span><br \/><span style=\"color: #000000;\"><strong>Diese Website nutzt zur Einholung wirksamer Nutzereinwilligungen f\u00fcr einwilligungspflichtige Cookies und cookie-basierte Anwendungen ein sog. \u201eCookie-Consent-Tool\u201c. Das \u201eCookie-Consent-Tool\u201c wird Nutzern bei Seitenaufruf in Form einer interaktiven Benutzeroberfl\u00e4che angezeigt, auf welcher sich per H\u00e4kchensetzung Einwilligungen f\u00fcr bestimmte Cookies und\/oder cookie-basierte Anwendungen erteilen lassen. Hierbei werden durch den Einsatz des Tools alle einwilligungspflichtigen Cookies\/Dienste nur dann geladen, wenn der jeweilige Nutzer entsprechende Einwilligungen per H\u00e4kchensetzung erteilt. So wird sichergestellt, dass nur im Falle einer erteilten Einwilligung derartige Cookies auf dem jeweiligen Endger\u00e4t des Nutzers gesetzt werden.<\/strong><\/span><br \/><span style=\"color: #000000;\"><strong>Das Tool setzt technisch notwendige Cookies, um Ihre Cookie-Pr\u00e4ferenzen zu speichern. Personenbezogene Nutzerdaten werden hierbei grunds\u00e4tzlich nicht verarbeitet.<\/strong><\/span><br \/><span style=\"color: #000000;\"><strong>Kommt es im Einzelfall zum Zwecke der Speicherung, Zuordnung oder Protokollierung von Cookie-Einstellungen doch zur Verarbeitung personenbezogener Daten (wie etwa der IP-Adresse), erfolgt diese gem\u00e4\u00df Art. 6 Abs. 1 lit. f DSGVO auf Basis unseres berechtigten Interesses an einem rechtskonformen, nutzerspezifischen und nutzerfreundlichen Einwilligungsmanagement f\u00fcr Cookies und mithin an einer rechtskonformen Ausgestaltung unseres Internetauftritts.<\/strong><\/span><br \/><span style=\"color: #000000;\"><strong>Weitere Rechtsgrundlage f\u00fcr die Verarbeitung ist ferner Art. 6 Abs. 1 lit. c DSGVO. Wir unterliegen als Verantwortliche der rechtlichen Verpflichtung, den Einsatz technisch nicht notwendiger Cookies von der jeweiligen Nutzereinwilligung abh\u00e4ngig zu machen.<\/strong><\/span><br \/><span style=\"color: #000000;\"><strong>Soweit erforderlich, haben wir mit dem Anbieter einen Auftragsverarbeitungsvertrag geschlossen, der den Schutz der Daten unserer Seitenbesucher sicherstellt und eine unberechtigte Weitergabe an Dritte untersagt.<\/strong><\/span><br \/><span style=\"color: #000000;\"><strong>Weitere Informationen zum Betreiber und den Einstellungsm\u00f6glichkeiten des Cookie-Consent-Tools finden Sie direkt in der entsprechenden Benutzeroberfl\u00e4che auf unserer Website.<\/strong><\/span><\/p><p><span style=\"color: #000000;\"><strong>14) Rechte des Betroffenen<\/strong><\/span><br \/><span style=\"color: #000000;\"><strong>14.1 Das geltende Datenschutzrecht gew\u00e4hrt Ihnen gegen\u00fcber dem Verantwortlichen hinsichtlich der Verarbeitung Ihrer personenbezogenen Daten die nachstehenden Betroffenenrechte (Auskunfts- und Interventionsrechte), wobei f\u00fcr die jeweiligen Aus\u00fcbungsvoraussetzungen auf die angef\u00fchrte Rechtsgrundlage verwiesen wird:<\/strong><\/span><br \/><span style=\"color: #000000;\"><strong>&#8211; Auskunftsrecht gem\u00e4\u00df Art. 15 DSGVO;<\/strong><\/span><br \/><span style=\"color: #000000;\"><strong>&#8211; Recht auf Berichtigung gem\u00e4\u00df Art. 16 DSGVO;<\/strong><\/span><br \/><span style=\"color: #000000;\"><strong>&#8211; Recht auf L\u00f6schung gem\u00e4\u00df Art. 17 DSGVO;<\/strong><\/span><br \/><span style=\"color: #000000;\"><strong>&#8211; Recht auf Einschr\u00e4nkung der Verarbeitung gem\u00e4\u00df Art. 18 DSGVO;<\/strong><\/span><br \/><span style=\"color: #000000;\"><strong>&#8211; Recht auf Unterrichtung gem\u00e4\u00df Art. 19 DSGVO;<\/strong><\/span><br \/><span style=\"color: #000000;\"><strong>&#8211; Recht auf Daten\u00fcbertragbarkeit gem\u00e4\u00df Art. 20 DSGVO;<\/strong><\/span><br \/><span style=\"color: #000000;\"><strong>&#8211; Recht auf Widerruf erteilter Einwilligungen gem\u00e4\u00df Art. 7 Abs. 3 DSGVO;<\/strong><\/span><br \/><span style=\"color: #000000;\"><strong>&#8211; Recht auf Beschwerde gem\u00e4\u00df Art. 77 DSGVO.<\/strong><\/span><br \/><span style=\"color: #000000;\"><strong>14.2 WIDERSPRUCHSRECHT<\/strong><\/span><br \/><span style=\"color: #000000;\"><strong>WENN WIR IM RAHMEN EINER INTERESSENABW\u00c4GUNG IHRE PERSONENBEZOGENEN DATEN AUFGRUND UNSERES \u00dcBERWIEGENDEN BERECHTIGTEN INTERESSES VERARBEITEN, HABEN SIE DAS JEDERZEITIGE RECHT, AUS GR\u00dcNDEN, DIE SICH AUS IHRER BESONDEREN SITUATION ERGEBEN, GEGEN DIESE VERARBEITUNG WIDERSPRUCH MIT WIRKUNG F\u00dcR DIE ZUKUNFT EINZULEGEN.<\/strong><\/span><br \/><span style=\"color: #000000;\"><strong>MACHEN SIE VON IHREM WIDERSPRUCHSRECHT GEBRAUCH, BEENDEN WIR DIE VERARBEITUNG DER BETROFFENEN DATEN. EINE WEITERVERARBEITUNG BLEIBT ABER VORBEHALTEN, WENN WIR ZWINGENDE SCHUTZW\u00dcRDIGE GR\u00dcNDE F\u00dcR DIE VERARBEITUNG NACHWEISEN K\u00d6NNEN, DIE IHRE INTERESSEN, GRUNDRECHTE UND GRUNDFREIHEITEN \u00dcBERWIEGEN, ODER WENN DIE VERARBEITUNG DER GELTENDMACHUNG, AUS\u00dcBUNG ODER VERTEIDIGUNG VON RECHTSANSPR\u00dcCHEN DIENT.<\/strong><\/span><br \/><span style=\"color: #000000;\"><strong>WERDEN IHRE PERSONENBEZOGENEN DATEN VON UNS VERARBEITET, UM DIREKTWERBUNG ZU BETREIBEN, HABEN SIE DAS RECHT, JEDERZEIT WIDERSPRUCH GEGEN DIE VERARBEITUNG SIE BETREFFENDER PERSONENBEZOGENER DATEN ZUM ZWECKE DERARTIGER WERBUNG EINZULEGEN. SIE K\u00d6NNEN DEN WIDERSPRUCH WIE OBEN BESCHRIEBEN AUS\u00dcBEN.<\/strong><\/span><br \/><span style=\"color: #000000;\"><strong>MACHEN SIE VON IHREM WIDERSPRUCHSRECHT GEBRAUCH, BEENDEN WIR DIE VERARBEITUNG DER BETROFFENEN DATEN ZU DIREKTWERBEZWECKEN.<\/strong><\/span><\/p><p><span style=\"color: #000000;\"><strong>15) Dauer der Speicherung personenbezogener Daten<\/strong><\/span><br \/><span style=\"color: #000000;\"><strong>Die Dauer der Speicherung von personenbezogenen Daten bemisst sich anhand der jeweiligen Rechtsgrundlage, am Verarbeitungszweck und \u2013 sofern einschl\u00e4gig \u2013 zus\u00e4tzlich anhand der jeweiligen gesetzlichen Aufbewahrungsfrist (z.B. handels- und steuerrechtliche Aufbewahrungsfristen).<\/strong><\/span><br \/><span style=\"color: #000000;\"><strong>Bei der Verarbeitung von personenbezogenen Daten auf Grundlage einer ausdr\u00fccklichen Einwilligung gem\u00e4\u00df Art. 6 Abs. 1 lit. a DSGVO werden die betroffenen Daten so lange gespeichert, bis Sie Ihre Einwilligung widerrufen.<\/strong><\/span><br \/><span style=\"color: #000000;\"><strong>Existieren gesetzliche Aufbewahrungsfristen f\u00fcr Daten, die im Rahmen rechtsgesch\u00e4ftlicher bzw. rechtsgesch\u00e4fts\u00e4hnlicher Verpflichtungen auf der Grundlage von Art. 6 Abs. 1 lit. b DSGVO verarbeitet werden, werden diese Daten nach Ablauf der Aufbewahrungsfristen routinem\u00e4\u00dfig gel\u00f6scht, sofern sie nicht mehr zur Vertragserf\u00fcllung oder Vertragsanbahnung erforderlich sind und\/oder unsererseits kein berechtigtes Interesse an der Weiterspeicherung fortbesteht.<\/strong><\/span><br \/><span style=\"color: #000000;\"><strong>Bei der Verarbeitung von personenbezogenen Daten auf Grundlage von Art. 6 Abs. 1 lit. f DSGVO werden diese Daten so lange gespeichert, bis Sie Ihr Widerspruchsrecht nach Art. 21 Abs. 1 DSGVO aus\u00fcben, es sei denn, wir k\u00f6nnen zwingende schutzw\u00fcrdige Gr\u00fcnde f\u00fcr die Verarbeitung nachweisen, die Ihre Interessen, Rechte und Freiheiten \u00fcberwiegen, oder die Verarbeitung dient der Geltendmachung, Aus\u00fcbung oder Verteidigung von Rechtsanspr\u00fcchen.<\/strong><\/span><br \/><span style=\"color: #000000;\"><strong>Bei der Verarbeitung von personenbezogenen Daten zum Zwecke der Direktwerbung auf Grundlage von Art. 6 Abs. 1 lit. f DSGVO werden diese Daten so lange gespeichert, bis Sie Ihr Widerspruchsrecht nach Art. 21 Abs. 2 DSGVO aus\u00fcben.<\/strong><\/span><br \/><span style=\"color: #000000;\"><strong>Sofern sich aus den sonstigen Informationen dieser Erkl\u00e4rung \u00fcber spezifische Verarbeitungssituationen nichts anderes ergibt, werden gespeicherte personenbezogene Daten im \u00dcbrigen dann gel\u00f6scht, wenn sie f\u00fcr die Zwecke, f\u00fcr die sie erhoben oder auf sonstige Weise verarbeitet wurden, nicht mehr notwendig sind.<\/strong><\/span><\/p><p><br \/><span style=\"color: #000000;\"><strong>Copyright-Hinweis: Diese Datenschutzerkl\u00e4rung wurde von den Fachanw\u00e4lten der IT-Recht Kanzlei erstellt und ist urheberrechtlich gesch\u00fctzt (https:\/\/www.it-recht-kanzlei.de)<\/strong><\/span><\/p><p><span style=\"color: #000000;\"><strong>Stand: 19.05.2025, 21:51:54 Uhr<\/strong><\/span><\/p><p>\u00a0<\/p>\t\t\t\t\t\t\t\t<\/div>\n\t\t\t\t<\/div>\n\t\t\t\t\t<\/div>\n\t\t\t\t<\/div>\n\t\t<div class=\"elementor-element elementor-element-f279762 e-flex e-con-boxed e-con e-parent\" data-id=\"f279762\" data-element_type=\"container\">\n\t\t\t\t\t<div class=\"e-con-inner\">\n\t\t\t\t<div class=\"elementor-element elementor-element-a81a755 elementor-headline--style-highlight elementor-widget elementor-widget-animated-headline\" data-id=\"a81a755\" data-element_type=\"widget\" data-settings=\"{&quot;highlighted_text&quot;:&quot;flexibel und pers\\u00f6nlich&quot;,&quot;headline_style&quot;:&quot;highlight&quot;,&quot;marker&quot;:&quot;circle&quot;,&quot;loop&quot;:&quot;yes&quot;,&quot;highlight_animation_duration&quot;:1200,&quot;highlight_iteration_delay&quot;:8000}\" data-widget_type=\"animated-headline.default\">\n\t\t\t\t<div class=\"elementor-widget-container\">\n\t\t\t\t\t\t\t<h4 class=\"elementor-headline\">\n\t\t\t\t\t<span class=\"elementor-headline-plain-text elementor-headline-text-wrapper\">Individueller Musikunterricht in Mannheim \u2013 <\/span>\n\t\t\t\t<span class=\"elementor-headline-dynamic-wrapper elementor-headline-text-wrapper\">\n\t\t\t\t\t<span class=\"elementor-headline-dynamic-text elementor-headline-text-active\">flexibel und pers\u00f6nlich<\/span>\n\t\t\t\t<\/span>\n\t\t\t\t<\/h4>\n\t\t\t\t\t\t<\/div>\n\t\t\t\t<\/div>\n\t\t\t\t\t<\/div>\n\t\t\t\t<\/div>\n\t\t<div class=\"elementor-element elementor-element-e62cc82 e-flex e-con-boxed e-con e-parent\" data-id=\"e62cc82\" data-element_type=\"container\">\n\t\t\t\t\t<div class=\"e-con-inner\">\n\t\t\t\t<div class=\"elementor-element elementor-element-7d92d9b elementor-align-left elementor-widget elementor-widget-etheme_advanced_headline\" data-id=\"7d92d9b\" data-element_type=\"widget\" data-widget_type=\"etheme_advanced_headline.default\">\n\t\t\t\t<div class=\"elementor-widget-container\">\n\t\t\t\t\t        \r\n        <div class=\"etheme-a-h-wrapper\">\r\n        \r\n                            <span class=\"etheme-a-h-text-before\">\r\n                    Harmonie Musikschule                <\/span>\r\n            \r\n        <h2 class=\"etheme-advanced-headline etheme-advanced-headline-mask\">\r\n\r\n            \r\n        <\/h2>\r\n\t\t\r\n                                    <div class=\"etheme-a-h-icon-wrapper\">\r\n\t\t\t                                        <\/div>\r\n\t                                <p class=\"etheme-a-h-text-after\">\r\n                    Unsere Musikschule bietet:\n\n<br><br>* Einzelunterricht mit klarer Struktur und individuellen Lernzielen\n\n<br><br>* Unterricht f\u00fcr alle Altersgruppen \u2013 Kinder, Jugendliche, Erwachsene &#038; Senioren\n\n<br><br>* Flexible Terminvereinbarung \u2013 nachmittags, abends oder samstags\n\n<br><br>* Probestunde m\u00f6glich\n\n<br><br>* Keine langfristige Vertragsbindung n\u00f6tig (monatlich k\u00fcndbar)\n\n<br><br>* Unsere Lehrerinnen und Lehrer sind ausgebildete Musiker*innen mit p\u00e4dagogischer Qualifikation. <br>Sie gehen auf Ihre musikalischen Interessen ein und sorgen daf\u00fcr, dass Sie mit Freude lernen und Fortschritte sehen.                <\/p>\r\n                    \r\n        <\/div>\r\n        \r\n\t\t\t\t\t\t<\/div>\n\t\t\t\t<\/div>\n\t\t\t\t\t<\/div>\n\t\t\t\t<\/div>\n\t\t<div class=\"elementor-element elementor-element-1196991 e-flex e-con-boxed e-con e-parent\" data-id=\"1196991\" data-element_type=\"container\">\n\t\t\t\t\t<div class=\"e-con-inner\">\n\t\t\t\t<div class=\"elementor-element elementor-element-2184e50 elementor-widget elementor-widget-etheme_product_carousel\" data-id=\"2184e50\" data-element_type=\"widget\" data-settings=\"{&quot;slides_per_view&quot;:4,&quot;space_between&quot;:{&quot;unit&quot;:&quot;px&quot;,&quot;size&quot;:20,&quot;sizes&quot;:[]},&quot;space_between_tablet&quot;:{&quot;unit&quot;:&quot;px&quot;,&quot;size&quot;:&quot;&quot;,&quot;sizes&quot;:[]},&quot;space_between_mobile&quot;:{&quot;unit&quot;:&quot;px&quot;,&quot;size&quot;:&quot;&quot;,&quot;sizes&quot;:[]},&quot;loop&quot;:&quot;yes&quot;,&quot;navigation&quot;:&quot;arrows&quot;}\" data-widget_type=\"etheme_product_carousel.default\">\n\t\t\t\t<div class=\"elementor-widget-container\">\n\t\t\t\t\t                <div class=\"etheme-elementor-swiper-entry swiper-entry middle-inbox arrows-hover\">\r\n                    <div class=\"swiper etheme-elementor-slider\" dir=\"ltr\">\r\n                        <div class=\"swiper-wrapper\">\r\n                            <div class=\"swiper-slide\">        \r\n        <div class=\"etheme-product-grid-item etheme-product-hover-mask3 etheme-product-hover-mode-white product type-product post-6025 status-publish first instock product_cat-langhals-saz product_cat-saz has-post-thumbnail sale taxable shipping-taxable purchasable product-type-simple\">\r\n        \r\n        <div class=\"etheme-product-grid-image\"><a href=\"https:\/\/harmonie-event.de\/?product=mahagoni-glanz-langhals-2\"><img loading=\"lazy\" loading=\"lazy\" decoding=\"async\" width=\"300\" height=\"300\" src=\"https:\/\/harmonie-event.de\/wp-content\/uploads\/2025\/01\/UZUN-SAP-40-TEKNE-MAUN-BAGLAMA-1-1-600x600-Kopie-300x300.jpg\" class=\"attachment-woocommerce_thumbnail size-woocommerce_thumbnail\" alt=\"Mahagoni \u2013 Glanz \/ Langhals\" srcset=\"https:\/\/harmonie-event.de\/wp-content\/uploads\/2025\/01\/UZUN-SAP-40-TEKNE-MAUN-BAGLAMA-1-1-600x600-Kopie-300x300.jpg 300w, https:\/\/harmonie-event.de\/wp-content\/uploads\/2025\/01\/UZUN-SAP-40-TEKNE-MAUN-BAGLAMA-1-1-600x600-Kopie-150x150.jpg 150w, https:\/\/harmonie-event.de\/wp-content\/uploads\/2025\/01\/UZUN-SAP-40-TEKNE-MAUN-BAGLAMA-1-1-600x600-Kopie-100x100.jpg 100w, https:\/\/harmonie-event.de\/wp-content\/uploads\/2025\/01\/UZUN-SAP-40-TEKNE-MAUN-BAGLAMA-1-1-600x600-Kopie-1x1.jpg 1w, https:\/\/harmonie-event.de\/wp-content\/uploads\/2025\/01\/UZUN-SAP-40-TEKNE-MAUN-BAGLAMA-1-1-600x600-Kopie-10x10.jpg 10w, https:\/\/harmonie-event.de\/wp-content\/uploads\/2025\/01\/UZUN-SAP-40-TEKNE-MAUN-BAGLAMA-1-1-600x600-Kopie.jpg 600w\" sizes=\"auto, (max-width: 300px) 100vw, 300px\" \/><\/a>                         <footer>\r\n                             <div class=\"footer-inner\"><a href=\"?add-to-cart=6025\" aria-describedby=\"woocommerce_loop_add_to_cart_link_describedby_6025\" data-quantity=\"1\" class=\"button product_type_simple add_to_cart_button ajax_add_to_cart\" data-product_id=\"6025\" data-product_sku=\"MN-108010\" aria-label=\"In den Warenkorb legen: \u201eMahagoni \u2013 Glanz \/ Langhals\u201c\" rel=\"nofollow\" data-success_message=\"\u201eMahagoni \u2013 Glanz \/ Langhals\u201c wurde deinem Warenkorb hinzugef\u00fcgt\" data-product_name=\"Mahagoni \u2013 Glanz \/ Langhals\"><svg fill=\"currentColor\" xmlns=\"http:\/\/www.w3.org\/2000\/svg\" width=\"1em\" height=\"1em\" viewBox=\"0 0 24 24\">\r\n<path d=\"M23.76 4.248c-0.096-0.096-0.24-0.24-0.504-0.24h-18.48l-0.48-2.4c-0.024-0.288-0.384-0.528-0.624-0.528h-2.952c-0.384 0-0.624 0.264-0.624 0.624s0.264 0.648 0.624 0.648h2.424l2.328 11.832c0.312 1.608 1.848 2.856 3.48 2.856h11.28c0.384 0 0.624-0.264 0.624-0.624s-0.264-0.624-0.624-0.624h-11.16c-0.696 0-1.344-0.312-1.704-0.816l14.064-1.92c0.264 0 0.528-0.24 0.528-0.528l1.968-7.824v-0.024c-0.024-0.048-0.024-0.288-0.168-0.432zM22.392 5.184l-1.608 6.696-14.064 1.824-1.704-8.52h17.376zM8.568 17.736c-1.464 0-2.592 1.128-2.592 2.592s1.128 2.592 2.592 2.592c1.464 0 2.592-1.128 2.592-2.592s-1.128-2.592-2.592-2.592zM9.888 20.328c0 0.696-0.624 1.32-1.32 1.32s-1.32-0.624-1.32-1.32 0.624-1.32 1.32-1.32 1.32 0.624 1.32 1.32zM18.36 17.736c-1.464 0-2.592 1.128-2.592 2.592s1.128 2.592 2.592 2.592c1.464 0 2.592-1.128 2.592-2.592s-1.128-2.592-2.592-2.592zM19.704 20.328c0 0.696-0.624 1.32-1.32 1.32s-1.344-0.6-1.344-1.32 0.624-1.32 1.32-1.32 1.344 0.624 1.344 1.32z\"><\/path>\r\n<\/svg><\/a>\t<span id=\"woocommerce_loop_add_to_cart_link_describedby_6025\" class=\"screen-reader-text\">\n\t\t\t<\/span>\n        <a href=\"?add_to_wishlist=6025\" class='xstore-wishlist' data-action='add' data-id='6025' data-settings='[]'>\r\n            <span class=\"button-text et-element-label\"><\/span>        <\/a>\r\n        <span class=\"show-quickly\" data-prodid=\"6025\" data-text=\"Schnellansicht\"><svg version=\"1.1\" xmlns=\"http:\/\/www.w3.org\/2000\/svg\" width=\"1em\" height=\"1em\" viewBox=\"0 0 24 24\" fill=\"currentColor\">\r\n                        <path d=\"M20.664 8.688v0c-4.8-4.776-12.6-4.776-17.376 0l-3.288 3.264 3.36 3.36c2.328 2.328 5.4 3.6 8.712 3.6 3.288 0 6.384-1.272 8.712-3.6l3.216-3.264-3.336-3.36zM4.152 14.496l-2.52-2.544 2.496-2.496c4.344-4.344 11.4-4.344 15.744 0l2.52 2.544-2.496 2.496c-4.344 4.32-11.4 4.32-15.744 0zM12 6.648c-2.952 0-5.352 2.4-5.352 5.352s2.4 5.352 5.352 5.352c2.952 0 5.352-2.4 5.352-5.352s-2.4-5.352-5.352-5.352zM12 16.176c-2.304 0-4.176-1.872-4.176-4.176s1.872-4.176 4.176-4.176 4.176 1.872 4.176 4.176-1.872 4.176-4.176 4.176z\"><\/path>\r\n                    <\/svg><\/span><\/div>                         <\/footer>\r\n                 <\/div><div class=\"etheme-product-grid-content\"><div class=\"etheme-product-grid-categories\"><a href=\"https:\/\/harmonie-event.de\/?product_cat=langhals-saz\" rel=\"tag\">Langhals Saz<\/a><\/div><h2 class=\"woocommerce-loop-product__title etheme-product-grid-title\"><a href=\"https:\/\/harmonie-event.de\/?product=mahagoni-glanz-langhals-2\">Mahagoni \u2013 Glanz \/ Langhals<\/a><\/h2><div class=\"star-rating-wrapper\"><\/div>\n\t<span class=\"price\"><del aria-hidden=\"true\"><span class=\"woocommerce-Price-amount amount\"><bdi>349,00&nbsp;<span class=\"woocommerce-Price-currencySymbol\">&euro;<\/span><\/bdi><\/span><\/del> <span class=\"screen-reader-text\">Urspr\u00fcnglicher Preis war: 349,00&nbsp;&euro;<\/span><ins aria-hidden=\"true\"><span class=\"woocommerce-Price-amount amount\"><bdi>299,00&nbsp;<span class=\"woocommerce-Price-currencySymbol\">&euro;<\/span><\/bdi><\/span><\/ins><span class=\"screen-reader-text\">Aktueller Preis ist: 299,00&nbsp;&euro;.<\/span><\/span>\n\n\n\n\n\t<p class=\"wc-gzd-additional-info wc-gzd-additional-info-loop tax-info\">inkl. 19 % MwSt.<\/p>\n\n\t<p class=\"wc-gzd-additional-info wc-gzd-additional-info-loop shipping-costs-info\">plus <a href=\"\" target=\"_blank\">Shipping Costs<\/a><\/p>\n\n\n<\/div>        <\/div>\r\n        <\/div><div class=\"swiper-slide\">        \r\n        <div class=\"etheme-product-grid-item etheme-product-hover-mask3 etheme-product-hover-mode-white product type-product post-5940 status-publish instock product_cat-kurzhals-saz product_cat-saz has-post-thumbnail sale taxable shipping-taxable purchasable product-type-simple\">\r\n        \r\n        <div class=\"etheme-product-grid-image\"><a href=\"https:\/\/harmonie-event.de\/?product=kastanie-glanz-kurzhals\"><img loading=\"lazy\" loading=\"lazy\" decoding=\"async\" width=\"300\" height=\"300\" src=\"https:\/\/harmonie-event.de\/wp-content\/uploads\/2025\/01\/KISA-SAP-40-TEKNE-KESTANE-BAGLAMA-1-scaled-Kopie-300x300.jpg\" class=\"attachment-woocommerce_thumbnail size-woocommerce_thumbnail\" alt=\"Kastanie \u2013 Glanz \/ Kurzhals\" srcset=\"https:\/\/harmonie-event.de\/wp-content\/uploads\/2025\/01\/KISA-SAP-40-TEKNE-KESTANE-BAGLAMA-1-scaled-Kopie-300x300.jpg 300w, https:\/\/harmonie-event.de\/wp-content\/uploads\/2025\/01\/KISA-SAP-40-TEKNE-KESTANE-BAGLAMA-1-scaled-Kopie-756x756.jpg 756w, https:\/\/harmonie-event.de\/wp-content\/uploads\/2025\/01\/KISA-SAP-40-TEKNE-KESTANE-BAGLAMA-1-scaled-Kopie-1600x1600.jpg 1600w, https:\/\/harmonie-event.de\/wp-content\/uploads\/2025\/01\/KISA-SAP-40-TEKNE-KESTANE-BAGLAMA-1-scaled-Kopie-150x150.jpg 150w, https:\/\/harmonie-event.de\/wp-content\/uploads\/2025\/01\/KISA-SAP-40-TEKNE-KESTANE-BAGLAMA-1-scaled-Kopie-768x768.jpg 768w, https:\/\/harmonie-event.de\/wp-content\/uploads\/2025\/01\/KISA-SAP-40-TEKNE-KESTANE-BAGLAMA-1-scaled-Kopie-1536x1536.jpg 1536w, https:\/\/harmonie-event.de\/wp-content\/uploads\/2025\/01\/KISA-SAP-40-TEKNE-KESTANE-BAGLAMA-1-scaled-Kopie-2048x2048.jpg 2048w, https:\/\/harmonie-event.de\/wp-content\/uploads\/2025\/01\/KISA-SAP-40-TEKNE-KESTANE-BAGLAMA-1-scaled-Kopie-600x600.jpg 600w, https:\/\/harmonie-event.de\/wp-content\/uploads\/2025\/01\/KISA-SAP-40-TEKNE-KESTANE-BAGLAMA-1-scaled-Kopie-100x100.jpg 100w, https:\/\/harmonie-event.de\/wp-content\/uploads\/2025\/01\/KISA-SAP-40-TEKNE-KESTANE-BAGLAMA-1-scaled-Kopie-1x1.jpg 1w, https:\/\/harmonie-event.de\/wp-content\/uploads\/2025\/01\/KISA-SAP-40-TEKNE-KESTANE-BAGLAMA-1-scaled-Kopie-10x10.jpg 10w\" sizes=\"auto, (max-width: 300px) 100vw, 300px\" \/><\/a>                         <footer>\r\n                             <div class=\"footer-inner\"><a href=\"?add-to-cart=5940\" aria-describedby=\"woocommerce_loop_add_to_cart_link_describedby_5940\" data-quantity=\"1\" class=\"button product_type_simple add_to_cart_button ajax_add_to_cart\" data-product_id=\"5940\" data-product_sku=\"KST-108023\" aria-label=\"In den Warenkorb legen: \u201eKastanie \u2013 Glanz \/ Kurzhals\u201c\" rel=\"nofollow\" data-success_message=\"\u201eKastanie \u2013 Glanz \/ Kurzhals\u201c wurde deinem Warenkorb hinzugef\u00fcgt\" data-product_name=\"Kastanie \u2013 Glanz \/ Kurzhals\"><svg fill=\"currentColor\" xmlns=\"http:\/\/www.w3.org\/2000\/svg\" width=\"1em\" height=\"1em\" viewBox=\"0 0 24 24\">\r\n<path d=\"M23.76 4.248c-0.096-0.096-0.24-0.24-0.504-0.24h-18.48l-0.48-2.4c-0.024-0.288-0.384-0.528-0.624-0.528h-2.952c-0.384 0-0.624 0.264-0.624 0.624s0.264 0.648 0.624 0.648h2.424l2.328 11.832c0.312 1.608 1.848 2.856 3.48 2.856h11.28c0.384 0 0.624-0.264 0.624-0.624s-0.264-0.624-0.624-0.624h-11.16c-0.696 0-1.344-0.312-1.704-0.816l14.064-1.92c0.264 0 0.528-0.24 0.528-0.528l1.968-7.824v-0.024c-0.024-0.048-0.024-0.288-0.168-0.432zM22.392 5.184l-1.608 6.696-14.064 1.824-1.704-8.52h17.376zM8.568 17.736c-1.464 0-2.592 1.128-2.592 2.592s1.128 2.592 2.592 2.592c1.464 0 2.592-1.128 2.592-2.592s-1.128-2.592-2.592-2.592zM9.888 20.328c0 0.696-0.624 1.32-1.32 1.32s-1.32-0.624-1.32-1.32 0.624-1.32 1.32-1.32 1.32 0.624 1.32 1.32zM18.36 17.736c-1.464 0-2.592 1.128-2.592 2.592s1.128 2.592 2.592 2.592c1.464 0 2.592-1.128 2.592-2.592s-1.128-2.592-2.592-2.592zM19.704 20.328c0 0.696-0.624 1.32-1.32 1.32s-1.344-0.6-1.344-1.32 0.624-1.32 1.32-1.32 1.344 0.624 1.344 1.32z\"><\/path>\r\n<\/svg><\/a>\t<span id=\"woocommerce_loop_add_to_cart_link_describedby_5940\" class=\"screen-reader-text\">\n\t\t\t<\/span>\n        <a href=\"?add_to_wishlist=5940\" class='xstore-wishlist' data-action='add' data-id='5940' data-settings='[]'>\r\n            <span class=\"button-text et-element-label\"><\/span>        <\/a>\r\n        <span class=\"show-quickly\" data-prodid=\"5940\" data-text=\"Schnellansicht\"><svg version=\"1.1\" xmlns=\"http:\/\/www.w3.org\/2000\/svg\" width=\"1em\" height=\"1em\" viewBox=\"0 0 24 24\" fill=\"currentColor\">\r\n                        <path d=\"M20.664 8.688v0c-4.8-4.776-12.6-4.776-17.376 0l-3.288 3.264 3.36 3.36c2.328 2.328 5.4 3.6 8.712 3.6 3.288 0 6.384-1.272 8.712-3.6l3.216-3.264-3.336-3.36zM4.152 14.496l-2.52-2.544 2.496-2.496c4.344-4.344 11.4-4.344 15.744 0l2.52 2.544-2.496 2.496c-4.344 4.32-11.4 4.32-15.744 0zM12 6.648c-2.952 0-5.352 2.4-5.352 5.352s2.4 5.352 5.352 5.352c2.952 0 5.352-2.4 5.352-5.352s-2.4-5.352-5.352-5.352zM12 16.176c-2.304 0-4.176-1.872-4.176-4.176s1.872-4.176 4.176-4.176 4.176 1.872 4.176 4.176-1.872 4.176-4.176 4.176z\"><\/path>\r\n                    <\/svg><\/span><\/div>                         <\/footer>\r\n                 <\/div><div class=\"etheme-product-grid-content\"><div class=\"etheme-product-grid-categories\"><a href=\"https:\/\/harmonie-event.de\/?product_cat=kurzhals-saz\" rel=\"tag\">Kurzhals Saz<\/a><\/div><h2 class=\"woocommerce-loop-product__title etheme-product-grid-title\"><a href=\"https:\/\/harmonie-event.de\/?product=kastanie-glanz-kurzhals\">Kastanie \u2013 Glanz \/ Kurzhals<\/a><\/h2><div class=\"star-rating-wrapper\"><\/div>\n\t<span class=\"price\"><del aria-hidden=\"true\"><span class=\"woocommerce-Price-amount amount\"><bdi>285,00&nbsp;<span class=\"woocommerce-Price-currencySymbol\">&euro;<\/span><\/bdi><\/span><\/del> <span class=\"screen-reader-text\">Urspr\u00fcnglicher Preis war: 285,00&nbsp;&euro;<\/span><ins aria-hidden=\"true\"><span class=\"woocommerce-Price-amount amount\"><bdi>235,00&nbsp;<span class=\"woocommerce-Price-currencySymbol\">&euro;<\/span><\/bdi><\/span><\/ins><span class=\"screen-reader-text\">Aktueller Preis ist: 235,00&nbsp;&euro;.<\/span><\/span>\n\n\n\n\n\t<p class=\"wc-gzd-additional-info wc-gzd-additional-info-loop tax-info\">inkl. 19 % MwSt.<\/p>\n\n\t<p class=\"wc-gzd-additional-info wc-gzd-additional-info-loop shipping-costs-info\">plus <a href=\"\" target=\"_blank\">Shipping Costs<\/a><\/p>\n\n\n<\/div>        <\/div>\r\n        <\/div><div class=\"swiper-slide\">        \r\n        <div class=\"etheme-product-grid-item etheme-product-hover-mask3 etheme-product-hover-mode-white product type-product post-6046 status-publish instock product_cat-langhals-saz product_cat-saz has-post-thumbnail sale taxable shipping-taxable purchasable product-type-simple\">\r\n        \r\n        <div class=\"etheme-product-grid-image\"><a href=\"https:\/\/harmonie-event.de\/?product=maulbeere-glanz-langhals\"><img loading=\"lazy\" loading=\"lazy\" decoding=\"async\" width=\"300\" height=\"300\" src=\"https:\/\/harmonie-event.de\/wp-content\/uploads\/2025\/01\/UZUN-SAP-41-TEKNE-DUT-BAGLAMA-1-600x600-1-300x300.jpg\" class=\"attachment-woocommerce_thumbnail size-woocommerce_thumbnail\" alt=\"Maulbeere \u2013 Glanz \/ Langhals\" srcset=\"https:\/\/harmonie-event.de\/wp-content\/uploads\/2025\/01\/UZUN-SAP-41-TEKNE-DUT-BAGLAMA-1-600x600-1-300x300.jpg 300w, https:\/\/harmonie-event.de\/wp-content\/uploads\/2025\/01\/UZUN-SAP-41-TEKNE-DUT-BAGLAMA-1-600x600-1-150x150.jpg 150w, https:\/\/harmonie-event.de\/wp-content\/uploads\/2025\/01\/UZUN-SAP-41-TEKNE-DUT-BAGLAMA-1-600x600-1-100x100.jpg 100w, https:\/\/harmonie-event.de\/wp-content\/uploads\/2025\/01\/UZUN-SAP-41-TEKNE-DUT-BAGLAMA-1-600x600-1-1x1.jpg 1w, https:\/\/harmonie-event.de\/wp-content\/uploads\/2025\/01\/UZUN-SAP-41-TEKNE-DUT-BAGLAMA-1-600x600-1-10x10.jpg 10w, https:\/\/harmonie-event.de\/wp-content\/uploads\/2025\/01\/UZUN-SAP-41-TEKNE-DUT-BAGLAMA-1-600x600-1.jpg 600w\" sizes=\"auto, (max-width: 300px) 100vw, 300px\" \/><\/a>                         <footer>\r\n                             <div class=\"footer-inner\"><a href=\"?add-to-cart=6046\" aria-describedby=\"woocommerce_loop_add_to_cart_link_describedby_6046\" data-quantity=\"1\" class=\"button product_type_simple add_to_cart_button ajax_add_to_cart\" data-product_id=\"6046\" data-product_sku=\"DT-108001\" aria-label=\"In den Warenkorb legen: \u201eMaulbeere \u2013 Glanz \/ Langhals\u201c\" rel=\"nofollow\" data-success_message=\"\u201eMaulbeere \u2013 Glanz \/ Langhals\u201c wurde deinem Warenkorb hinzugef\u00fcgt\" data-product_name=\"Maulbeere \u2013 Glanz \/ Langhals\"><svg fill=\"currentColor\" xmlns=\"http:\/\/www.w3.org\/2000\/svg\" width=\"1em\" height=\"1em\" viewBox=\"0 0 24 24\">\r\n<path d=\"M23.76 4.248c-0.096-0.096-0.24-0.24-0.504-0.24h-18.48l-0.48-2.4c-0.024-0.288-0.384-0.528-0.624-0.528h-2.952c-0.384 0-0.624 0.264-0.624 0.624s0.264 0.648 0.624 0.648h2.424l2.328 11.832c0.312 1.608 1.848 2.856 3.48 2.856h11.28c0.384 0 0.624-0.264 0.624-0.624s-0.264-0.624-0.624-0.624h-11.16c-0.696 0-1.344-0.312-1.704-0.816l14.064-1.92c0.264 0 0.528-0.24 0.528-0.528l1.968-7.824v-0.024c-0.024-0.048-0.024-0.288-0.168-0.432zM22.392 5.184l-1.608 6.696-14.064 1.824-1.704-8.52h17.376zM8.568 17.736c-1.464 0-2.592 1.128-2.592 2.592s1.128 2.592 2.592 2.592c1.464 0 2.592-1.128 2.592-2.592s-1.128-2.592-2.592-2.592zM9.888 20.328c0 0.696-0.624 1.32-1.32 1.32s-1.32-0.624-1.32-1.32 0.624-1.32 1.32-1.32 1.32 0.624 1.32 1.32zM18.36 17.736c-1.464 0-2.592 1.128-2.592 2.592s1.128 2.592 2.592 2.592c1.464 0 2.592-1.128 2.592-2.592s-1.128-2.592-2.592-2.592zM19.704 20.328c0 0.696-0.624 1.32-1.32 1.32s-1.344-0.6-1.344-1.32 0.624-1.32 1.32-1.32 1.344 0.624 1.344 1.32z\"><\/path>\r\n<\/svg><\/a>\t<span id=\"woocommerce_loop_add_to_cart_link_describedby_6046\" class=\"screen-reader-text\">\n\t\t\t<\/span>\n        <a href=\"?add_to_wishlist=6046\" class='xstore-wishlist' data-action='add' data-id='6046' data-settings='[]'>\r\n            <span class=\"button-text et-element-label\"><\/span>        <\/a>\r\n        <span class=\"show-quickly\" data-prodid=\"6046\" data-text=\"Schnellansicht\"><svg version=\"1.1\" xmlns=\"http:\/\/www.w3.org\/2000\/svg\" width=\"1em\" height=\"1em\" viewBox=\"0 0 24 24\" fill=\"currentColor\">\r\n                        <path d=\"M20.664 8.688v0c-4.8-4.776-12.6-4.776-17.376 0l-3.288 3.264 3.36 3.36c2.328 2.328 5.4 3.6 8.712 3.6 3.288 0 6.384-1.272 8.712-3.6l3.216-3.264-3.336-3.36zM4.152 14.496l-2.52-2.544 2.496-2.496c4.344-4.344 11.4-4.344 15.744 0l2.52 2.544-2.496 2.496c-4.344 4.32-11.4 4.32-15.744 0zM12 6.648c-2.952 0-5.352 2.4-5.352 5.352s2.4 5.352 5.352 5.352c2.952 0 5.352-2.4 5.352-5.352s-2.4-5.352-5.352-5.352zM12 16.176c-2.304 0-4.176-1.872-4.176-4.176s1.872-4.176 4.176-4.176 4.176 1.872 4.176 4.176-1.872 4.176-4.176 4.176z\"><\/path>\r\n                    <\/svg><\/span><\/div>                         <\/footer>\r\n                 <\/div><div class=\"etheme-product-grid-content\"><div class=\"etheme-product-grid-categories\"><a href=\"https:\/\/harmonie-event.de\/?product_cat=langhals-saz\" rel=\"tag\">Langhals Saz<\/a><\/div><h2 class=\"woocommerce-loop-product__title etheme-product-grid-title\"><a href=\"https:\/\/harmonie-event.de\/?product=maulbeere-glanz-langhals\">Maulbeere \u2013 Glanz \/ Langhals<\/a><\/h2><div class=\"star-rating-wrapper\"><\/div>\n\t<span class=\"price\"><del aria-hidden=\"true\"><span class=\"woocommerce-Price-amount amount\"><bdi>399,00&nbsp;<span class=\"woocommerce-Price-currencySymbol\">&euro;<\/span><\/bdi><\/span><\/del> <span class=\"screen-reader-text\">Urspr\u00fcnglicher Preis war: 399,00&nbsp;&euro;<\/span><ins aria-hidden=\"true\"><span class=\"woocommerce-Price-amount amount\"><bdi>349,00&nbsp;<span class=\"woocommerce-Price-currencySymbol\">&euro;<\/span><\/bdi><\/span><\/ins><span class=\"screen-reader-text\">Aktueller Preis ist: 349,00&nbsp;&euro;.<\/span><\/span>\n\n\n\n\n\t<p class=\"wc-gzd-additional-info wc-gzd-additional-info-loop tax-info\">inkl. 19 % MwSt.<\/p>\n\n\t<p class=\"wc-gzd-additional-info wc-gzd-additional-info-loop shipping-costs-info\">plus <a href=\"\" target=\"_blank\">Shipping Costs<\/a><\/p>\n\n\n<\/div>        <\/div>\r\n        <\/div><div class=\"swiper-slide\">        \r\n        <div class=\"etheme-product-grid-item etheme-product-hover-mask3 etheme-product-hover-mode-white product type-product post-5933 status-publish last instock product_cat-kurzhals-saz product_cat-saz has-post-thumbnail sale taxable shipping-taxable purchasable product-type-simple\">\r\n        \r\n        <div class=\"etheme-product-grid-image\"><a href=\"https:\/\/harmonie-event.de\/?product=afrormosia-glanz-kurzhals-2\"><img loading=\"lazy\" loading=\"lazy\" decoding=\"async\" width=\"300\" height=\"300\" src=\"https:\/\/harmonie-event.de\/wp-content\/uploads\/2025\/01\/KISA-SAP-40-TEKNE-AFRAMOZ-BAGLAMA-2-1-300x300.jpg\" class=\"attachment-woocommerce_thumbnail size-woocommerce_thumbnail\" alt=\"Afrormosia \u2013 Glanz \/ Kurzhals\" srcset=\"https:\/\/harmonie-event.de\/wp-content\/uploads\/2025\/01\/KISA-SAP-40-TEKNE-AFRAMOZ-BAGLAMA-2-1-300x300.jpg 300w, https:\/\/harmonie-event.de\/wp-content\/uploads\/2025\/01\/KISA-SAP-40-TEKNE-AFRAMOZ-BAGLAMA-2-1-756x756.jpg 756w, https:\/\/harmonie-event.de\/wp-content\/uploads\/2025\/01\/KISA-SAP-40-TEKNE-AFRAMOZ-BAGLAMA-2-1-1600x1600.jpg 1600w, https:\/\/harmonie-event.de\/wp-content\/uploads\/2025\/01\/KISA-SAP-40-TEKNE-AFRAMOZ-BAGLAMA-2-1-150x150.jpg 150w, https:\/\/harmonie-event.de\/wp-content\/uploads\/2025\/01\/KISA-SAP-40-TEKNE-AFRAMOZ-BAGLAMA-2-1-768x768.jpg 768w, https:\/\/harmonie-event.de\/wp-content\/uploads\/2025\/01\/KISA-SAP-40-TEKNE-AFRAMOZ-BAGLAMA-2-1-1536x1536.jpg 1536w, https:\/\/harmonie-event.de\/wp-content\/uploads\/2025\/01\/KISA-SAP-40-TEKNE-AFRAMOZ-BAGLAMA-2-1-2048x2048.jpg 2048w, https:\/\/harmonie-event.de\/wp-content\/uploads\/2025\/01\/KISA-SAP-40-TEKNE-AFRAMOZ-BAGLAMA-2-1-600x600.jpg 600w, https:\/\/harmonie-event.de\/wp-content\/uploads\/2025\/01\/KISA-SAP-40-TEKNE-AFRAMOZ-BAGLAMA-2-1-100x100.jpg 100w, https:\/\/harmonie-event.de\/wp-content\/uploads\/2025\/01\/KISA-SAP-40-TEKNE-AFRAMOZ-BAGLAMA-2-1-1x1.jpg 1w, https:\/\/harmonie-event.de\/wp-content\/uploads\/2025\/01\/KISA-SAP-40-TEKNE-AFRAMOZ-BAGLAMA-2-1-10x10.jpg 10w\" sizes=\"auto, (max-width: 300px) 100vw, 300px\" \/><\/a>                         <footer>\r\n                             <div class=\"footer-inner\"><a href=\"?add-to-cart=5933\" aria-describedby=\"woocommerce_loop_add_to_cart_link_describedby_5933\" data-quantity=\"1\" class=\"button product_type_simple add_to_cart_button ajax_add_to_cart\" data-product_id=\"5933\" data-product_sku=\"AFR-108017\" aria-label=\"In den Warenkorb legen: \u201eAfrormosia \u2013 Glanz \/ Kurzhals\u201c\" rel=\"nofollow\" data-success_message=\"\u201eAfrormosia \u2013 Glanz \/ Kurzhals\u201c wurde deinem Warenkorb hinzugef\u00fcgt\" data-product_name=\"Afrormosia \u2013 Glanz \/ Kurzhals\"><svg fill=\"currentColor\" xmlns=\"http:\/\/www.w3.org\/2000\/svg\" width=\"1em\" height=\"1em\" viewBox=\"0 0 24 24\">\r\n<path d=\"M23.76 4.248c-0.096-0.096-0.24-0.24-0.504-0.24h-18.48l-0.48-2.4c-0.024-0.288-0.384-0.528-0.624-0.528h-2.952c-0.384 0-0.624 0.264-0.624 0.624s0.264 0.648 0.624 0.648h2.424l2.328 11.832c0.312 1.608 1.848 2.856 3.48 2.856h11.28c0.384 0 0.624-0.264 0.624-0.624s-0.264-0.624-0.624-0.624h-11.16c-0.696 0-1.344-0.312-1.704-0.816l14.064-1.92c0.264 0 0.528-0.24 0.528-0.528l1.968-7.824v-0.024c-0.024-0.048-0.024-0.288-0.168-0.432zM22.392 5.184l-1.608 6.696-14.064 1.824-1.704-8.52h17.376zM8.568 17.736c-1.464 0-2.592 1.128-2.592 2.592s1.128 2.592 2.592 2.592c1.464 0 2.592-1.128 2.592-2.592s-1.128-2.592-2.592-2.592zM9.888 20.328c0 0.696-0.624 1.32-1.32 1.32s-1.32-0.624-1.32-1.32 0.624-1.32 1.32-1.32 1.32 0.624 1.32 1.32zM18.36 17.736c-1.464 0-2.592 1.128-2.592 2.592s1.128 2.592 2.592 2.592c1.464 0 2.592-1.128 2.592-2.592s-1.128-2.592-2.592-2.592zM19.704 20.328c0 0.696-0.624 1.32-1.32 1.32s-1.344-0.6-1.344-1.32 0.624-1.32 1.32-1.32 1.344 0.624 1.344 1.32z\"><\/path>\r\n<\/svg><\/a>\t<span id=\"woocommerce_loop_add_to_cart_link_describedby_5933\" class=\"screen-reader-text\">\n\t\t\t<\/span>\n        <a href=\"?add_to_wishlist=5933\" class='xstore-wishlist' data-action='add' data-id='5933' data-settings='[]'>\r\n            <span class=\"button-text et-element-label\"><\/span>        <\/a>\r\n        <span class=\"show-quickly\" data-prodid=\"5933\" data-text=\"Schnellansicht\"><svg version=\"1.1\" xmlns=\"http:\/\/www.w3.org\/2000\/svg\" width=\"1em\" height=\"1em\" viewBox=\"0 0 24 24\" fill=\"currentColor\">\r\n                        <path d=\"M20.664 8.688v0c-4.8-4.776-12.6-4.776-17.376 0l-3.288 3.264 3.36 3.36c2.328 2.328 5.4 3.6 8.712 3.6 3.288 0 6.384-1.272 8.712-3.6l3.216-3.264-3.336-3.36zM4.152 14.496l-2.52-2.544 2.496-2.496c4.344-4.344 11.4-4.344 15.744 0l2.52 2.544-2.496 2.496c-4.344 4.32-11.4 4.32-15.744 0zM12 6.648c-2.952 0-5.352 2.4-5.352 5.352s2.4 5.352 5.352 5.352c2.952 0 5.352-2.4 5.352-5.352s-2.4-5.352-5.352-5.352zM12 16.176c-2.304 0-4.176-1.872-4.176-4.176s1.872-4.176 4.176-4.176 4.176 1.872 4.176 4.176-1.872 4.176-4.176 4.176z\"><\/path>\r\n                    <\/svg><\/span><\/div>                         <\/footer>\r\n                 <\/div><div class=\"etheme-product-grid-content\"><div class=\"etheme-product-grid-categories\"><a href=\"https:\/\/harmonie-event.de\/?product_cat=kurzhals-saz\" rel=\"tag\">Kurzhals Saz<\/a><\/div><h2 class=\"woocommerce-loop-product__title etheme-product-grid-title\"><a href=\"https:\/\/harmonie-event.de\/?product=afrormosia-glanz-kurzhals-2\">Afrormosia \u2013 Glanz \/ Kurzhals<\/a><\/h2><div class=\"star-rating-wrapper\"><\/div>\n\t<span class=\"price\"><del aria-hidden=\"true\"><span class=\"woocommerce-Price-amount amount\"><bdi>289,00&nbsp;<span class=\"woocommerce-Price-currencySymbol\">&euro;<\/span><\/bdi><\/span><\/del> <span class=\"screen-reader-text\">Urspr\u00fcnglicher Preis war: 289,00&nbsp;&euro;<\/span><ins aria-hidden=\"true\"><span class=\"woocommerce-Price-amount amount\"><bdi>239,00&nbsp;<span class=\"woocommerce-Price-currencySymbol\">&euro;<\/span><\/bdi><\/span><\/ins><span class=\"screen-reader-text\">Aktueller Preis ist: 239,00&nbsp;&euro;.<\/span><\/span>\n\n\n\n\n\t<p class=\"wc-gzd-additional-info wc-gzd-additional-info-loop tax-info\">inkl. 19 % MwSt.<\/p>\n\n\t<p class=\"wc-gzd-additional-info wc-gzd-additional-info-loop shipping-costs-info\">plus <a href=\"\" target=\"_blank\">Shipping Costs<\/a><\/p>\n\n\n<\/div>        <\/div>\r\n        <\/div><div class=\"swiper-slide\">        \r\n        <div class=\"etheme-product-grid-item etheme-product-hover-mask3 etheme-product-hover-mode-white product type-product post-6178 status-publish first instock product_cat-gitarren has-post-thumbnail taxable shipping-taxable purchasable product-type-simple\">\r\n        \r\n        <div class=\"etheme-product-grid-image\"><a href=\"https:\/\/harmonie-event.de\/?product=klassische-gitarre\"><img loading=\"lazy\" loading=\"lazy\" decoding=\"async\" width=\"300\" height=\"300\" src=\"https:\/\/harmonie-event.de\/wp-content\/uploads\/2025\/01\/HRMNY-108026_2515-b-600x600-1-300x300.jpg\" class=\"attachment-woocommerce_thumbnail size-woocommerce_thumbnail\" alt=\"Klassische Gitarre\" srcset=\"https:\/\/harmonie-event.de\/wp-content\/uploads\/2025\/01\/HRMNY-108026_2515-b-600x600-1-300x300.jpg 300w, https:\/\/harmonie-event.de\/wp-content\/uploads\/2025\/01\/HRMNY-108026_2515-b-600x600-1-150x150.jpg 150w, https:\/\/harmonie-event.de\/wp-content\/uploads\/2025\/01\/HRMNY-108026_2515-b-600x600-1-100x100.jpg 100w, https:\/\/harmonie-event.de\/wp-content\/uploads\/2025\/01\/HRMNY-108026_2515-b-600x600-1-1x1.jpg 1w, https:\/\/harmonie-event.de\/wp-content\/uploads\/2025\/01\/HRMNY-108026_2515-b-600x600-1-10x10.jpg 10w, https:\/\/harmonie-event.de\/wp-content\/uploads\/2025\/01\/HRMNY-108026_2515-b-600x600-1.jpg 600w\" sizes=\"auto, (max-width: 300px) 100vw, 300px\" \/><\/a>                         <footer>\r\n                             <div class=\"footer-inner\"><a href=\"?add-to-cart=6178\" aria-describedby=\"woocommerce_loop_add_to_cart_link_describedby_6178\" data-quantity=\"1\" class=\"button product_type_simple add_to_cart_button ajax_add_to_cart\" data-product_id=\"6178\" data-product_sku=\"HRMNY-108026\" aria-label=\"In den Warenkorb legen: \u201eKlassische Gitarre\u201c\" rel=\"nofollow\" data-success_message=\"\u201eKlassische Gitarre\u201c wurde deinem Warenkorb hinzugef\u00fcgt\" data-product_name=\"Klassische Gitarre\"><svg fill=\"currentColor\" xmlns=\"http:\/\/www.w3.org\/2000\/svg\" width=\"1em\" height=\"1em\" viewBox=\"0 0 24 24\">\r\n<path d=\"M23.76 4.248c-0.096-0.096-0.24-0.24-0.504-0.24h-18.48l-0.48-2.4c-0.024-0.288-0.384-0.528-0.624-0.528h-2.952c-0.384 0-0.624 0.264-0.624 0.624s0.264 0.648 0.624 0.648h2.424l2.328 11.832c0.312 1.608 1.848 2.856 3.48 2.856h11.28c0.384 0 0.624-0.264 0.624-0.624s-0.264-0.624-0.624-0.624h-11.16c-0.696 0-1.344-0.312-1.704-0.816l14.064-1.92c0.264 0 0.528-0.24 0.528-0.528l1.968-7.824v-0.024c-0.024-0.048-0.024-0.288-0.168-0.432zM22.392 5.184l-1.608 6.696-14.064 1.824-1.704-8.52h17.376zM8.568 17.736c-1.464 0-2.592 1.128-2.592 2.592s1.128 2.592 2.592 2.592c1.464 0 2.592-1.128 2.592-2.592s-1.128-2.592-2.592-2.592zM9.888 20.328c0 0.696-0.624 1.32-1.32 1.32s-1.32-0.624-1.32-1.32 0.624-1.32 1.32-1.32 1.32 0.624 1.32 1.32zM18.36 17.736c-1.464 0-2.592 1.128-2.592 2.592s1.128 2.592 2.592 2.592c1.464 0 2.592-1.128 2.592-2.592s-1.128-2.592-2.592-2.592zM19.704 20.328c0 0.696-0.624 1.32-1.32 1.32s-1.344-0.6-1.344-1.32 0.624-1.32 1.32-1.32 1.344 0.624 1.344 1.32z\"><\/path>\r\n<\/svg><\/a>\t<span id=\"woocommerce_loop_add_to_cart_link_describedby_6178\" class=\"screen-reader-text\">\n\t\t\t<\/span>\n        <a href=\"?add_to_wishlist=6178\" class='xstore-wishlist' data-action='add' data-id='6178' data-settings='[]'>\r\n            <span class=\"button-text et-element-label\"><\/span>        <\/a>\r\n        <span class=\"show-quickly\" data-prodid=\"6178\" data-text=\"Schnellansicht\"><svg version=\"1.1\" xmlns=\"http:\/\/www.w3.org\/2000\/svg\" width=\"1em\" height=\"1em\" viewBox=\"0 0 24 24\" fill=\"currentColor\">\r\n                        <path d=\"M20.664 8.688v0c-4.8-4.776-12.6-4.776-17.376 0l-3.288 3.264 3.36 3.36c2.328 2.328 5.4 3.6 8.712 3.6 3.288 0 6.384-1.272 8.712-3.6l3.216-3.264-3.336-3.36zM4.152 14.496l-2.52-2.544 2.496-2.496c4.344-4.344 11.4-4.344 15.744 0l2.52 2.544-2.496 2.496c-4.344 4.32-11.4 4.32-15.744 0zM12 6.648c-2.952 0-5.352 2.4-5.352 5.352s2.4 5.352 5.352 5.352c2.952 0 5.352-2.4 5.352-5.352s-2.4-5.352-5.352-5.352zM12 16.176c-2.304 0-4.176-1.872-4.176-4.176s1.872-4.176 4.176-4.176 4.176 1.872 4.176 4.176-1.872 4.176-4.176 4.176z\"><\/path>\r\n                    <\/svg><\/span><\/div>                         <\/footer>\r\n                 <\/div><div class=\"etheme-product-grid-content\"><div class=\"etheme-product-grid-categories\"><a href=\"https:\/\/harmonie-event.de\/?product_cat=gitarren\" rel=\"tag\">Gitarren<\/a><\/div><h2 class=\"woocommerce-loop-product__title etheme-product-grid-title\"><a href=\"https:\/\/harmonie-event.de\/?product=klassische-gitarre\">Klassische Gitarre<\/a><\/h2><div class=\"star-rating-wrapper\"><\/div>\n\t<span class=\"price\"><span class=\"woocommerce-Price-amount amount\"><bdi>175,99&nbsp;<span class=\"woocommerce-Price-currencySymbol\">&euro;<\/span><\/bdi><\/span><\/span>\n\n\n\n\n\t<p class=\"wc-gzd-additional-info wc-gzd-additional-info-loop tax-info\">inkl. 19 % MwSt.<\/p>\n\n\t<p class=\"wc-gzd-additional-info wc-gzd-additional-info-loop shipping-costs-info\">plus <a href=\"\" target=\"_blank\">Shipping Costs<\/a><\/p>\n\n\n<\/div>        <\/div>\r\n        <\/div><div class=\"swiper-slide\">        \r\n        <div class=\"etheme-product-grid-item etheme-product-hover-mask3 etheme-product-hover-mode-white product type-product post-5961 status-publish instock product_cat-kurzhals-saz product_cat-saz has-post-thumbnail sale taxable shipping-taxable purchasable product-type-simple\">\r\n        \r\n        <div class=\"etheme-product-grid-image\"><a href=\"https:\/\/harmonie-event.de\/?product=maulbeere-glanz-kurzhals\"><img loading=\"lazy\" loading=\"lazy\" decoding=\"async\" width=\"300\" height=\"300\" src=\"https:\/\/harmonie-event.de\/wp-content\/uploads\/2025\/01\/KISA-SAP-40-TEKNE-DUT-BAGLAMA-1-1-scaled-1-300x300.jpg\" class=\"attachment-woocommerce_thumbnail size-woocommerce_thumbnail\" alt=\"Maulbeere \u2013 Glanz \/ Kurzhals\" srcset=\"https:\/\/harmonie-event.de\/wp-content\/uploads\/2025\/01\/KISA-SAP-40-TEKNE-DUT-BAGLAMA-1-1-scaled-1-300x300.jpg 300w, https:\/\/harmonie-event.de\/wp-content\/uploads\/2025\/01\/KISA-SAP-40-TEKNE-DUT-BAGLAMA-1-1-scaled-1-756x756.jpg 756w, https:\/\/harmonie-event.de\/wp-content\/uploads\/2025\/01\/KISA-SAP-40-TEKNE-DUT-BAGLAMA-1-1-scaled-1-1600x1600.jpg 1600w, https:\/\/harmonie-event.de\/wp-content\/uploads\/2025\/01\/KISA-SAP-40-TEKNE-DUT-BAGLAMA-1-1-scaled-1-150x150.jpg 150w, https:\/\/harmonie-event.de\/wp-content\/uploads\/2025\/01\/KISA-SAP-40-TEKNE-DUT-BAGLAMA-1-1-scaled-1-768x768.jpg 768w, https:\/\/harmonie-event.de\/wp-content\/uploads\/2025\/01\/KISA-SAP-40-TEKNE-DUT-BAGLAMA-1-1-scaled-1-1536x1536.jpg 1536w, https:\/\/harmonie-event.de\/wp-content\/uploads\/2025\/01\/KISA-SAP-40-TEKNE-DUT-BAGLAMA-1-1-scaled-1-2048x2048.jpg 2048w, https:\/\/harmonie-event.de\/wp-content\/uploads\/2025\/01\/KISA-SAP-40-TEKNE-DUT-BAGLAMA-1-1-scaled-1-600x600.jpg 600w, https:\/\/harmonie-event.de\/wp-content\/uploads\/2025\/01\/KISA-SAP-40-TEKNE-DUT-BAGLAMA-1-1-scaled-1-100x100.jpg 100w, https:\/\/harmonie-event.de\/wp-content\/uploads\/2025\/01\/KISA-SAP-40-TEKNE-DUT-BAGLAMA-1-1-scaled-1-1x1.jpg 1w, https:\/\/harmonie-event.de\/wp-content\/uploads\/2025\/01\/KISA-SAP-40-TEKNE-DUT-BAGLAMA-1-1-scaled-1-10x10.jpg 10w\" sizes=\"auto, (max-width: 300px) 100vw, 300px\" \/><\/a>                         <footer>\r\n                             <div class=\"footer-inner\"><a href=\"?add-to-cart=5961\" aria-describedby=\"woocommerce_loop_add_to_cart_link_describedby_5961\" data-quantity=\"1\" class=\"button product_type_simple add_to_cart_button ajax_add_to_cart\" data-product_id=\"5961\" data-product_sku=\"DT-108022\" aria-label=\"In den Warenkorb legen: \u201eMaulbeere \u2013 Glanz \/ Kurzhals\u201c\" rel=\"nofollow\" data-success_message=\"\u201eMaulbeere \u2013 Glanz \/ Kurzhals\u201c wurde deinem Warenkorb hinzugef\u00fcgt\" data-product_name=\"Maulbeere \u2013 Glanz \/ Kurzhals\"><svg fill=\"currentColor\" xmlns=\"http:\/\/www.w3.org\/2000\/svg\" width=\"1em\" height=\"1em\" viewBox=\"0 0 24 24\">\r\n<path d=\"M23.76 4.248c-0.096-0.096-0.24-0.24-0.504-0.24h-18.48l-0.48-2.4c-0.024-0.288-0.384-0.528-0.624-0.528h-2.952c-0.384 0-0.624 0.264-0.624 0.624s0.264 0.648 0.624 0.648h2.424l2.328 11.832c0.312 1.608 1.848 2.856 3.48 2.856h11.28c0.384 0 0.624-0.264 0.624-0.624s-0.264-0.624-0.624-0.624h-11.16c-0.696 0-1.344-0.312-1.704-0.816l14.064-1.92c0.264 0 0.528-0.24 0.528-0.528l1.968-7.824v-0.024c-0.024-0.048-0.024-0.288-0.168-0.432zM22.392 5.184l-1.608 6.696-14.064 1.824-1.704-8.52h17.376zM8.568 17.736c-1.464 0-2.592 1.128-2.592 2.592s1.128 2.592 2.592 2.592c1.464 0 2.592-1.128 2.592-2.592s-1.128-2.592-2.592-2.592zM9.888 20.328c0 0.696-0.624 1.32-1.32 1.32s-1.32-0.624-1.32-1.32 0.624-1.32 1.32-1.32 1.32 0.624 1.32 1.32zM18.36 17.736c-1.464 0-2.592 1.128-2.592 2.592s1.128 2.592 2.592 2.592c1.464 0 2.592-1.128 2.592-2.592s-1.128-2.592-2.592-2.592zM19.704 20.328c0 0.696-0.624 1.32-1.32 1.32s-1.344-0.6-1.344-1.32 0.624-1.32 1.32-1.32 1.344 0.624 1.344 1.32z\"><\/path>\r\n<\/svg><\/a>\t<span id=\"woocommerce_loop_add_to_cart_link_describedby_5961\" class=\"screen-reader-text\">\n\t\t\t<\/span>\n        <a href=\"?add_to_wishlist=5961\" class='xstore-wishlist' data-action='add' data-id='5961' data-settings='[]'>\r\n            <span class=\"button-text et-element-label\"><\/span>        <\/a>\r\n        <span class=\"show-quickly\" data-prodid=\"5961\" data-text=\"Schnellansicht\"><svg version=\"1.1\" xmlns=\"http:\/\/www.w3.org\/2000\/svg\" width=\"1em\" height=\"1em\" viewBox=\"0 0 24 24\" fill=\"currentColor\">\r\n                        <path d=\"M20.664 8.688v0c-4.8-4.776-12.6-4.776-17.376 0l-3.288 3.264 3.36 3.36c2.328 2.328 5.4 3.6 8.712 3.6 3.288 0 6.384-1.272 8.712-3.6l3.216-3.264-3.336-3.36zM4.152 14.496l-2.52-2.544 2.496-2.496c4.344-4.344 11.4-4.344 15.744 0l2.52 2.544-2.496 2.496c-4.344 4.32-11.4 4.32-15.744 0zM12 6.648c-2.952 0-5.352 2.4-5.352 5.352s2.4 5.352 5.352 5.352c2.952 0 5.352-2.4 5.352-5.352s-2.4-5.352-5.352-5.352zM12 16.176c-2.304 0-4.176-1.872-4.176-4.176s1.872-4.176 4.176-4.176 4.176 1.872 4.176 4.176-1.872 4.176-4.176 4.176z\"><\/path>\r\n                    <\/svg><\/span><\/div>                         <\/footer>\r\n                 <\/div><div class=\"etheme-product-grid-content\"><div class=\"etheme-product-grid-categories\"><a href=\"https:\/\/harmonie-event.de\/?product_cat=kurzhals-saz\" rel=\"tag\">Kurzhals Saz<\/a><\/div><h2 class=\"woocommerce-loop-product__title etheme-product-grid-title\"><a href=\"https:\/\/harmonie-event.de\/?product=maulbeere-glanz-kurzhals\">Maulbeere \u2013 Glanz \/ Kurzhals<\/a><\/h2><div class=\"star-rating-wrapper\"><\/div>\n\t<span class=\"price\"><del aria-hidden=\"true\"><span class=\"woocommerce-Price-amount amount\"><bdi>389,00&nbsp;<span class=\"woocommerce-Price-currencySymbol\">&euro;<\/span><\/bdi><\/span><\/del> <span class=\"screen-reader-text\">Urspr\u00fcnglicher Preis war: 389,00&nbsp;&euro;<\/span><ins aria-hidden=\"true\"><span class=\"woocommerce-Price-amount amount\"><bdi>339,00&nbsp;<span class=\"woocommerce-Price-currencySymbol\">&euro;<\/span><\/bdi><\/span><\/ins><span class=\"screen-reader-text\">Aktueller Preis ist: 339,00&nbsp;&euro;.<\/span><\/span>\n\n\n\n\n\t<p class=\"wc-gzd-additional-info wc-gzd-additional-info-loop tax-info\">inkl. 19 % MwSt.<\/p>\n\n\t<p class=\"wc-gzd-additional-info wc-gzd-additional-info-loop shipping-costs-info\">plus <a href=\"\" target=\"_blank\">Shipping Costs<\/a><\/p>\n\n\n<\/div>        <\/div>\r\n        <\/div>                        <\/div>\r\n                        \r\n                        \t\t<div class=\"swiper-button-prev swiper-custom-left et-swiper-elementor-nav type-arrow style-4\"><\/div>\r\n\t\t<div class=\"swiper-button-next swiper-custom-right et-swiper-elementor-nav type-arrow style-4\"><\/div>\r\n\t\t                    <\/div>\r\n                                    <\/div>\r\n                    \t\t\t\t<\/div>\n\t\t\t\t<\/div>\n\t\t\t\t\t<\/div>\n\t\t\t\t<\/div>\n\t\t<div class=\"elementor-element elementor-element-2a4921d e-flex e-con-boxed e-con e-parent\" data-id=\"2a4921d\" data-element_type=\"container\">\n\t\t\t\t\t<div class=\"e-con-inner\">\n\t\t<div class=\"elementor-element elementor-element-4182bcb e-con-full e-flex e-con e-child\" data-id=\"4182bcb\" data-element_type=\"container\">\n\t\t\t\t<div class=\"elementor-element elementor-element-f9d4431 elementor-flip-box--effect-slide elementor-flip-box--direction-up elementor-widget elementor-widget-flip-box\" data-id=\"f9d4431\" data-element_type=\"widget\" data-widget_type=\"flip-box.default\">\n\t\t\t\t<div class=\"elementor-widget-container\">\n\t\t\t\t\t\t\t<div class=\"elementor-flip-box\" tabindex=\"0\">\n\t\t\t<div class=\"elementor-flip-box__layer elementor-flip-box__front\">\n\t\t\t\t<div class=\"elementor-flip-box__layer__overlay\">\n\t\t\t\t\t<div class=\"elementor-flip-box__layer__inner\">\n\t\t\t\t\t\t\n\t\t\t\t\t\t\t\t\t\t\t\t\t<h3 class=\"elementor-flip-box__layer__title\">\n\t\t\t\t\t\t\t\tMusikunterricht f\u00fcr jedes Niveau \u2013 in Mannheim & Umgebung\t\t\t\t\t\t\t<\/h3>\n\t\t\t\t\t\t\n\t\t\t\t\t\t\t\t\t\t\t\t\t<div class=\"elementor-flip-box__layer__description\">\n\t\t\t\t\t\t\t\tOb Sie zum ersten Mal ein Instrument in der Hand halten oder bereits fortgeschritten sind \u2013 bei uns sind Sie richtig. Unsere Musikschule in Mannheim ist zentral gelegen und gut mit \u00f6ffentlichen Verkehrsmitteln erreichbar. Auch Sch\u00fcler*innen aus Heidelberg, Ludwigshafen oder dem Rhein-Neckar-Kreis finden bei uns die passende musikalische Heimat.\t\t\t\t\t\t\t<\/div>\n\t\t\t\t\t\t\t\t\t\t\t<\/div>\n\t\t\t\t<\/div>\n\t\t\t<\/div>\n\t\t\t<div class=\"elementor-flip-box__layer elementor-flip-box__back\">\n\t\t\t<div class=\"elementor-flip-box__layer__overlay\">\n\t\t\t\t<div class=\"elementor-flip-box__layer__inner\">\n\t\t\t\t\t\t\t\t\t\t\t<h3 class=\"elementor-flip-box__layer__title\">\n\t\t\t\t\t\t\tJetzt Unterricht starten \u2013 Ihre musikalische Reise beginnt hier\t\t\t\t\t\t<\/h3>\n\t\t\t\t\t\n\t\t\t\t\t\t\t\t\t\t\t<div class=\"elementor-flip-box__layer__description\">\n\t\t\t\t\t\t\tEntdecken Sie die Welt der Musik neu \u2013 mit qualifiziertem Unterricht, motivierenden Lehrkr\u00e4ften und pers\u00f6nlicher Atmosph\u00e4re. Kontaktieren Sie uns jetzt f\u00fcr eine Probestunde oder weitere Informationen. Gemeinsam finden wir das passende Angebot f\u00fcr Sie oder Ihr Kind.\n\nLernen Sie Saz, Gitarre, Geige, Ney, Klavier oder Gesang \u2013 in Ihrer Musikschule in Mannheim. Wir freuen uns darauf, Sie musikalisch begleiten zu d\u00fcrfen.\t\t\t\t\t\t<\/div>\n\t\t\t\t\t\n\t\t\t\t\t\t\t\t<\/div>\n\t\t<\/div>\n\t\t<\/div>\n\t\t<\/div>\n\t\t\t\t\t\t<\/div>\n\t\t\t\t<\/div>\n\t\t\t\t<\/div>\n\t\t\t\t<div class=\"elementor-element elementor-element-08f9ba1 elementor-headline--style-highlight elementor-widget elementor-widget-animated-headline\" data-id=\"08f9ba1\" data-element_type=\"widget\" data-settings=\"{&quot;highlighted_text&quot;:&quot;flexibel und pers\\u00f6nlich&quot;,&quot;headline_style&quot;:&quot;highlight&quot;,&quot;marker&quot;:&quot;circle&quot;,&quot;loop&quot;:&quot;yes&quot;,&quot;highlight_animation_duration&quot;:1200,&quot;highlight_iteration_delay&quot;:8000}\" data-widget_type=\"animated-headline.default\">\n\t\t\t\t<div class=\"elementor-widget-container\">\n\t\t\t\t\t\t\t<h4 class=\"elementor-headline\">\n\t\t\t\t\t<span class=\"elementor-headline-plain-text elementor-headline-text-wrapper\">Kontakrformular<\/span>\n\t\t\t\t<span class=\"elementor-headline-dynamic-wrapper elementor-headline-text-wrapper\">\n\t\t\t\t\t<span class=\"elementor-headline-dynamic-text elementor-headline-text-active\">flexibel und pers\u00f6nlich<\/span>\n\t\t\t\t<\/span>\n\t\t\t\t<\/h4>\n\t\t\t\t\t\t<\/div>\n\t\t\t\t<\/div>\n\t\t\t\t\t<\/div>\n\t\t\t\t<\/div>\n\t\t<div class=\"elementor-element elementor-element-8bf2b68 e-flex e-con-boxed e-con e-parent\" data-id=\"8bf2b68\" data-element_type=\"container\">\n\t\t\t\t\t<div class=\"e-con-inner\">\n\t\t<div class=\"elementor-element elementor-element-a993627 e-con-full e-flex e-con e-child\" data-id=\"a993627\" data-element_type=\"container\">\n\t\t\t\t<div class=\"elementor-element elementor-element-2b10453 elementor-align-left elementor-widget elementor-widget-etheme_advanced_headline\" data-id=\"2b10453\" data-element_type=\"widget\" data-widget_type=\"etheme_advanced_headline.default\">\n\t\t\t\t<div class=\"elementor-widget-container\">\n\t\t\t\t\t        \r\n        <div class=\"etheme-a-h-wrapper\">\r\n        \r\n                            <span class=\"etheme-a-h-text-before\">\r\n                    Haben Sie eine Frage oder ben\u00f6tigen Sie weitere Informationen zu unseren Angeboten?                <\/span>\r\n            \r\n        <h2 class=\"etheme-advanced-headline etheme-advanced-headline-mask\">\r\n\r\n            \r\n        <\/h2>\r\n\t\t\r\n                                    <div class=\"etheme-a-h-icon-wrapper\">\r\n\t\t\t                                        <\/div>\r\n\t                                <p class=\"etheme-a-h-text-after\">\r\n                     F\u00fcllen Sie einfach das Formular aus \u2013 wir melden uns schnellstm\u00f6glich bei Ihnen zur\u00fcck.\n\nBitte geben Sie Ihre Kontaktdaten sowie Ihr Anliegen an. <br>Je genauer Ihre Angaben sind, desto besser k\u00f6nnen wir auf Ihre Anfrage eingehen.\n\nOptional \u2013 Erg\u00e4nzung f\u00fcr Vertrauen &#038; Service:\n<br>Selbstverst\u00e4ndlich behandeln wir Ihre Daten vertraulich und verwenden sie ausschlie\u00dflich zur Bearbeitung Ihrer Anfrage.                <\/p>\r\n                    \r\n        <\/div>\r\n        \r\n\t\t\t\t\t\t<\/div>\n\t\t\t\t<\/div>\n\t\t\t\t<\/div>\n\t\t\t\t\t<\/div>\n\t\t\t\t<\/div>\n\t\t<div class=\"elementor-element elementor-element-d3864ea e-flex e-con-boxed e-con e-parent\" data-id=\"d3864ea\" data-element_type=\"container\">\n\t\t\t\t\t<div class=\"e-con-inner\">\n\t\t\t\t<div class=\"elementor-element elementor-element-e0dce7a etheme-contact-form-7-button-custom elementor-widget elementor-widget-et-contact-form-7\" data-id=\"e0dce7a\" data-element_type=\"widget\" data-widget_type=\"et-contact-form-7.default\">\n\t\t\t\t<div class=\"elementor-widget-container\">\n\t\t\t\t\t                <div class=\"pp-contact-form etheme-contact-form-7 placeholder-show\">\r\n                                            <div class=\"etheme-contact-form-7-heading\">\r\n                                                                                <\/div>\r\n                                        \n<div class=\"wpcf7 no-js\" id=\"wpcf7-f6-o1\" lang=\"tr-TR\" dir=\"ltr\" data-wpcf7-id=\"6\">\n<div class=\"screen-reader-response\"><p role=\"status\" aria-live=\"polite\" aria-atomic=\"true\"><\/p> <ul><\/ul><\/div>\n<form action=\"\/index.php?rest_route=%2Fwp%2Fv2%2Fpages%2F7189#wpcf7-f6-o1\" method=\"post\" class=\"wpcf7-form init\" aria-label=\"\u0130leti\u015fim Formu\" novalidate=\"novalidate\" data-status=\"init\">\n<div style=\"display: none;\">\n<input type=\"hidden\" name=\"_wpcf7\" value=\"6\" \/>\n<input type=\"hidden\" name=\"_wpcf7_version\" value=\"6.0.6\" \/>\n<input type=\"hidden\" name=\"_wpcf7_locale\" value=\"tr_TR\" \/>\n<input type=\"hidden\" name=\"_wpcf7_unit_tag\" value=\"wpcf7-f6-o1\" \/>\n<input type=\"hidden\" name=\"_wpcf7_container_post\" value=\"0\" \/>\n<input type=\"hidden\" name=\"_wpcf7_posted_data_hash\" value=\"\" \/>\n<input type=\"hidden\" name=\"_wpcf7_recaptcha_response\" value=\"\" \/>\n<\/div>\n<p><label> Name-Nachname<br \/>\n<span class=\"wpcf7-form-control-wrap\" data-name=\"your-name\"><input size=\"40\" maxlength=\"400\" class=\"wpcf7-form-control wpcf7-text wpcf7-validates-as-required\" autocomplete=\"name\" aria-required=\"true\" aria-invalid=\"false\" value=\"\" type=\"text\" name=\"your-name\" \/><\/span> <\/label>\n<\/p>\n<p><label> E-Mail<br \/>\n<span class=\"wpcf7-form-control-wrap\" data-name=\"your-email\"><input size=\"40\" maxlength=\"400\" class=\"wpcf7-form-control wpcf7-email wpcf7-validates-as-required wpcf7-text wpcf7-validates-as-email\" autocomplete=\"email\" aria-required=\"true\" aria-invalid=\"false\" value=\"\" type=\"email\" name=\"your-email\" \/><\/span> <\/label>\n<\/p>\n<p><label> Betreff<br \/>\n<span class=\"wpcf7-form-control-wrap\" data-name=\"your-subject\"><input size=\"40\" maxlength=\"400\" class=\"wpcf7-form-control wpcf7-text wpcf7-validates-as-required\" aria-required=\"true\" aria-invalid=\"false\" value=\"\" type=\"text\" name=\"your-subject\" \/><\/span> <\/label>\n<\/p>\n<p><label> Ihr Nachricht<br \/>\n<span class=\"wpcf7-form-control-wrap\" data-name=\"your-message\"><textarea cols=\"40\" rows=\"10\" maxlength=\"2000\" class=\"wpcf7-form-control wpcf7-textarea\" aria-invalid=\"false\" name=\"your-message\"><\/textarea><\/span> <\/label>\n<\/p>\n<p><input class=\"wpcf7-form-control wpcf7-submit has-spinner\" type=\"submit\" value=\"Senden\" \/>\n<\/p><div class=\"wpcf7-response-output\" aria-hidden=\"true\"><\/div>\n<\/form>\n<\/div>\n                <\/div>\r\n                \t\t\t\t<\/div>\n\t\t\t\t<\/div>\n\t\t\t\t\t<\/div>\n\t\t\t\t<\/div>\n\t\t\t\t<\/div>\n\t\t","protected":false},"excerpt":{"rendered":"<p>Datenschutz \u2013\u2013\u2013\u2013\u2013\u2013\u2013\u2013\u2013\u2013\u2013\u2013\u2013\u2013\u2013\u2013\u2013\u2013\u2013\u2013Datenschutzerkl\u00e4rung\u2013\u2013\u2013\u2013\u2013\u2013\u2013\u2013\u2013\u2013\u2013\u2013\u2013\u2013\u2013\u2013\u2013\u2013\u2013\u2013 1) Einleitung und Kontaktdaten des Verantwortlichen1.1 Wir freuen uns, dass Sie unsere Website besuchen, und bedanken uns f\u00fcr Ihr Interesse. Im Folgenden informieren wir Sie \u00fcber den Umgang mit Ihren personenbezogenen Daten bei der Nutzung unserer Website. Personenbezogene Daten sind hierbei alle Daten,&#8230;<\/p>\n","protected":false},"author":2,"featured_media":0,"parent":0,"menu_order":0,"comment_status":"closed","ping_status":"closed","template":"","meta":{"footnotes":""},"class_list":["post-7189","page","type-page","status-publish","hentry"],"yoast_head":"<!-- This site is optimized with the Yoast SEO plugin v25.1 - https:\/\/yoast.com\/wordpress\/plugins\/seo\/ -->\n<title>Datenschutz - HARMONIE EVENT<\/title>\n<meta name=\"robots\" content=\"index, follow, max-snippet:-1, max-image-preview:large, max-video-preview:-1\" \/>\n<link rel=\"canonical\" href=\"https:\/\/harmonie-event.de\/?page_id=7189\" \/>\n<meta property=\"og:locale\" content=\"de_DE\" \/>\n<meta property=\"og:type\" content=\"article\" \/>\n<meta property=\"og:title\" content=\"Datenschutz - HARMONIE EVENT\" \/>\n<meta property=\"og:description\" content=\"Datenschutz \u2013\u2013\u2013\u2013\u2013\u2013\u2013\u2013\u2013\u2013\u2013\u2013\u2013\u2013\u2013\u2013\u2013\u2013\u2013\u2013Datenschutzerkl\u00e4rung\u2013\u2013\u2013\u2013\u2013\u2013\u2013\u2013\u2013\u2013\u2013\u2013\u2013\u2013\u2013\u2013\u2013\u2013\u2013\u2013 1) Einleitung und Kontaktdaten des Verantwortlichen1.1 Wir freuen uns, dass Sie unsere Website besuchen, und bedanken uns f\u00fcr Ihr Interesse. Im Folgenden informieren wir Sie \u00fcber den Umgang mit Ihren personenbezogenen Daten bei der Nutzung unserer Website. Personenbezogene Daten sind hierbei alle Daten,...\" \/>\n<meta property=\"og:url\" content=\"https:\/\/harmonie-event.de\/?page_id=7189\" \/>\n<meta property=\"og:site_name\" content=\"HARMONIE EVENT\" \/>\n<meta property=\"article:modified_time\" content=\"2025-05-19T19:53:34+00:00\" \/>\n<meta property=\"og:image\" content=\"https:\/\/harmonie-event.de\/wp-content\/uploads\/2025\/01\/KISA-SAP-40-TEKNE-DUT-BAGLAMA-1-1-scaled-1-300x300.jpg\" \/>\n<meta name=\"twitter:card\" content=\"summary_large_image\" \/>\n<meta name=\"twitter:label1\" content=\"Gesch\u00e4tzte Lesezeit\" \/>\n\t<meta name=\"twitter:data1\" content=\"55\u00a0Minuten\" \/>\n<script type=\"application\/ld+json\" class=\"yoast-schema-graph\">{\"@context\":\"https:\/\/schema.org\",\"@graph\":[{\"@type\":\"WebPage\",\"@id\":\"https:\/\/harmonie-event.de\/?page_id=7189\",\"url\":\"https:\/\/harmonie-event.de\/?page_id=7189\",\"name\":\"Datenschutz - HARMONIE EVENT\",\"isPartOf\":{\"@id\":\"https:\/\/harmonie-event.de\/#website\"},\"primaryImageOfPage\":{\"@id\":\"https:\/\/harmonie-event.de\/?page_id=7189#primaryimage\"},\"image\":{\"@id\":\"https:\/\/harmonie-event.de\/?page_id=7189#primaryimage\"},\"thumbnailUrl\":\"https:\/\/harmonie-event.de\/wp-content\/uploads\/2025\/01\/KISA-SAP-40-TEKNE-DUT-BAGLAMA-1-1-scaled-1-300x300.jpg\",\"datePublished\":\"2025-05-19T19:52:57+00:00\",\"dateModified\":\"2025-05-19T19:53:34+00:00\",\"breadcrumb\":{\"@id\":\"https:\/\/harmonie-event.de\/?page_id=7189#breadcrumb\"},\"inLanguage\":\"de\",\"potentialAction\":[{\"@type\":\"ReadAction\",\"target\":[\"https:\/\/harmonie-event.de\/?page_id=7189\"]}]},{\"@type\":\"ImageObject\",\"inLanguage\":\"de\",\"@id\":\"https:\/\/harmonie-event.de\/?page_id=7189#primaryimage\",\"url\":\"https:\/\/harmonie-event.de\/wp-content\/uploads\/2025\/01\/KISA-SAP-40-TEKNE-DUT-BAGLAMA-1-1-scaled-1.jpg\",\"contentUrl\":\"https:\/\/harmonie-event.de\/wp-content\/uploads\/2025\/01\/KISA-SAP-40-TEKNE-DUT-BAGLAMA-1-1-scaled-1.jpg\",\"width\":2560,\"height\":2560},{\"@type\":\"BreadcrumbList\",\"@id\":\"https:\/\/harmonie-event.de\/?page_id=7189#breadcrumb\",\"itemListElement\":[{\"@type\":\"ListItem\",\"position\":1,\"name\":\"Startseite\",\"item\":\"https:\/\/harmonie-event.de\/\"},{\"@type\":\"ListItem\",\"position\":2,\"name\":\"Datenschutz\"}]},{\"@type\":\"WebSite\",\"@id\":\"https:\/\/harmonie-event.de\/#website\",\"url\":\"https:\/\/harmonie-event.de\/\",\"name\":\"HARMONIE EVENT\",\"description\":\"Endecke den Rhythmus des Lebens.\",\"potentialAction\":[{\"@type\":\"SearchAction\",\"target\":{\"@type\":\"EntryPoint\",\"urlTemplate\":\"https:\/\/harmonie-event.de\/?s={search_term_string}\"},\"query-input\":{\"@type\":\"PropertyValueSpecification\",\"valueRequired\":true,\"valueName\":\"search_term_string\"}}],\"inLanguage\":\"de\"}]}<\/script>\n<!-- \/ Yoast SEO plugin. -->","yoast_head_json":{"title":"Datenschutz - HARMONIE EVENT","robots":{"index":"index","follow":"follow","max-snippet":"max-snippet:-1","max-image-preview":"max-image-preview:large","max-video-preview":"max-video-preview:-1"},"canonical":"https:\/\/harmonie-event.de\/?page_id=7189","og_locale":"de_DE","og_type":"article","og_title":"Datenschutz - HARMONIE EVENT","og_description":"Datenschutz \u2013\u2013\u2013\u2013\u2013\u2013\u2013\u2013\u2013\u2013\u2013\u2013\u2013\u2013\u2013\u2013\u2013\u2013\u2013\u2013Datenschutzerkl\u00e4rung\u2013\u2013\u2013\u2013\u2013\u2013\u2013\u2013\u2013\u2013\u2013\u2013\u2013\u2013\u2013\u2013\u2013\u2013\u2013\u2013 1) Einleitung und Kontaktdaten des Verantwortlichen1.1 Wir freuen uns, dass Sie unsere Website besuchen, und bedanken uns f\u00fcr Ihr Interesse. Im Folgenden informieren wir Sie \u00fcber den Umgang mit Ihren personenbezogenen Daten bei der Nutzung unserer Website. Personenbezogene Daten sind hierbei alle Daten,...","og_url":"https:\/\/harmonie-event.de\/?page_id=7189","og_site_name":"HARMONIE EVENT","article_modified_time":"2025-05-19T19:53:34+00:00","og_image":[{"url":"https:\/\/harmonie-event.de\/wp-content\/uploads\/2025\/01\/KISA-SAP-40-TEKNE-DUT-BAGLAMA-1-1-scaled-1-300x300.jpg","type":"","width":"","height":""}],"twitter_card":"summary_large_image","twitter_misc":{"Gesch\u00e4tzte Lesezeit":"55\u00a0Minuten"},"schema":{"@context":"https:\/\/schema.org","@graph":[{"@type":"WebPage","@id":"https:\/\/harmonie-event.de\/?page_id=7189","url":"https:\/\/harmonie-event.de\/?page_id=7189","name":"Datenschutz - HARMONIE EVENT","isPartOf":{"@id":"https:\/\/harmonie-event.de\/#website"},"primaryImageOfPage":{"@id":"https:\/\/harmonie-event.de\/?page_id=7189#primaryimage"},"image":{"@id":"https:\/\/harmonie-event.de\/?page_id=7189#primaryimage"},"thumbnailUrl":"https:\/\/harmonie-event.de\/wp-content\/uploads\/2025\/01\/KISA-SAP-40-TEKNE-DUT-BAGLAMA-1-1-scaled-1-300x300.jpg","datePublished":"2025-05-19T19:52:57+00:00","dateModified":"2025-05-19T19:53:34+00:00","breadcrumb":{"@id":"https:\/\/harmonie-event.de\/?page_id=7189#breadcrumb"},"inLanguage":"de","potentialAction":[{"@type":"ReadAction","target":["https:\/\/harmonie-event.de\/?page_id=7189"]}]},{"@type":"ImageObject","inLanguage":"de","@id":"https:\/\/harmonie-event.de\/?page_id=7189#primaryimage","url":"https:\/\/harmonie-event.de\/wp-content\/uploads\/2025\/01\/KISA-SAP-40-TEKNE-DUT-BAGLAMA-1-1-scaled-1.jpg","contentUrl":"https:\/\/harmonie-event.de\/wp-content\/uploads\/2025\/01\/KISA-SAP-40-TEKNE-DUT-BAGLAMA-1-1-scaled-1.jpg","width":2560,"height":2560},{"@type":"BreadcrumbList","@id":"https:\/\/harmonie-event.de\/?page_id=7189#breadcrumb","itemListElement":[{"@type":"ListItem","position":1,"name":"Startseite","item":"https:\/\/harmonie-event.de\/"},{"@type":"ListItem","position":2,"name":"Datenschutz"}]},{"@type":"WebSite","@id":"https:\/\/harmonie-event.de\/#website","url":"https:\/\/harmonie-event.de\/","name":"HARMONIE EVENT","description":"Endecke den Rhythmus des Lebens.","potentialAction":[{"@type":"SearchAction","target":{"@type":"EntryPoint","urlTemplate":"https:\/\/harmonie-event.de\/?s={search_term_string}"},"query-input":{"@type":"PropertyValueSpecification","valueRequired":true,"valueName":"search_term_string"}}],"inLanguage":"de"}]}},"_links":{"self":[{"href":"https:\/\/harmonie-event.de\/index.php?rest_route=\/wp\/v2\/pages\/7189","targetHints":{"allow":["GET"]}}],"collection":[{"href":"https:\/\/harmonie-event.de\/index.php?rest_route=\/wp\/v2\/pages"}],"about":[{"href":"https:\/\/harmonie-event.de\/index.php?rest_route=\/wp\/v2\/types\/page"}],"author":[{"embeddable":true,"href":"https:\/\/harmonie-event.de\/index.php?rest_route=\/wp\/v2\/users\/2"}],"replies":[{"embeddable":true,"href":"https:\/\/harmonie-event.de\/index.php?rest_route=%2Fwp%2Fv2%2Fcomments&post=7189"}],"version-history":[{"count":4,"href":"https:\/\/harmonie-event.de\/index.php?rest_route=\/wp\/v2\/pages\/7189\/revisions"}],"predecessor-version":[{"id":7193,"href":"https:\/\/harmonie-event.de\/index.php?rest_route=\/wp\/v2\/pages\/7189\/revisions\/7193"}],"wp:attachment":[{"href":"https:\/\/harmonie-event.de\/index.php?rest_route=%2Fwp%2Fv2%2Fmedia&parent=7189"}],"curies":[{"name":"wp","href":"https:\/\/api.w.org\/{rel}","templated":true}]}}