{"id":7181,"date":"2025-05-19T22:49:43","date_gmt":"2025-05-19T19:49:43","guid":{"rendered":"https:\/\/harmonie-event.de\/?page_id=7181"},"modified":"2025-05-19T22:51:10","modified_gmt":"2025-05-19T19:51:10","slug":"agb","status":"publish","type":"page","link":"https:\/\/harmonie-event.de\/?page_id=7181","title":{"rendered":"AGB"},"content":{"rendered":"\t\t<div data-elementor-type=\"wp-page\" data-elementor-id=\"7181\" class=\"elementor elementor-7181\" data-elementor-post-type=\"page\">\n\t\t\t\t<div class=\"elementor-element elementor-element-d1e1db2 e-flex e-con-boxed e-con e-parent\" data-id=\"d1e1db2\" data-element_type=\"container\">\n\t\t\t\t\t<div class=\"e-con-inner\">\n\t\t\t\t<div class=\"elementor-element elementor-element-92b27e6 elementor-headline--style-highlight elementor-widget elementor-widget-animated-headline\" data-id=\"92b27e6\" data-element_type=\"widget\" data-settings=\"{&quot;headline_style&quot;:&quot;highlight&quot;,&quot;marker&quot;:&quot;circle&quot;,&quot;loop&quot;:&quot;yes&quot;,&quot;highlight_animation_duration&quot;:1200,&quot;highlight_iteration_delay&quot;:8000}\" data-widget_type=\"animated-headline.default\">\n\t\t\t\t<div class=\"elementor-widget-container\">\n\t\t\t\t\t\t\t<h4 class=\"elementor-headline\">\n\t\t\t\t\t<span class=\"elementor-headline-plain-text elementor-headline-text-wrapper\">AGB<\/span>\n\t\t\t\t<span class=\"elementor-headline-dynamic-wrapper elementor-headline-text-wrapper\">\n\t\t\t\t<\/span>\n\t\t\t\t<\/h4>\n\t\t\t\t\t\t<\/div>\n\t\t\t\t<\/div>\n\t\t\t\t\t<\/div>\n\t\t\t\t<\/div>\n\t\t<div class=\"elementor-element elementor-element-b8c7ccb e-flex e-con-boxed e-con e-parent\" data-id=\"b8c7ccb\" data-element_type=\"container\">\n\t\t\t\t\t<div class=\"e-con-inner\">\n\t\t\t\t<div class=\"elementor-element elementor-element-6782fef elementor-widget elementor-widget-text-editor\" data-id=\"6782fef\" data-element_type=\"widget\" data-widget_type=\"text-editor.default\">\n\t\t\t\t<div class=\"elementor-widget-container\">\n\t\t\t\t\t\t\t\t\t<p><span style=\"color: #000000;\"><strong>\u2013\u2013\u2013\u2013\u2013\u2013\u2013\u2013\u2013\u2013\u2013\u2013\u2013\u2013\u2013\u2013\u2013\u2013\u2013\u2013\u2013\u2013\u2013\u2013\u2013\u2013\u2013\u2013\u2013\u2013\u2013\u2013\u2013\u2013\u2013\u2013\u2013\u2013\u2013\u2013\u2013\u2013\u2013\u2013\u2013\u2013\u2013\u2013\u2013\u2013\u2013\u2013\u2013\u2013\u2013<\/strong><\/span><br \/><span style=\"color: #000000;\"><strong>Allgemeine Gesch\u00e4ftsbedingungen mit Kundeninformationen<\/strong><\/span><br \/><span style=\"color: #000000;\"><strong>\u2013\u2013\u2013\u2013\u2013\u2013\u2013\u2013\u2013\u2013\u2013\u2013\u2013\u2013\u2013\u2013\u2013\u2013\u2013\u2013\u2013\u2013\u2013\u2013\u2013\u2013\u2013\u2013\u2013\u2013\u2013\u2013\u2013\u2013\u2013\u2013\u2013\u2013\u2013\u2013\u2013\u2013\u2013\u2013\u2013\u2013\u2013\u2013\u2013\u2013\u2013\u2013\u2013\u2013\u2013<\/strong><\/span><\/p><p><br \/><span style=\"color: #000000;\"><strong>Inhaltsverzeichnis<\/strong><\/span><br \/><span style=\"color: #000000;\"><strong>\u2013\u2013\u2013\u2013\u2013\u2013\u2013\u2013\u2013\u2013\u2013\u2013\u2013\u2013\u2013\u2013\u2013\u2013<\/strong><\/span><br \/><span style=\"color: #000000;\"><strong>1. Geltungsbereich<\/strong><\/span><br \/><span style=\"color: #000000;\"><strong>2. Vertragsschluss<\/strong><\/span><br \/><span style=\"color: #000000;\"><strong>3. Widerrufsrecht<\/strong><\/span><br \/><span style=\"color: #000000;\"><strong>4. Preise und Zahlungsbedingungen<\/strong><\/span><br \/><span style=\"color: #000000;\"><strong>5. Liefer- und Versandbedingungen<\/strong><\/span><br \/><span style=\"color: #000000;\"><strong>6. Eigentumsvorbehalt<\/strong><\/span><br \/><span style=\"color: #000000;\"><strong>7. M\u00e4ngelhaftung (Gew\u00e4hrleistung)<\/strong><\/span><br \/><span style=\"color: #000000;\"><strong>8. Haftung<\/strong><\/span><br \/><span style=\"color: #000000;\"><strong>9. Einl\u00f6sung von Aktionsgutscheinen<\/strong><\/span><br \/><span style=\"color: #000000;\"><strong>10. Einl\u00f6sung von Geschenkgutscheinen<\/strong><\/span><br \/><span style=\"color: #000000;\"><strong>11. Anwendbares Recht<\/strong><\/span><br \/><span style=\"color: #000000;\"><strong>12. Verhaltenskodex<\/strong><\/span><br \/><span style=\"color: #000000;\"><strong>13. Alternative Streitbeilegung<\/strong><\/span><\/p><p><br \/><span style=\"color: #000000;\"><strong>1) Geltungsbereich<\/strong><\/span><br \/><span style=\"color: #000000;\"><strong>1.1 Diese Allgemeinen Gesch\u00e4ftsbedingungen (nachfolgend \u201eAGB\u201c) des Hakan \u00c7evik, handelnd unter \u201eHARMONIE MUSIK\u201c (nachfolgend \u201eVerk\u00e4ufer&#8220;), gelten f\u00fcr alle Vertr\u00e4ge zur Lieferung von Waren, die ein Verbraucher oder Unternehmer (nachfolgend \u201eKunde\u201c) mit dem Verk\u00e4ufer hinsichtlich der vom Verk\u00e4ufer in seinem Online-Shop dargestellten Waren abschlie\u00dft. Hiermit wird der Einbeziehung von eigenen Bedingungen des Kunden widersprochen, es sei denn, es ist etwas anderes vereinbart.<\/strong><\/span><br \/><span style=\"color: #000000;\"><strong>1.2 F\u00fcr Vertr\u00e4ge zur Lieferung von Gutscheinen gelten diese AGB entsprechend, sofern insoweit nicht etwas Abweichendes geregelt ist.<\/strong><\/span><br \/><span style=\"color: #000000;\"><strong>1.3 Verbraucher im Sinne dieser AGB ist jede nat\u00fcrliche Person, die ein Rechtsgesch\u00e4ft zu Zwecken abschlie\u00dft, die \u00fcberwiegend weder ihrer gewerblichen noch ihrer selbst\u00e4ndigen beruflichen T\u00e4tigkeit zugerechnet werden k\u00f6nnen.<\/strong><\/span><br \/><span style=\"color: #000000;\"><strong>1.4 Unternehmer im Sinne dieser AGB ist eine nat\u00fcrliche oder juristische Person oder eine rechtsf\u00e4hige Personengesellschaft, die bei Abschluss eines Rechtsgesch\u00e4fts in Aus\u00fcbung ihrer gewerblichen oder selbst\u00e4ndigen beruflichen T\u00e4tigkeit handelt.<\/strong><\/span><\/p><p><span style=\"color: #000000;\"><strong>2) Vertragsschluss<\/strong><\/span><br \/><span style=\"color: #000000;\"><strong>2.1 Die im Online-Shop des Verk\u00e4ufers enthaltenen Produktbeschreibungen stellen keine verbindlichen Angebote seitens des Verk\u00e4ufers dar, sondern dienen zur Abgabe eines verbindlichen Angebots durch den Kunden.<\/strong><\/span><br \/><span style=\"color: #000000;\"><strong>2.2 Der Kunde kann das Angebot \u00fcber das in den Online-Shop des Verk\u00e4ufers integrierte Online-Bestellformular abgeben. Dabei gibt der Kunde, nachdem er die ausgew\u00e4hlten Waren in den virtuellen Warenkorb gelegt und den elektronischen Bestellprozess durchlaufen hat, durch Klicken des den Bestellvorgang abschlie\u00dfenden Buttons ein rechtlich verbindliches Vertragsangebot in Bezug auf die im Warenkorb enthaltenen Waren ab. Ferner kann der Kunde das Angebot auch per E-Mail, per Online-Kontaktformular oder telefonisch gegen\u00fcber dem Verk\u00e4ufer abgeben.<\/strong><\/span><br \/><span style=\"color: #000000;\"><strong>2.3 Der Verk\u00e4ufer kann das Angebot des Kunden innerhalb von f\u00fcnf Tagen annehmen,<\/strong><\/span><br \/><span style=\"color: #000000;\"><strong>&#8211; indem er dem Kunden eine schriftliche Auftragsbest\u00e4tigung oder eine Auftragsbest\u00e4tigung in Textform (Fax oder E-Mail) \u00fcbermittelt, wobei insoweit der Zugang der Auftragsbest\u00e4tigung beim Kunden ma\u00dfgeblich ist, oder<\/strong><\/span><br \/><span style=\"color: #000000;\"><strong>&#8211; indem er dem Kunden die bestellte Ware liefert, wobei insoweit der Zugang der Ware beim Kunden ma\u00dfgeblich ist, oder<\/strong><\/span><br \/><span style=\"color: #000000;\"><strong>&#8211; indem er den Kunden nach Abgabe von dessen Bestellung zur Zahlung auffordert.<\/strong><\/span><br \/><span style=\"color: #000000;\"><strong>Liegen mehrere der vorgenannten Alternativen vor, kommt der Vertrag in dem Zeitpunkt zustande, in dem eine der vorgenannten Alternativen zuerst eintritt. Die Frist zur Annahme des Angebots beginnt am Tag nach der Absendung des Angebots durch den Kunden zu laufen und endet mit dem Ablauf des f\u00fcnften Tages, welcher auf die Absendung des Angebots folgt. Nimmt der Verk\u00e4ufer das Angebot des Kunden innerhalb vorgenannter Frist nicht an, so gilt dies als Ablehnung des Angebots mit der Folge, dass der Kunde nicht mehr an seine Willenserkl\u00e4rung gebunden ist.<\/strong><\/span><br \/><span style=\"color: #000000;\"><strong>2.4 Bei Auswahl einer von PayPal angebotenen Zahlungsart erfolgt die Zahlungsabwicklung \u00fcber den Zahlungsdienstleister PayPal (Europe) S.\u00e0 r.l. et Cie, S.C.A., 22-24 Boulevard Royal, L-2449 Luxemburg (im Folgenden: \u201ePayPal\u201c), unter Geltung der PayPal-Nutzungsbedingungen, einsehbar unter https:\/\/www.paypal.com\/de\/webapps\/mpp\/ua\/useragreement-full oder &#8211; falls der Kunde nicht \u00fcber ein PayPal-Konto verf\u00fcgt \u2013 unter Geltung der Bedingungen f\u00fcr Zahlungen ohne PayPal-Konto, einsehbar unter https:\/\/www.paypal.com\/de\/webapps\/mpp\/ua\/privacywax-full. Zahlt der Kunde mittels einer im Online-Bestellvorgang ausw\u00e4hlbaren von PayPal angebotenen Zahlungsart, erkl\u00e4rt der Verk\u00e4ufer schon jetzt die Annahme des Angebots des Kunden in dem Zeitpunkt, in dem der Kunde den Button anklickt, welcher den Bestellvorgang abschlie\u00dft.<\/strong><\/span><br \/><span style=\"color: #000000;\"><strong>2.5 Bei der Abgabe eines Angebots \u00fcber das Online-Bestellformular des Verk\u00e4ufers wird der Vertragstext nach dem Vertragsschluss vom Verk\u00e4ufer gespeichert und dem Kunden nach Absendung von dessen Bestellung in Textform (z. B. E-Mail, Fax oder Brief) \u00fcbermittelt. Eine dar\u00fcber hinausgehende Zug\u00e4nglichmachung des Vertragstextes durch den Verk\u00e4ufer erfolgt nicht. Sofern der Kunde vor Absendung seiner Bestellung ein Nutzerkonto im Online-Shop des Verk\u00e4ufers eingerichtet hat, werden die Bestelldaten auf der Website des Verk\u00e4ufers archiviert und k\u00f6nnen vom Kunden \u00fcber dessen passwortgesch\u00fctztes Nutzerkonto unter Angabe der entsprechenden Login-Daten kostenlos abgerufen werden.<\/strong><\/span><br \/><span style=\"color: #000000;\"><strong>2.6 Vor verbindlicher Abgabe der Bestellung \u00fcber das Online-Bestellformular des Verk\u00e4ufers kann der Kunde m\u00f6gliche Eingabefehler durch aufmerksames Lesen der auf dem Bildschirm dargestellten Informationen erkennen. Ein wirksames technisches Mittel zur besseren Erkennung von Eingabefehlern kann dabei die Vergr\u00f6\u00dferungsfunktion des Browsers sein, mit deren Hilfe die Darstellung auf dem Bildschirm vergr\u00f6\u00dfert wird. Seine Eingaben kann der Kunde im Rahmen des elektronischen Bestellprozesses so lange \u00fcber die \u00fcblichen Tastatur- und Mausfunktionen korrigieren, bis er den Button anklickt, welcher den Bestellvorgang abschlie\u00dft.<\/strong><\/span><br \/><span style=\"color: #000000;\"><strong>2.7 F\u00fcr den Vertragsschluss steht die deutsche Sprache zur Verf\u00fcgung.<\/strong><\/span><br \/><span style=\"color: #000000;\"><strong>2.8 Die Bestellabwicklung und Kontaktaufnahme finden in der Regel per E-Mail und automatisierter Bestellabwicklung statt. Der Kunde hat sicherzustellen, dass die von ihm zur Bestellabwicklung angegebene E-Mail-Adresse zutreffend ist, so dass unter dieser Adresse die vom Verk\u00e4ufer versandten E-Mails empfangen werden k\u00f6nnen. Insbesondere hat der Kunde bei dem Einsatz von SPAM-Filtern sicherzustellen, dass alle vom Verk\u00e4ufer oder von diesem mit der Bestellabwicklung beauftragten Dritten versandten E-Mails zugestellt werden k\u00f6nnen.<\/strong><\/span><\/p><p><span style=\"color: #000000;\"><strong>3) Widerrufsrecht<\/strong><\/span><br \/><span style=\"color: #000000;\"><strong>3.1 Verbrauchern steht grunds\u00e4tzlich ein Widerrufsrecht zu.<\/strong><\/span><br \/><span style=\"color: #000000;\"><strong>3.2 N\u00e4here Informationen zum Widerrufsrecht ergeben sich aus der Widerrufsbelehrung des Verk\u00e4ufers.<\/strong><\/span><br \/><span style=\"color: #000000;\"><strong>3.3 Das Widerrufsrecht gilt nicht f\u00fcr Verbraucher, die zum Zeitpunkt des Vertragsschlusses keinem Mitgliedstaat der Europ\u00e4ischen Union angeh\u00f6ren und deren alleiniger Wohnsitz und Lieferadresse zum Zeitpunkt des Vertragsschlusses au\u00dferhalb der Europ\u00e4ischen Union liegen.<\/strong><\/span><\/p><p><span style=\"color: #000000;\"><strong>4) Preise und Zahlungsbedingungen<\/strong><\/span><br \/><span style=\"color: #000000;\"><strong>4.1 Sofern sich aus der Produktbeschreibung des Verk\u00e4ufers nichts anderes ergibt, handelt es sich bei den angegebenen Preisen um Gesamtpreise, die die gesetzliche Umsatzsteuer enthalten. Gegebenenfalls zus\u00e4tzlich anfallende Liefer- und Versandkosten werden in der jeweiligen Produktbeschreibung gesondert angegeben.<\/strong><\/span><br \/><span style=\"color: #000000;\"><strong>4.2 Bei Lieferungen in L\u00e4nder au\u00dferhalb der Europ\u00e4ischen Union k\u00f6nnen im Einzelfall weitere Kosten anfallen, die der Verk\u00e4ufer nicht zu vertreten hat und die vom Kunden zu tragen sind. Hierzu z\u00e4hlen beispielsweise Kosten f\u00fcr die Geld\u00fcbermittlung durch Kreditinstitute (z.B. \u00dcberweisungsgeb\u00fchren, Wechselkursgeb\u00fchren) oder einfuhrrechtliche Abgaben bzw. Steuern (z.B. Z\u00f6lle). Solche Kosten k\u00f6nnen in Bezug auf die Geld\u00fcbermittlung auch dann anfallen, wenn die Lieferung nicht in ein Land au\u00dferhalb der Europ\u00e4ischen Union erfolgt, der Kunde die Zahlung aber von einem Land au\u00dferhalb der Europ\u00e4ischen Union aus vornimmt.<\/strong><\/span><br \/><span style=\"color: #000000;\"><strong>4.3 Die Zahlungsm\u00f6glichkeit\/en wird\/werden dem Kunden im Online-Shop des Verk\u00e4ufers mitgeteilt.<\/strong><\/span><br \/><span style=\"color: #000000;\"><strong>4.4 Ist Vorauskasse per Bank\u00fcberweisung vereinbart, ist die Zahlung sofort nach Vertragsabschluss f\u00e4llig, sofern die Parteien keinen sp\u00e4teren F\u00e4lligkeitstermin vereinbart haben.<\/strong><\/span><br \/><span style=\"color: #000000;\"><strong>4.5 Bei Auswahl einer \u00fcber den Zahlungsdienst \u201ePayPal\u201c angebotenen Zahlungsart erfolgt die Zahlungsabwicklung \u00fcber PayPal, wobei sich PayPal hierzu auch der Dienste dritter Zahlungsdienstleister bedienen kann. Sofern der Verk\u00e4ufer \u00fcber PayPal auch Zahlungsarten anbietet, bei denen er gegen\u00fcber dem Kunden in Vorleistung geht (z. B. Rechnungskauf oder Ratenzahlung), tritt er seine Zahlungsforderung insoweit an PayPal bzw. an den von PayPal beauftragten und dem Kunden konkret benannten Zahlungsdienstleister ab. Vor Annahme der Abtretungserkl\u00e4rung des Verk\u00e4ufers f\u00fchrt PayPal bzw. der von PayPal beauftragte Zahlungsdienstleister unter Verwendung der \u00fcbermittelten Kundendaten eine Bonit\u00e4tspr\u00fcfung durch. Der Verk\u00e4ufer beh\u00e4lt sich vor, dem Kunden die ausgew\u00e4hlte Zahlungsart im Falle eines negativen Pr\u00fcfungsergebnisses zu verweigern. Bei Zulassung der ausgew\u00e4hlten Zahlungsart hat der Kunde den Rechnungsbetrag innerhalb der vereinbarten Zahlungsfrist bzw. in den vereinbarten Zahlungsintervallen zu bezahlen. Er kann in diesem Fall nur an PayPal bzw. den von PayPal beauftragten Zahlungsdienstleister mit schuldbefreiender Wirkung leisten. Der Verk\u00e4ufer bleibt jedoch auch im Falle der Forderungsabtretung zust\u00e4ndig f\u00fcr allgemeine Kundenanfragen z. B. zur Ware, Lieferzeit, Versendung, Retouren, Reklamationen, Widerrufserkl\u00e4rungen und -zusendungen oder Gutschriften.<\/strong><\/span><br \/><span style=\"color: #000000;\"><strong>4.6 Bei Auswahl der Zahlungsart \u201eSOFORT\u201c erfolgt die Zahlungsabwicklung \u00fcber den Zahlungsdienstleister SOFORT GmbH, Theresienh\u00f6he 12, 80339 M\u00fcnchen (im Folgenden \u201eSOFORT\u201c). Um den Rechnungsbetrag \u00fcber \u201eSOFORT\u201c bezahlen zu k\u00f6nnen, muss der Kunde \u00fcber ein f\u00fcr die Teilnahme an \u201eSOFORT\u201c frei geschaltetes Online-Banking-Konto verf\u00fcgen, sich beim Zahlungsvorgang entsprechend legitimieren und die Zahlungsanweisung gegen\u00fcber \u201eSOFORT\u201c best\u00e4tigen. Die Zahlungstransaktion wird unmittelbar danach von \u201eSOFORT\u201c durchgef\u00fchrt und das Bankkonto des Kunden belastet. N\u00e4here Informationen zur Zahlungsart \u201eSOFORT\u201c kann der Kunde im Internet unter https:\/\/www.klarna.com\/sofort\/ abrufen.<\/strong><\/span><\/p><p><span style=\"color: #000000;\"><strong>5) Liefer- und Versandbedingungen<\/strong><\/span><br \/><span style=\"color: #000000;\"><strong>5.1 Bietet der Verk\u00e4ufer den Versand der Ware an, so erfolgt die Lieferung innerhalb des vom Verk\u00e4ufer angegebenen Liefergebietes an die vom Kunden angegebene Lieferanschrift, sofern nichts anderes vereinbart ist. Bei der Abwicklung der Transaktion ist die in der Bestellabwicklung des Verk\u00e4ufers angegebene Lieferanschrift ma\u00dfgeblich. Abweichend hiervon ist bei Auswahl der Zahlungsart PayPal die vom Kunden zum Zeitpunkt der Bezahlung bei PayPal hinterlegte Lieferanschrift ma\u00dfgeblich.<\/strong><\/span><br \/><span style=\"color: #000000;\"><strong>5.2 Scheitert die Zustellung der Ware aus Gr\u00fcnden, die der Kunde zu vertreten hat, tr\u00e4gt der Kunde die dem Verk\u00e4ufer hierdurch entstehenden angemessenen Kosten. Dies gilt im Hinblick auf die Kosten f\u00fcr die Hinsendung nicht, wenn der Kunde sein Widerrufsrecht wirksam aus\u00fcbt. F\u00fcr die R\u00fccksendekosten gilt bei wirksamer Aus\u00fcbung des Widerrufsrechts durch den Kunden die in der Widerrufsbelehrung des Verk\u00e4ufers hierzu getroffene Regelung.<\/strong><\/span><br \/><span style=\"color: #000000;\"><strong>5.3 Handelt der Kunde als Unternehmer, geht die Gefahr des zuf\u00e4lligen Untergangs und der zuf\u00e4lligen Verschlechterung der verkauften Ware auf den Kunden \u00fcber, sobald der Verk\u00e4ufer die Sache dem Spediteur, dem Frachtf\u00fchrer oder der sonst zur Ausf\u00fchrung der Versendung bestimmten Person oder Anstalt ausgeliefert hat. Handelt der Kunde als Verbraucher, geht die Gefahr des zuf\u00e4lligen Untergangs und der zuf\u00e4lligen Verschlechterung der verkauften Ware grunds\u00e4tzlich erst mit \u00dcbergabe der Ware an den Kunden oder eine empfangsberechtigte Person \u00fcber. Abweichend hiervon geht die Gefahr des zuf\u00e4lligen Untergangs und der zuf\u00e4lligen Verschlechterung der verkauften Ware auch bei Verbrauchern bereits auf den Kunden \u00fcber, sobald der Verk\u00e4ufer die Sache dem Spediteur, dem Frachtf\u00fchrer oder der sonst zur Ausf\u00fchrung der Versendung bestimmten Person oder Anstalt ausgeliefert hat, wenn der Kunde den Spediteur, den Frachtf\u00fchrer oder die sonst zur Ausf\u00fchrung der Versendung bestimmte Person oder Anstalt mit der Ausf\u00fchrung beauftragt und der Verk\u00e4ufer dem Kunden diese Person oder Anstalt zuvor nicht benannt hat.<\/strong><\/span><br \/><span style=\"color: #000000;\"><strong>5.4 Der Verk\u00e4ufer beh\u00e4lt sich das Recht vor, im Falle nicht richtiger oder nicht ordnungsgem\u00e4\u00dfer Selbstbelieferung vom Vertrag zur\u00fcckzutreten. Dies gilt nur f\u00fcr den Fall, dass die Nichtlieferung nicht vom Verk\u00e4ufer zu vertreten ist und dieser mit der gebotenen Sorgfalt ein konkretes Deckungsgesch\u00e4ft mit dem Zulieferer abgeschlossen hat. Der Verk\u00e4ufer wird alle zumutbaren Anstrengungen unternehmen, um die Ware zu beschaffen. Im Falle der Nichtverf\u00fcgbarkeit oder der nur teilweisen Verf\u00fcgbarkeit der Ware wird der Kunde unverz\u00fcglich informiert und die Gegenleistung unverz\u00fcglich erstattet.<\/strong><\/span><br \/><span style=\"color: #000000;\"><strong>5.5 Bietet der Verk\u00e4ufer die Ware zur Abholung an, so kann der Kunde die bestellte Ware innerhalb der vom Verk\u00e4ufer angegebenen Gesch\u00e4ftszeiten unter der vom Verk\u00e4ufer angegebenen Adresse abholen. In diesem Fall werden keine Versandkosten berechnet.<\/strong><\/span><\/p><p><span style=\"color: #000000;\"><strong>6) Eigentumsvorbehalt<\/strong><\/span><br \/><span style=\"color: #000000;\"><strong>Tritt der Verk\u00e4ufer in Vorleistung, beh\u00e4lt er sich bis zur vollst\u00e4ndigen Bezahlung des geschuldeten Kaufpreises das Eigentum an der gelieferten Ware vor.<\/strong><\/span><\/p><p><span style=\"color: #000000;\"><strong>7) M\u00e4ngelhaftung (Gew\u00e4hrleistung)<\/strong><\/span><br \/><span style=\"color: #000000;\"><strong>Soweit sich aus den nachfolgenden Regelungen nichts anderes ergibt, gelten die Vorschriften der gesetzlichen M\u00e4ngelhaftung. Hiervon abweichend gilt bei Vertr\u00e4gen zur Lieferung von Waren:<\/strong><\/span><br \/><span style=\"color: #000000;\"><strong>7.1 Handelt der Kunde als Unternehmer,<\/strong><\/span><br \/><span style=\"color: #000000;\"><strong>&#8211; hat der Verk\u00e4ufer die Wahl der Art der Nacherf\u00fcllung;<\/strong><\/span><br \/><span style=\"color: #000000;\"><strong>&#8211; betr\u00e4gt bei neuen Waren die Verj\u00e4hrungsfrist f\u00fcr M\u00e4ngelrechte ein Jahr ab Ablieferung der Ware;<\/strong><\/span><br \/><span style=\"color: #000000;\"><strong>&#8211; sind bei gebrauchten Waren die M\u00e4ngelrechte ausgeschlossen;<\/strong><\/span><br \/><span style=\"color: #000000;\"><strong>&#8211; beginnt die Verj\u00e4hrung nicht erneut, wenn im Rahmen der M\u00e4ngelhaftung eine Ersatzlieferung erfolgt.<\/strong><\/span><br \/><span style=\"color: #000000;\"><strong>7.2 Die vorstehend geregelten Haftungsbeschr\u00e4nkungen und Fristverk\u00fcrzungen gelten nicht<\/strong><\/span><br \/><span style=\"color: #000000;\"><strong>&#8211; f\u00fcr Schadensersatz- und Aufwendungsersatzanspr\u00fcche des Kunden,<\/strong><\/span><br \/><span style=\"color: #000000;\"><strong>&#8211; f\u00fcr den Fall, dass der Verk\u00e4ufer den Mangel arglistig verschwiegen hat,<\/strong><\/span><br \/><span style=\"color: #000000;\"><strong>&#8211; f\u00fcr Waren, die entsprechend ihrer \u00fcblichen Verwendungsweise f\u00fcr ein Bauwerk verwendet worden sind und dessen Mangelhaftigkeit verursacht haben,<\/strong><\/span><br \/><span style=\"color: #000000;\"><strong>&#8211; f\u00fcr eine ggf. bestehende Verpflichtung des Verk\u00e4ufers zur Bereitstellung von Aktualisierungen f\u00fcr digitale Produkte, bei Vertr\u00e4gen zur Lieferung von Waren mit digitalen Elementen.<\/strong><\/span><br \/><span style=\"color: #000000;\"><strong>7.3 Dar\u00fcber hinaus gilt f\u00fcr Unternehmer, dass die gesetzlichen Verj\u00e4hrungsfristen f\u00fcr einen ggf. bestehenden gesetzlichen R\u00fcckgriffsanspruch unber\u00fchrt bleiben.<\/strong><\/span><br \/><span style=\"color: #000000;\"><strong>7.4 Handelt der Kunde als Kaufmann i.S.d. \u00a7 1 HGB, trifft ihn die kaufm\u00e4nnische Untersuchungs- und R\u00fcgepflicht gem\u00e4\u00df \u00a7 377 HGB. Unterl\u00e4sst der Kunde die dort geregelten Anzeigepflichten, gilt die Ware als genehmigt.<\/strong><\/span><br \/><span style=\"color: #000000;\"><strong>7.5 Handelt der Kunde als Verbraucher, so wird er gebeten, angelieferte Waren mit offensichtlichen Transportsch\u00e4den bei dem Zusteller zu reklamieren und den Verk\u00e4ufer hiervon in Kenntnis zu setzen. Kommt der Kunde dem nicht nach, hat dies keinerlei Auswirkungen auf seine gesetzlichen oder vertraglichen M\u00e4ngelanspr\u00fcche.<\/strong><\/span><\/p><p><span style=\"color: #000000;\"><strong>8) Haftung<\/strong><\/span><br \/><span style=\"color: #000000;\"><strong>Der Verk\u00e4ufer haftet dem Kunden aus allen vertraglichen, vertrags\u00e4hnlichen und gesetzlichen, auch deliktischen Anspr\u00fcchen auf Schadens- und Aufwendungsersatz wie folgt:<\/strong><\/span><br \/><span style=\"color: #000000;\"><strong>8.1 Der Verk\u00e4ufer haftet aus jedem Rechtsgrund uneingeschr\u00e4nkt<\/strong><\/span><br \/><span style=\"color: #000000;\"><strong>&#8211; bei Vorsatz oder grober Fahrl\u00e4ssigkeit,<\/strong><\/span><br \/><span style=\"color: #000000;\"><strong>&#8211; bei vors\u00e4tzlicher oder fahrl\u00e4ssiger Verletzung des Lebens, des K\u00f6rpers oder der Gesundheit,<\/strong><\/span><br \/><span style=\"color: #000000;\"><strong>&#8211; aufgrund eines Garantieversprechens, soweit diesbez\u00fcglich nichts anderes geregelt ist,<\/strong><\/span><br \/><span style=\"color: #000000;\"><strong>&#8211; aufgrund zwingender Haftung wie etwa nach dem Produkthaftungsgesetz.<\/strong><\/span><br \/><span style=\"color: #000000;\"><strong>8.2 Verletzt der Verk\u00e4ufer fahrl\u00e4ssig eine wesentliche Vertragspflicht, ist die Haftung auf den vertragstypischen, vorhersehbaren Schaden begrenzt, sofern nicht gem\u00e4\u00df vorstehender Ziffer unbeschr\u00e4nkt gehaftet wird. Wesentliche Vertragspflichten sind Pflichten, die der Vertrag dem Verk\u00e4ufer nach seinem Inhalt zur Erreichung des Vertragszwecks auferlegt, deren Erf\u00fcllung die ordnungsgem\u00e4\u00dfe Durchf\u00fchrung des Vertrags \u00fcberhaupt erst erm\u00f6glicht und auf deren Einhaltung der Kunde regelm\u00e4\u00dfig vertrauen darf.<\/strong><\/span><br \/><span style=\"color: #000000;\"><strong>8.3 Im \u00dcbrigen ist eine Haftung des Verk\u00e4ufers ausgeschlossen.<\/strong><\/span><br \/><span style=\"color: #000000;\"><strong>8.4 Vorstehende Haftungsregelungen gelten auch im Hinblick auf die Haftung des Verk\u00e4ufers f\u00fcr seine Erf\u00fcllungsgehilfen und gesetzlichen Vertreter.<\/strong><\/span><\/p><p><span style=\"color: #000000;\"><strong>9) Einl\u00f6sung von Aktionsgutscheinen<\/strong><\/span><br \/><span style=\"color: #000000;\"><strong>9.1 Gutscheine, die vom Verk\u00e4ufer im Rahmen von Werbeaktionen mit einer bestimmten G\u00fcltigkeitsdauer unentgeltlich ausgegeben werden und die vom Kunden nicht k\u00e4uflich erworben werden k\u00f6nnen (nachfolgend &#8222;Aktionsgutscheine&#8220;), k\u00f6nnen nur im Online-Shop des Verk\u00e4ufers und nur im angegebenen Zeitraum eingel\u00f6st werden.<\/strong><\/span><br \/><span style=\"color: #000000;\"><strong>9.2 Aktionsgutscheine k\u00f6nnen nur von Verbrauchern eingel\u00f6st werden.<\/strong><\/span><br \/><span style=\"color: #000000;\"><strong>9.3 Einzelne Produkte k\u00f6nnen von der Gutscheinaktion ausgeschlossen sein, sofern sich eine entsprechende Einschr\u00e4nkung aus dem Inhalt des Aktionsgutscheins ergibt.<\/strong><\/span><br \/><span style=\"color: #000000;\"><strong>9.4 Aktionsgutscheine k\u00f6nnen nur vor Abschluss des Bestellvorgangs eingel\u00f6st werden. Eine nachtr\u00e4gliche Verrechnung ist nicht m\u00f6glich.<\/strong><\/span><br \/><span style=\"color: #000000;\"><strong>9.5 Pro Bestellung kann immer nur ein Aktionsgutschein eingel\u00f6st werden.<\/strong><\/span><br \/><span style=\"color: #000000;\"><strong>9.6 Der Warenwert muss mindestens dem Betrag des Aktionsgutscheins entsprechen. Etwaiges Restguthaben wird vom Verk\u00e4ufer nicht erstattet.<\/strong><\/span><br \/><span style=\"color: #000000;\"><strong>9.7 Reicht der Wert des Aktionsgutscheins zur Deckung der Bestellung nicht aus, kann zur Begleichung des Differenzbetrages eine der \u00fcbrigen vom Verk\u00e4ufer angebotenen Zahlungsarten gew\u00e4hlt werden.<\/strong><\/span><br \/><span style=\"color: #000000;\"><strong>9.8 Das Guthaben eines Aktionsgutscheins wird weder in Bargeld ausgezahlt noch verzinst.<\/strong><\/span><br \/><span style=\"color: #000000;\"><strong>9.9 Der Aktionsgutschein wird nicht erstattet, wenn der Kunde die mit dem Aktionsgutschein ganz oder teilweise bezahlte Ware im Rahmen seines gesetzlichen Widerrufsrechts zur\u00fcckgibt.<\/strong><\/span><br \/><span style=\"color: #000000;\"><strong>9.10 Der Aktionsgutschein ist \u00fcbertragbar. Der Verk\u00e4ufer kann mit befreiender Wirkung an den jeweiligen Inhaber, der den Aktionsgutschein im Online-Shop des Verk\u00e4ufers einl\u00f6st, leisten. Dies gilt nicht, wenn der Verk\u00e4ufer Kenntnis oder grob fahrl\u00e4ssige Unkenntnis von der Nichtberechtigung, der Gesch\u00e4ftsunf\u00e4higkeit oder der fehlenden Vertretungsberechtigung des jeweiligen Inhabers hat.<\/strong><\/span><\/p><p><span style=\"color: #000000;\"><strong>10) Einl\u00f6sung von Geschenkgutscheinen<\/strong><\/span><br \/><span style=\"color: #000000;\"><strong>10.1 Gutscheine, die \u00fcber den Online-Shop des Verk\u00e4ufers k\u00e4uflich erworben werden k\u00f6nnen (nachfolgend &#8222;Geschenkgutscheine&#8220;), k\u00f6nnen nur im Online-Shop des Verk\u00e4ufers eingel\u00f6st werden, sofern sich aus dem Gutschein nichts anderes ergibt.<\/strong><\/span><br \/><span style=\"color: #000000;\"><strong>10.2 Geschenkgutscheine und Restguthaben von Geschenkgutscheinen sind bis zum Ende des dritten Jahres nach dem Jahr des Gutscheinkaufs einl\u00f6sbar. Restguthaben werden dem Kunden bis zum Ablaufdatum gutgeschrieben.<\/strong><\/span><br \/><span style=\"color: #000000;\"><strong>10.3 Geschenkgutscheine k\u00f6nnen nur vor Abschluss des Bestellvorgangs eingel\u00f6st werden. Eine nachtr\u00e4gliche Verrechnung ist nicht m\u00f6glich.<\/strong><\/span><br \/><span style=\"color: #000000;\"><strong>10.4 Pro Bestellung kann immer nur ein Geschenkgutschein eingel\u00f6st werden.<\/strong><\/span><br \/><span style=\"color: #000000;\"><strong>10.5 Geschenkgutscheine k\u00f6nnen nur f\u00fcr den Kauf von Waren und nicht f\u00fcr den Kauf von weiteren Geschenkgutscheinen verwendet werden.<\/strong><\/span><br \/><span style=\"color: #000000;\"><strong>10.6 Reicht der Wert des Geschenkgutscheins zur Deckung der Bestellung nicht aus, kann zur Begleichung des Differenzbetrages eine der \u00fcbrigen vom Verk\u00e4ufer angebotenen Zahlungsarten gew\u00e4hlt werden.<\/strong><\/span><br \/><span style=\"color: #000000;\"><strong>10.7 Das Guthaben eines Geschenkgutscheins wird weder in Bargeld ausgezahlt noch verzinst.<\/strong><\/span><br \/><span style=\"color: #000000;\"><strong>10.8 Der Geschenkgutschein ist \u00fcbertragbar. Der Verk\u00e4ufer kann mit befreiender Wirkung an den jeweiligen Inhaber, der den Geschenkgutschein im Online-Shop des Verk\u00e4ufers einl\u00f6st, leisten. Dies gilt nicht, wenn der Verk\u00e4ufer Kenntnis oder grob fahrl\u00e4ssige Unkenntnis von der Nichtberechtigung, der Gesch\u00e4ftsunf\u00e4higkeit oder der fehlenden Vertretungsberechtigung des jeweiligen Inhabers hat.<\/strong><\/span><\/p><p><span style=\"color: #000000;\"><strong>11) Anwendbares Recht<\/strong><\/span><br \/><span style=\"color: #000000;\"><strong>11.1 F\u00fcr s\u00e4mtliche Rechtsbeziehungen der Parteien gilt das Recht der Bundesrepublik Deutschland unter Ausschluss der Gesetze \u00fcber den internationalen Kauf beweglicher Waren. Bei Verbrauchern gilt diese Rechtswahl nur insoweit, als nicht der gew\u00e4hrte Schutz durch zwingende Bestimmungen des Rechts des Staates, in dem der Verbraucher seinen gew\u00f6hnlichen Aufenthalt hat, entzogen wird.<\/strong><\/span><br \/><span style=\"color: #000000;\"><strong>11.2 Ferner gilt diese Rechtswahl im Hinblick auf das gesetzliche Widerrufsrecht nicht bei Verbrauchern, die zum Zeitpunkt des Vertragsschlusses keinem Mitgliedstaat der Europ\u00e4ischen Union angeh\u00f6ren und deren alleiniger Wohnsitz und Lieferadresse zum Zeitpunkt des Vertragsschlusses au\u00dferhalb der Europ\u00e4ischen Union liegen.<\/strong><\/span><\/p><p><span style=\"color: #000000;\"><strong>12) Verhaltenskodex<\/strong><\/span><br \/><span style=\"color: #000000;\"><strong>&#8211; Der Verk\u00e4ufer hat sich den Richtlinien f\u00fcr \u201eGoogle Kundenrezensionen\u201c unterworfen, die im Internet unter https:\/\/support.google.com\/merchants\/answer\/14629803?hl=de&amp;ref_topic=14629086 einsehbar sind.<\/strong><\/span><br \/><span style=\"color: #000000;\"><strong>&#8211; Der Verk\u00e4ufer hat sich den Trusted Shops Qualit\u00e4tskriterien unterworfen, die im Internet unter https:\/\/www.trustedshops.com\/tsdocument\/TS_QUALITY_CRITERIA_de.pdf einsehbar sind.<\/strong><\/span><\/p><p><span style=\"color: #000000;\"><strong>13) Alternative Streitbeilegung<\/strong><\/span><br \/><span style=\"color: #000000;\"><strong>Der Verk\u00e4ufer ist zur Teilnahme an einem Streitbeilegungsverfahren vor einer Verbraucherschlichtungsstelle weder verpflichtet noch bereit.<\/strong><\/span><\/p><p><br \/><span style=\"color: #000000;\"><strong>Copyright-Hinweis: Diese AGB wurden von den Fachanw\u00e4lten der IT-Recht Kanzlei erstellt und sind urheberrechtlich gesch\u00fctzt (https:\/\/www.it-recht-kanzlei.de)<\/strong><\/span><\/p><p><span style=\"color: #000000;\"><strong>Stand: 19.05.2025, 21:49:03 Uhr<\/strong><\/span><\/p><p>\u00a0<\/p>\t\t\t\t\t\t\t\t<\/div>\n\t\t\t\t<\/div>\n\t\t\t\t\t<\/div>\n\t\t\t\t<\/div>\n\t\t<div class=\"elementor-element elementor-element-f279762 e-flex e-con-boxed e-con e-parent\" data-id=\"f279762\" data-element_type=\"container\">\n\t\t\t\t\t<div class=\"e-con-inner\">\n\t\t\t\t<div class=\"elementor-element elementor-element-a81a755 elementor-headline--style-highlight elementor-widget elementor-widget-animated-headline\" data-id=\"a81a755\" data-element_type=\"widget\" data-settings=\"{&quot;highlighted_text&quot;:&quot;flexibel und pers\\u00f6nlich&quot;,&quot;headline_style&quot;:&quot;highlight&quot;,&quot;marker&quot;:&quot;circle&quot;,&quot;loop&quot;:&quot;yes&quot;,&quot;highlight_animation_duration&quot;:1200,&quot;highlight_iteration_delay&quot;:8000}\" data-widget_type=\"animated-headline.default\">\n\t\t\t\t<div class=\"elementor-widget-container\">\n\t\t\t\t\t\t\t<h4 class=\"elementor-headline\">\n\t\t\t\t\t<span class=\"elementor-headline-plain-text elementor-headline-text-wrapper\">Individueller Musikunterricht in Mannheim \u2013 <\/span>\n\t\t\t\t<span class=\"elementor-headline-dynamic-wrapper elementor-headline-text-wrapper\">\n\t\t\t\t\t<span class=\"elementor-headline-dynamic-text elementor-headline-text-active\">flexibel und pers\u00f6nlich<\/span>\n\t\t\t\t<\/span>\n\t\t\t\t<\/h4>\n\t\t\t\t\t\t<\/div>\n\t\t\t\t<\/div>\n\t\t\t\t\t<\/div>\n\t\t\t\t<\/div>\n\t\t<div class=\"elementor-element elementor-element-e62cc82 e-flex e-con-boxed e-con e-parent\" data-id=\"e62cc82\" data-element_type=\"container\">\n\t\t\t\t\t<div class=\"e-con-inner\">\n\t\t\t\t<div class=\"elementor-element elementor-element-7d92d9b elementor-align-left elementor-widget elementor-widget-etheme_advanced_headline\" data-id=\"7d92d9b\" data-element_type=\"widget\" data-widget_type=\"etheme_advanced_headline.default\">\n\t\t\t\t<div class=\"elementor-widget-container\">\n\t\t\t\t\t        \r\n        <div class=\"etheme-a-h-wrapper\">\r\n        \r\n                            <span class=\"etheme-a-h-text-before\">\r\n                    Harmonie Musikschule                <\/span>\r\n            \r\n        <h2 class=\"etheme-advanced-headline etheme-advanced-headline-mask\">\r\n\r\n            \r\n        <\/h2>\r\n\t\t\r\n                                    <div class=\"etheme-a-h-icon-wrapper\">\r\n\t\t\t                                        <\/div>\r\n\t                                <p class=\"etheme-a-h-text-after\">\r\n                    Unsere Musikschule bietet:\n\n<br><br>* Einzelunterricht mit klarer Struktur und individuellen Lernzielen\n\n<br><br>* Unterricht f\u00fcr alle Altersgruppen \u2013 Kinder, Jugendliche, Erwachsene &#038; Senioren\n\n<br><br>* Flexible Terminvereinbarung \u2013 nachmittags, abends oder samstags\n\n<br><br>* Probestunde m\u00f6glich\n\n<br><br>* Keine langfristige Vertragsbindung n\u00f6tig (monatlich k\u00fcndbar)\n\n<br><br>* Unsere Lehrerinnen und Lehrer sind ausgebildete Musiker*innen mit p\u00e4dagogischer Qualifikation. <br>Sie gehen auf Ihre musikalischen Interessen ein und sorgen daf\u00fcr, dass Sie mit Freude lernen und Fortschritte sehen.                <\/p>\r\n                    \r\n        <\/div>\r\n        \r\n\t\t\t\t\t\t<\/div>\n\t\t\t\t<\/div>\n\t\t\t\t\t<\/div>\n\t\t\t\t<\/div>\n\t\t<div class=\"elementor-element elementor-element-1196991 e-flex e-con-boxed e-con e-parent\" data-id=\"1196991\" data-element_type=\"container\">\n\t\t\t\t\t<div class=\"e-con-inner\">\n\t\t\t\t<div class=\"elementor-element elementor-element-2184e50 elementor-widget elementor-widget-etheme_product_carousel\" data-id=\"2184e50\" data-element_type=\"widget\" data-settings=\"{&quot;slides_per_view&quot;:4,&quot;space_between&quot;:{&quot;unit&quot;:&quot;px&quot;,&quot;size&quot;:20,&quot;sizes&quot;:[]},&quot;space_between_tablet&quot;:{&quot;unit&quot;:&quot;px&quot;,&quot;size&quot;:&quot;&quot;,&quot;sizes&quot;:[]},&quot;space_between_mobile&quot;:{&quot;unit&quot;:&quot;px&quot;,&quot;size&quot;:&quot;&quot;,&quot;sizes&quot;:[]},&quot;loop&quot;:&quot;yes&quot;,&quot;navigation&quot;:&quot;arrows&quot;}\" data-widget_type=\"etheme_product_carousel.default\">\n\t\t\t\t<div class=\"elementor-widget-container\">\n\t\t\t\t\t                <div class=\"etheme-elementor-swiper-entry swiper-entry middle-inbox arrows-hover\">\r\n                    <div class=\"swiper etheme-elementor-slider\" dir=\"ltr\">\r\n                        <div class=\"swiper-wrapper\">\r\n                            <div class=\"swiper-slide\">        \r\n        <div class=\"etheme-product-grid-item etheme-product-hover-mask3 etheme-product-hover-mode-white product type-product post-5975 status-publish first instock product_cat-kurzhals-saz product_cat-saz has-post-thumbnail sale taxable shipping-taxable purchasable product-type-simple\">\r\n        \r\n        <div class=\"etheme-product-grid-image\"><a href=\"https:\/\/harmonie-event.de\/?product=nusbaum-glanz-kurzhals-2\"><img loading=\"lazy\" loading=\"lazy\" decoding=\"async\" width=\"300\" height=\"300\" src=\"https:\/\/harmonie-event.de\/wp-content\/uploads\/2025\/01\/KISA-SAP-39-TEKNE-CEViZ-BAGLAMA-1-scaled-1-300x300.jpg\" class=\"attachment-woocommerce_thumbnail size-woocommerce_thumbnail\" alt=\"Nusbaum \u2013 Glanz \/ Kurzhals\" srcset=\"https:\/\/harmonie-event.de\/wp-content\/uploads\/2025\/01\/KISA-SAP-39-TEKNE-CEViZ-BAGLAMA-1-scaled-1-300x300.jpg 300w, https:\/\/harmonie-event.de\/wp-content\/uploads\/2025\/01\/KISA-SAP-39-TEKNE-CEViZ-BAGLAMA-1-scaled-1-756x756.jpg 756w, https:\/\/harmonie-event.de\/wp-content\/uploads\/2025\/01\/KISA-SAP-39-TEKNE-CEViZ-BAGLAMA-1-scaled-1-1600x1600.jpg 1600w, https:\/\/harmonie-event.de\/wp-content\/uploads\/2025\/01\/KISA-SAP-39-TEKNE-CEViZ-BAGLAMA-1-scaled-1-150x150.jpg 150w, https:\/\/harmonie-event.de\/wp-content\/uploads\/2025\/01\/KISA-SAP-39-TEKNE-CEViZ-BAGLAMA-1-scaled-1-768x768.jpg 768w, https:\/\/harmonie-event.de\/wp-content\/uploads\/2025\/01\/KISA-SAP-39-TEKNE-CEViZ-BAGLAMA-1-scaled-1-1536x1536.jpg 1536w, https:\/\/harmonie-event.de\/wp-content\/uploads\/2025\/01\/KISA-SAP-39-TEKNE-CEViZ-BAGLAMA-1-scaled-1-2048x2048.jpg 2048w, https:\/\/harmonie-event.de\/wp-content\/uploads\/2025\/01\/KISA-SAP-39-TEKNE-CEViZ-BAGLAMA-1-scaled-1-600x600.jpg 600w, https:\/\/harmonie-event.de\/wp-content\/uploads\/2025\/01\/KISA-SAP-39-TEKNE-CEViZ-BAGLAMA-1-scaled-1-100x100.jpg 100w, https:\/\/harmonie-event.de\/wp-content\/uploads\/2025\/01\/KISA-SAP-39-TEKNE-CEViZ-BAGLAMA-1-scaled-1-1x1.jpg 1w, https:\/\/harmonie-event.de\/wp-content\/uploads\/2025\/01\/KISA-SAP-39-TEKNE-CEViZ-BAGLAMA-1-scaled-1-10x10.jpg 10w\" sizes=\"auto, (max-width: 300px) 100vw, 300px\" \/><\/a>                         <footer>\r\n                             <div class=\"footer-inner\"><a href=\"?add-to-cart=5975\" aria-describedby=\"woocommerce_loop_add_to_cart_link_describedby_5975\" data-quantity=\"1\" class=\"button product_type_simple add_to_cart_button ajax_add_to_cart\" data-product_id=\"5975\" data-product_sku=\"CVZ-108020\" aria-label=\"In den Warenkorb legen: \u201eNusbaum \u2013 Glanz \/ Kurzhals\u201c\" rel=\"nofollow\" data-success_message=\"\u201eNusbaum \u2013 Glanz \/ Kurzhals\u201c wurde deinem Warenkorb hinzugef\u00fcgt\" data-product_name=\"Nusbaum \u2013 Glanz \/ Kurzhals\"><svg fill=\"currentColor\" xmlns=\"http:\/\/www.w3.org\/2000\/svg\" width=\"1em\" height=\"1em\" viewBox=\"0 0 24 24\">\r\n<path d=\"M23.76 4.248c-0.096-0.096-0.24-0.24-0.504-0.24h-18.48l-0.48-2.4c-0.024-0.288-0.384-0.528-0.624-0.528h-2.952c-0.384 0-0.624 0.264-0.624 0.624s0.264 0.648 0.624 0.648h2.424l2.328 11.832c0.312 1.608 1.848 2.856 3.48 2.856h11.28c0.384 0 0.624-0.264 0.624-0.624s-0.264-0.624-0.624-0.624h-11.16c-0.696 0-1.344-0.312-1.704-0.816l14.064-1.92c0.264 0 0.528-0.24 0.528-0.528l1.968-7.824v-0.024c-0.024-0.048-0.024-0.288-0.168-0.432zM22.392 5.184l-1.608 6.696-14.064 1.824-1.704-8.52h17.376zM8.568 17.736c-1.464 0-2.592 1.128-2.592 2.592s1.128 2.592 2.592 2.592c1.464 0 2.592-1.128 2.592-2.592s-1.128-2.592-2.592-2.592zM9.888 20.328c0 0.696-0.624 1.32-1.32 1.32s-1.32-0.624-1.32-1.32 0.624-1.32 1.32-1.32 1.32 0.624 1.32 1.32zM18.36 17.736c-1.464 0-2.592 1.128-2.592 2.592s1.128 2.592 2.592 2.592c1.464 0 2.592-1.128 2.592-2.592s-1.128-2.592-2.592-2.592zM19.704 20.328c0 0.696-0.624 1.32-1.32 1.32s-1.344-0.6-1.344-1.32 0.624-1.32 1.32-1.32 1.344 0.624 1.344 1.32z\"><\/path>\r\n<\/svg><\/a>\t<span id=\"woocommerce_loop_add_to_cart_link_describedby_5975\" class=\"screen-reader-text\">\n\t\t\t<\/span>\n        <a href=\"?add_to_wishlist=5975\" class='xstore-wishlist' data-action='add' data-id='5975' data-settings='[]'>\r\n            <span class=\"button-text et-element-label\"><\/span>        <\/a>\r\n        <span class=\"show-quickly\" data-prodid=\"5975\" data-text=\"Schnellansicht\"><svg version=\"1.1\" xmlns=\"http:\/\/www.w3.org\/2000\/svg\" width=\"1em\" height=\"1em\" viewBox=\"0 0 24 24\" fill=\"currentColor\">\r\n                        <path d=\"M20.664 8.688v0c-4.8-4.776-12.6-4.776-17.376 0l-3.288 3.264 3.36 3.36c2.328 2.328 5.4 3.6 8.712 3.6 3.288 0 6.384-1.272 8.712-3.6l3.216-3.264-3.336-3.36zM4.152 14.496l-2.52-2.544 2.496-2.496c4.344-4.344 11.4-4.344 15.744 0l2.52 2.544-2.496 2.496c-4.344 4.32-11.4 4.32-15.744 0zM12 6.648c-2.952 0-5.352 2.4-5.352 5.352s2.4 5.352 5.352 5.352c2.952 0 5.352-2.4 5.352-5.352s-2.4-5.352-5.352-5.352zM12 16.176c-2.304 0-4.176-1.872-4.176-4.176s1.872-4.176 4.176-4.176 4.176 1.872 4.176 4.176-1.872 4.176-4.176 4.176z\"><\/path>\r\n                    <\/svg><\/span><\/div>                         <\/footer>\r\n                 <\/div><div class=\"etheme-product-grid-content\"><div class=\"etheme-product-grid-categories\"><a href=\"https:\/\/harmonie-event.de\/?product_cat=kurzhals-saz\" rel=\"tag\">Kurzhals Saz<\/a><\/div><h2 class=\"woocommerce-loop-product__title etheme-product-grid-title\"><a href=\"https:\/\/harmonie-event.de\/?product=nusbaum-glanz-kurzhals-2\">Nusbaum \u2013 Glanz \/ Kurzhals<\/a><\/h2><div class=\"star-rating-wrapper\"><\/div>\n\t<span class=\"price\"><del aria-hidden=\"true\"><span class=\"woocommerce-Price-amount amount\"><bdi>329,00&nbsp;<span class=\"woocommerce-Price-currencySymbol\">&euro;<\/span><\/bdi><\/span><\/del> <span class=\"screen-reader-text\">Urspr\u00fcnglicher Preis war: 329,00&nbsp;&euro;<\/span><ins aria-hidden=\"true\"><span class=\"woocommerce-Price-amount amount\"><bdi>279,00&nbsp;<span class=\"woocommerce-Price-currencySymbol\">&euro;<\/span><\/bdi><\/span><\/ins><span class=\"screen-reader-text\">Aktueller Preis ist: 279,00&nbsp;&euro;.<\/span><\/span>\n\n\n\n\n\t<p class=\"wc-gzd-additional-info wc-gzd-additional-info-loop tax-info\">inkl. 19 % MwSt.<\/p>\n\n\t<p class=\"wc-gzd-additional-info wc-gzd-additional-info-loop shipping-costs-info\">plus <a href=\"\" target=\"_blank\">Shipping Costs<\/a><\/p>\n\n\n<\/div>        <\/div>\r\n        <\/div><div class=\"swiper-slide\">        \r\n        <div class=\"etheme-product-grid-item etheme-product-hover-mask3 etheme-product-hover-mode-white product type-product post-6003 status-publish instock product_cat-langhals-saz product_cat-saz has-post-thumbnail sale taxable shipping-taxable purchasable product-type-simple\">\r\n        \r\n        <div class=\"etheme-product-grid-image\"><a href=\"https:\/\/harmonie-event.de\/?product=afrormosia-mat-langhals\"><img loading=\"lazy\" loading=\"lazy\" decoding=\"async\" width=\"300\" height=\"300\" src=\"https:\/\/harmonie-event.de\/wp-content\/uploads\/2025\/01\/UZUN-SAP-40-TEKNE-AFRAMOZ-BAGLAMA-1-600x600-1-300x300.jpg\" class=\"attachment-woocommerce_thumbnail size-woocommerce_thumbnail\" alt=\"Afrormosia \u2013 Mat \/ Langhals\" srcset=\"https:\/\/harmonie-event.de\/wp-content\/uploads\/2025\/01\/UZUN-SAP-40-TEKNE-AFRAMOZ-BAGLAMA-1-600x600-1-300x300.jpg 300w, https:\/\/harmonie-event.de\/wp-content\/uploads\/2025\/01\/UZUN-SAP-40-TEKNE-AFRAMOZ-BAGLAMA-1-600x600-1-150x150.jpg 150w, https:\/\/harmonie-event.de\/wp-content\/uploads\/2025\/01\/UZUN-SAP-40-TEKNE-AFRAMOZ-BAGLAMA-1-600x600-1-100x100.jpg 100w, https:\/\/harmonie-event.de\/wp-content\/uploads\/2025\/01\/UZUN-SAP-40-TEKNE-AFRAMOZ-BAGLAMA-1-600x600-1-1x1.jpg 1w, https:\/\/harmonie-event.de\/wp-content\/uploads\/2025\/01\/UZUN-SAP-40-TEKNE-AFRAMOZ-BAGLAMA-1-600x600-1-10x10.jpg 10w, https:\/\/harmonie-event.de\/wp-content\/uploads\/2025\/01\/UZUN-SAP-40-TEKNE-AFRAMOZ-BAGLAMA-1-600x600-1.jpg 600w\" sizes=\"auto, (max-width: 300px) 100vw, 300px\" \/><\/a>                         <footer>\r\n                             <div class=\"footer-inner\"><a href=\"?add-to-cart=6003\" aria-describedby=\"woocommerce_loop_add_to_cart_link_describedby_6003\" data-quantity=\"1\" class=\"button product_type_simple add_to_cart_button ajax_add_to_cart\" data-product_id=\"6003\" data-product_sku=\"AFR-108015\" aria-label=\"In den Warenkorb legen: \u201eAfrormosia \u2013 Mat \/ Langhals\u201c\" rel=\"nofollow\" data-success_message=\"\u201eAfrormosia \u2013 Mat \/ Langhals\u201c wurde deinem Warenkorb hinzugef\u00fcgt\" data-product_name=\"Afrormosia \u2013 Mat \/ Langhals\"><svg fill=\"currentColor\" xmlns=\"http:\/\/www.w3.org\/2000\/svg\" width=\"1em\" height=\"1em\" viewBox=\"0 0 24 24\">\r\n<path d=\"M23.76 4.248c-0.096-0.096-0.24-0.24-0.504-0.24h-18.48l-0.48-2.4c-0.024-0.288-0.384-0.528-0.624-0.528h-2.952c-0.384 0-0.624 0.264-0.624 0.624s0.264 0.648 0.624 0.648h2.424l2.328 11.832c0.312 1.608 1.848 2.856 3.48 2.856h11.28c0.384 0 0.624-0.264 0.624-0.624s-0.264-0.624-0.624-0.624h-11.16c-0.696 0-1.344-0.312-1.704-0.816l14.064-1.92c0.264 0 0.528-0.24 0.528-0.528l1.968-7.824v-0.024c-0.024-0.048-0.024-0.288-0.168-0.432zM22.392 5.184l-1.608 6.696-14.064 1.824-1.704-8.52h17.376zM8.568 17.736c-1.464 0-2.592 1.128-2.592 2.592s1.128 2.592 2.592 2.592c1.464 0 2.592-1.128 2.592-2.592s-1.128-2.592-2.592-2.592zM9.888 20.328c0 0.696-0.624 1.32-1.32 1.32s-1.32-0.624-1.32-1.32 0.624-1.32 1.32-1.32 1.32 0.624 1.32 1.32zM18.36 17.736c-1.464 0-2.592 1.128-2.592 2.592s1.128 2.592 2.592 2.592c1.464 0 2.592-1.128 2.592-2.592s-1.128-2.592-2.592-2.592zM19.704 20.328c0 0.696-0.624 1.32-1.32 1.32s-1.344-0.6-1.344-1.32 0.624-1.32 1.32-1.32 1.344 0.624 1.344 1.32z\"><\/path>\r\n<\/svg><\/a>\t<span id=\"woocommerce_loop_add_to_cart_link_describedby_6003\" class=\"screen-reader-text\">\n\t\t\t<\/span>\n        <a href=\"?add_to_wishlist=6003\" class='xstore-wishlist' data-action='add' data-id='6003' data-settings='[]'>\r\n            <span class=\"button-text et-element-label\"><\/span>        <\/a>\r\n        <span class=\"show-quickly\" data-prodid=\"6003\" data-text=\"Schnellansicht\"><svg version=\"1.1\" xmlns=\"http:\/\/www.w3.org\/2000\/svg\" width=\"1em\" height=\"1em\" viewBox=\"0 0 24 24\" fill=\"currentColor\">\r\n                        <path d=\"M20.664 8.688v0c-4.8-4.776-12.6-4.776-17.376 0l-3.288 3.264 3.36 3.36c2.328 2.328 5.4 3.6 8.712 3.6 3.288 0 6.384-1.272 8.712-3.6l3.216-3.264-3.336-3.36zM4.152 14.496l-2.52-2.544 2.496-2.496c4.344-4.344 11.4-4.344 15.744 0l2.52 2.544-2.496 2.496c-4.344 4.32-11.4 4.32-15.744 0zM12 6.648c-2.952 0-5.352 2.4-5.352 5.352s2.4 5.352 5.352 5.352c2.952 0 5.352-2.4 5.352-5.352s-2.4-5.352-5.352-5.352zM12 16.176c-2.304 0-4.176-1.872-4.176-4.176s1.872-4.176 4.176-4.176 4.176 1.872 4.176 4.176-1.872 4.176-4.176 4.176z\"><\/path>\r\n                    <\/svg><\/span><\/div>                         <\/footer>\r\n                 <\/div><div class=\"etheme-product-grid-content\"><div class=\"etheme-product-grid-categories\"><a href=\"https:\/\/harmonie-event.de\/?product_cat=langhals-saz\" rel=\"tag\">Langhals Saz<\/a><\/div><h2 class=\"woocommerce-loop-product__title etheme-product-grid-title\"><a href=\"https:\/\/harmonie-event.de\/?product=afrormosia-mat-langhals\">Afrormosia \u2013 Mat \/ Langhals<\/a><\/h2><div class=\"star-rating-wrapper\"><\/div>\n\t<span class=\"price\"><del aria-hidden=\"true\"><span class=\"woocommerce-Price-amount amount\"><bdi>279,00&nbsp;<span class=\"woocommerce-Price-currencySymbol\">&euro;<\/span><\/bdi><\/span><\/del> <span class=\"screen-reader-text\">Urspr\u00fcnglicher Preis war: 279,00&nbsp;&euro;<\/span><ins aria-hidden=\"true\"><span class=\"woocommerce-Price-amount amount\"><bdi>229,00&nbsp;<span class=\"woocommerce-Price-currencySymbol\">&euro;<\/span><\/bdi><\/span><\/ins><span class=\"screen-reader-text\">Aktueller Preis ist: 229,00&nbsp;&euro;.<\/span><\/span>\n\n\n\n\n\t<p class=\"wc-gzd-additional-info wc-gzd-additional-info-loop tax-info\">inkl. 19 % MwSt.<\/p>\n\n\t<p class=\"wc-gzd-additional-info wc-gzd-additional-info-loop shipping-costs-info\">plus <a href=\"\" target=\"_blank\">Shipping Costs<\/a><\/p>\n\n\n<\/div>        <\/div>\r\n        <\/div><div class=\"swiper-slide\">        \r\n        <div class=\"etheme-product-grid-item etheme-product-hover-mask3 etheme-product-hover-mode-white product type-product post-5961 status-publish instock product_cat-kurzhals-saz product_cat-saz has-post-thumbnail sale taxable shipping-taxable purchasable product-type-simple\">\r\n        \r\n        <div class=\"etheme-product-grid-image\"><a href=\"https:\/\/harmonie-event.de\/?product=maulbeere-glanz-kurzhals\"><img loading=\"lazy\" loading=\"lazy\" decoding=\"async\" width=\"300\" height=\"300\" src=\"https:\/\/harmonie-event.de\/wp-content\/uploads\/2025\/01\/KISA-SAP-40-TEKNE-DUT-BAGLAMA-1-1-scaled-1-300x300.jpg\" class=\"attachment-woocommerce_thumbnail size-woocommerce_thumbnail\" alt=\"Maulbeere \u2013 Glanz \/ Kurzhals\" srcset=\"https:\/\/harmonie-event.de\/wp-content\/uploads\/2025\/01\/KISA-SAP-40-TEKNE-DUT-BAGLAMA-1-1-scaled-1-300x300.jpg 300w, https:\/\/harmonie-event.de\/wp-content\/uploads\/2025\/01\/KISA-SAP-40-TEKNE-DUT-BAGLAMA-1-1-scaled-1-756x756.jpg 756w, https:\/\/harmonie-event.de\/wp-content\/uploads\/2025\/01\/KISA-SAP-40-TEKNE-DUT-BAGLAMA-1-1-scaled-1-1600x1600.jpg 1600w, https:\/\/harmonie-event.de\/wp-content\/uploads\/2025\/01\/KISA-SAP-40-TEKNE-DUT-BAGLAMA-1-1-scaled-1-150x150.jpg 150w, https:\/\/harmonie-event.de\/wp-content\/uploads\/2025\/01\/KISA-SAP-40-TEKNE-DUT-BAGLAMA-1-1-scaled-1-768x768.jpg 768w, https:\/\/harmonie-event.de\/wp-content\/uploads\/2025\/01\/KISA-SAP-40-TEKNE-DUT-BAGLAMA-1-1-scaled-1-1536x1536.jpg 1536w, https:\/\/harmonie-event.de\/wp-content\/uploads\/2025\/01\/KISA-SAP-40-TEKNE-DUT-BAGLAMA-1-1-scaled-1-2048x2048.jpg 2048w, https:\/\/harmonie-event.de\/wp-content\/uploads\/2025\/01\/KISA-SAP-40-TEKNE-DUT-BAGLAMA-1-1-scaled-1-600x600.jpg 600w, https:\/\/harmonie-event.de\/wp-content\/uploads\/2025\/01\/KISA-SAP-40-TEKNE-DUT-BAGLAMA-1-1-scaled-1-100x100.jpg 100w, https:\/\/harmonie-event.de\/wp-content\/uploads\/2025\/01\/KISA-SAP-40-TEKNE-DUT-BAGLAMA-1-1-scaled-1-1x1.jpg 1w, https:\/\/harmonie-event.de\/wp-content\/uploads\/2025\/01\/KISA-SAP-40-TEKNE-DUT-BAGLAMA-1-1-scaled-1-10x10.jpg 10w\" sizes=\"auto, (max-width: 300px) 100vw, 300px\" \/><\/a>                         <footer>\r\n                             <div class=\"footer-inner\"><a href=\"?add-to-cart=5961\" aria-describedby=\"woocommerce_loop_add_to_cart_link_describedby_5961\" data-quantity=\"1\" class=\"button product_type_simple add_to_cart_button ajax_add_to_cart\" data-product_id=\"5961\" data-product_sku=\"DT-108022\" aria-label=\"In den Warenkorb legen: \u201eMaulbeere \u2013 Glanz \/ Kurzhals\u201c\" rel=\"nofollow\" data-success_message=\"\u201eMaulbeere \u2013 Glanz \/ Kurzhals\u201c wurde deinem Warenkorb hinzugef\u00fcgt\" data-product_name=\"Maulbeere \u2013 Glanz \/ Kurzhals\"><svg fill=\"currentColor\" xmlns=\"http:\/\/www.w3.org\/2000\/svg\" width=\"1em\" height=\"1em\" viewBox=\"0 0 24 24\">\r\n<path d=\"M23.76 4.248c-0.096-0.096-0.24-0.24-0.504-0.24h-18.48l-0.48-2.4c-0.024-0.288-0.384-0.528-0.624-0.528h-2.952c-0.384 0-0.624 0.264-0.624 0.624s0.264 0.648 0.624 0.648h2.424l2.328 11.832c0.312 1.608 1.848 2.856 3.48 2.856h11.28c0.384 0 0.624-0.264 0.624-0.624s-0.264-0.624-0.624-0.624h-11.16c-0.696 0-1.344-0.312-1.704-0.816l14.064-1.92c0.264 0 0.528-0.24 0.528-0.528l1.968-7.824v-0.024c-0.024-0.048-0.024-0.288-0.168-0.432zM22.392 5.184l-1.608 6.696-14.064 1.824-1.704-8.52h17.376zM8.568 17.736c-1.464 0-2.592 1.128-2.592 2.592s1.128 2.592 2.592 2.592c1.464 0 2.592-1.128 2.592-2.592s-1.128-2.592-2.592-2.592zM9.888 20.328c0 0.696-0.624 1.32-1.32 1.32s-1.32-0.624-1.32-1.32 0.624-1.32 1.32-1.32 1.32 0.624 1.32 1.32zM18.36 17.736c-1.464 0-2.592 1.128-2.592 2.592s1.128 2.592 2.592 2.592c1.464 0 2.592-1.128 2.592-2.592s-1.128-2.592-2.592-2.592zM19.704 20.328c0 0.696-0.624 1.32-1.32 1.32s-1.344-0.6-1.344-1.32 0.624-1.32 1.32-1.32 1.344 0.624 1.344 1.32z\"><\/path>\r\n<\/svg><\/a>\t<span id=\"woocommerce_loop_add_to_cart_link_describedby_5961\" class=\"screen-reader-text\">\n\t\t\t<\/span>\n        <a href=\"?add_to_wishlist=5961\" class='xstore-wishlist' data-action='add' data-id='5961' data-settings='[]'>\r\n            <span class=\"button-text et-element-label\"><\/span>        <\/a>\r\n        <span class=\"show-quickly\" data-prodid=\"5961\" data-text=\"Schnellansicht\"><svg version=\"1.1\" xmlns=\"http:\/\/www.w3.org\/2000\/svg\" width=\"1em\" height=\"1em\" viewBox=\"0 0 24 24\" fill=\"currentColor\">\r\n                        <path d=\"M20.664 8.688v0c-4.8-4.776-12.6-4.776-17.376 0l-3.288 3.264 3.36 3.36c2.328 2.328 5.4 3.6 8.712 3.6 3.288 0 6.384-1.272 8.712-3.6l3.216-3.264-3.336-3.36zM4.152 14.496l-2.52-2.544 2.496-2.496c4.344-4.344 11.4-4.344 15.744 0l2.52 2.544-2.496 2.496c-4.344 4.32-11.4 4.32-15.744 0zM12 6.648c-2.952 0-5.352 2.4-5.352 5.352s2.4 5.352 5.352 5.352c2.952 0 5.352-2.4 5.352-5.352s-2.4-5.352-5.352-5.352zM12 16.176c-2.304 0-4.176-1.872-4.176-4.176s1.872-4.176 4.176-4.176 4.176 1.872 4.176 4.176-1.872 4.176-4.176 4.176z\"><\/path>\r\n                    <\/svg><\/span><\/div>                         <\/footer>\r\n                 <\/div><div class=\"etheme-product-grid-content\"><div class=\"etheme-product-grid-categories\"><a href=\"https:\/\/harmonie-event.de\/?product_cat=kurzhals-saz\" rel=\"tag\">Kurzhals Saz<\/a><\/div><h2 class=\"woocommerce-loop-product__title etheme-product-grid-title\"><a href=\"https:\/\/harmonie-event.de\/?product=maulbeere-glanz-kurzhals\">Maulbeere \u2013 Glanz \/ Kurzhals<\/a><\/h2><div class=\"star-rating-wrapper\"><\/div>\n\t<span class=\"price\"><del aria-hidden=\"true\"><span class=\"woocommerce-Price-amount amount\"><bdi>389,00&nbsp;<span class=\"woocommerce-Price-currencySymbol\">&euro;<\/span><\/bdi><\/span><\/del> <span class=\"screen-reader-text\">Urspr\u00fcnglicher Preis war: 389,00&nbsp;&euro;<\/span><ins aria-hidden=\"true\"><span class=\"woocommerce-Price-amount amount\"><bdi>339,00&nbsp;<span class=\"woocommerce-Price-currencySymbol\">&euro;<\/span><\/bdi><\/span><\/ins><span class=\"screen-reader-text\">Aktueller Preis ist: 339,00&nbsp;&euro;.<\/span><\/span>\n\n\n\n\n\t<p class=\"wc-gzd-additional-info wc-gzd-additional-info-loop tax-info\">inkl. 19 % MwSt.<\/p>\n\n\t<p class=\"wc-gzd-additional-info wc-gzd-additional-info-loop shipping-costs-info\">plus <a href=\"\" target=\"_blank\">Shipping Costs<\/a><\/p>\n\n\n<\/div>        <\/div>\r\n        <\/div><div class=\"swiper-slide\">        \r\n        <div class=\"etheme-product-grid-item etheme-product-hover-mask3 etheme-product-hover-mode-white product type-product post-6167 status-publish last instock product_cat-zubehor has-post-thumbnail taxable shipping-taxable purchasable product-type-simple\">\r\n        \r\n        <div class=\"etheme-product-grid-image\"><a href=\"https:\/\/harmonie-event.de\/?product=pyramid-saz-string-0-18\"><img loading=\"lazy\" loading=\"lazy\" decoding=\"async\" width=\"300\" height=\"300\" src=\"https:\/\/harmonie-event.de\/wp-content\/uploads\/2025\/01\/PYRAMID-SAZ-TELi-0.18-2560-b-600x600-1-300x300.jpg\" class=\"attachment-woocommerce_thumbnail size-woocommerce_thumbnail\" alt=\"Pyramid Saz String (0.18)\" srcset=\"https:\/\/harmonie-event.de\/wp-content\/uploads\/2025\/01\/PYRAMID-SAZ-TELi-0.18-2560-b-600x600-1-300x300.jpg 300w, https:\/\/harmonie-event.de\/wp-content\/uploads\/2025\/01\/PYRAMID-SAZ-TELi-0.18-2560-b-600x600-1-150x150.jpg 150w, https:\/\/harmonie-event.de\/wp-content\/uploads\/2025\/01\/PYRAMID-SAZ-TELi-0.18-2560-b-600x600-1-100x100.jpg 100w, https:\/\/harmonie-event.de\/wp-content\/uploads\/2025\/01\/PYRAMID-SAZ-TELi-0.18-2560-b-600x600-1-1x1.jpg 1w, https:\/\/harmonie-event.de\/wp-content\/uploads\/2025\/01\/PYRAMID-SAZ-TELi-0.18-2560-b-600x600-1-10x10.jpg 10w, https:\/\/harmonie-event.de\/wp-content\/uploads\/2025\/01\/PYRAMID-SAZ-TELi-0.18-2560-b-600x600-1.jpg 600w\" sizes=\"auto, (max-width: 300px) 100vw, 300px\" \/><\/a>                         <footer>\r\n                             <div class=\"footer-inner\"><a href=\"?add-to-cart=6167\" aria-describedby=\"woocommerce_loop_add_to_cart_link_describedby_6167\" data-quantity=\"1\" class=\"button product_type_simple add_to_cart_button ajax_add_to_cart\" data-product_id=\"6167\" data-product_sku=\"PYRMD-108027\" aria-label=\"In den Warenkorb legen: \u201ePyramid Saz String (0.18)\u201c\" rel=\"nofollow\" data-success_message=\"\u201ePyramid Saz String (0.18)\u201c wurde deinem Warenkorb hinzugef\u00fcgt\" data-product_name=\"Pyramid Saz String (0.18)\"><svg fill=\"currentColor\" xmlns=\"http:\/\/www.w3.org\/2000\/svg\" width=\"1em\" height=\"1em\" viewBox=\"0 0 24 24\">\r\n<path d=\"M23.76 4.248c-0.096-0.096-0.24-0.24-0.504-0.24h-18.48l-0.48-2.4c-0.024-0.288-0.384-0.528-0.624-0.528h-2.952c-0.384 0-0.624 0.264-0.624 0.624s0.264 0.648 0.624 0.648h2.424l2.328 11.832c0.312 1.608 1.848 2.856 3.48 2.856h11.28c0.384 0 0.624-0.264 0.624-0.624s-0.264-0.624-0.624-0.624h-11.16c-0.696 0-1.344-0.312-1.704-0.816l14.064-1.92c0.264 0 0.528-0.24 0.528-0.528l1.968-7.824v-0.024c-0.024-0.048-0.024-0.288-0.168-0.432zM22.392 5.184l-1.608 6.696-14.064 1.824-1.704-8.52h17.376zM8.568 17.736c-1.464 0-2.592 1.128-2.592 2.592s1.128 2.592 2.592 2.592c1.464 0 2.592-1.128 2.592-2.592s-1.128-2.592-2.592-2.592zM9.888 20.328c0 0.696-0.624 1.32-1.32 1.32s-1.32-0.624-1.32-1.32 0.624-1.32 1.32-1.32 1.32 0.624 1.32 1.32zM18.36 17.736c-1.464 0-2.592 1.128-2.592 2.592s1.128 2.592 2.592 2.592c1.464 0 2.592-1.128 2.592-2.592s-1.128-2.592-2.592-2.592zM19.704 20.328c0 0.696-0.624 1.32-1.32 1.32s-1.344-0.6-1.344-1.32 0.624-1.32 1.32-1.32 1.344 0.624 1.344 1.32z\"><\/path>\r\n<\/svg><\/a>\t<span id=\"woocommerce_loop_add_to_cart_link_describedby_6167\" class=\"screen-reader-text\">\n\t\t\t<\/span>\n        <a href=\"?add_to_wishlist=6167\" class='xstore-wishlist' data-action='add' data-id='6167' data-settings='[]'>\r\n            <span class=\"button-text et-element-label\"><\/span>        <\/a>\r\n        <span class=\"show-quickly\" data-prodid=\"6167\" data-text=\"Schnellansicht\"><svg version=\"1.1\" xmlns=\"http:\/\/www.w3.org\/2000\/svg\" width=\"1em\" height=\"1em\" viewBox=\"0 0 24 24\" fill=\"currentColor\">\r\n                        <path d=\"M20.664 8.688v0c-4.8-4.776-12.6-4.776-17.376 0l-3.288 3.264 3.36 3.36c2.328 2.328 5.4 3.6 8.712 3.6 3.288 0 6.384-1.272 8.712-3.6l3.216-3.264-3.336-3.36zM4.152 14.496l-2.52-2.544 2.496-2.496c4.344-4.344 11.4-4.344 15.744 0l2.52 2.544-2.496 2.496c-4.344 4.32-11.4 4.32-15.744 0zM12 6.648c-2.952 0-5.352 2.4-5.352 5.352s2.4 5.352 5.352 5.352c2.952 0 5.352-2.4 5.352-5.352s-2.4-5.352-5.352-5.352zM12 16.176c-2.304 0-4.176-1.872-4.176-4.176s1.872-4.176 4.176-4.176 4.176 1.872 4.176 4.176-1.872 4.176-4.176 4.176z\"><\/path>\r\n                    <\/svg><\/span><\/div>                         <\/footer>\r\n                 <\/div><div class=\"etheme-product-grid-content\"><div class=\"etheme-product-grid-categories\"><a href=\"https:\/\/harmonie-event.de\/?product_cat=zubehor\" rel=\"tag\">Zubeh\u00f6r<\/a><\/div><h2 class=\"woocommerce-loop-product__title etheme-product-grid-title\"><a href=\"https:\/\/harmonie-event.de\/?product=pyramid-saz-string-0-18\">Pyramid Saz String (0.18)<\/a><\/h2><div class=\"star-rating-wrapper\"><\/div>\n\t<span class=\"price\"><span class=\"woocommerce-Price-amount amount\"><bdi>11,99&nbsp;<span class=\"woocommerce-Price-currencySymbol\">&euro;<\/span><\/bdi><\/span><\/span>\n\n\n\n\n\t<p class=\"wc-gzd-additional-info wc-gzd-additional-info-loop tax-info\">inkl. 19 % MwSt.<\/p>\n\n\t<p class=\"wc-gzd-additional-info wc-gzd-additional-info-loop shipping-costs-info\">plus <a href=\"\" target=\"_blank\">Shipping Costs<\/a><\/p>\n\n\n<\/div>        <\/div>\r\n        <\/div><div class=\"swiper-slide\">        \r\n        <div class=\"etheme-product-grid-item etheme-product-hover-mask3 etheme-product-hover-mode-white product type-product post-5954 status-publish first instock product_cat-kurzhals-saz product_cat-saz has-post-thumbnail sale taxable shipping-taxable purchasable product-type-simple\">\r\n        \r\n        <div class=\"etheme-product-grid-image\"><a href=\"https:\/\/harmonie-event.de\/?product=mahagoni-glanz-kurzhals\"><img loading=\"lazy\" loading=\"lazy\" decoding=\"async\" width=\"300\" height=\"300\" src=\"https:\/\/harmonie-event.de\/wp-content\/uploads\/2025\/01\/KISA-SAP-39-TEKNE-MAUN-BAGLAMA-1-scaled-1-300x300.jpg\" class=\"attachment-woocommerce_thumbnail size-woocommerce_thumbnail\" alt=\"Mahagoni \u2013 Glanz \/ Kurzhals\" srcset=\"https:\/\/harmonie-event.de\/wp-content\/uploads\/2025\/01\/KISA-SAP-39-TEKNE-MAUN-BAGLAMA-1-scaled-1-300x300.jpg 300w, https:\/\/harmonie-event.de\/wp-content\/uploads\/2025\/01\/KISA-SAP-39-TEKNE-MAUN-BAGLAMA-1-scaled-1-756x756.jpg 756w, https:\/\/harmonie-event.de\/wp-content\/uploads\/2025\/01\/KISA-SAP-39-TEKNE-MAUN-BAGLAMA-1-scaled-1-1600x1600.jpg 1600w, https:\/\/harmonie-event.de\/wp-content\/uploads\/2025\/01\/KISA-SAP-39-TEKNE-MAUN-BAGLAMA-1-scaled-1-150x150.jpg 150w, https:\/\/harmonie-event.de\/wp-content\/uploads\/2025\/01\/KISA-SAP-39-TEKNE-MAUN-BAGLAMA-1-scaled-1-768x768.jpg 768w, https:\/\/harmonie-event.de\/wp-content\/uploads\/2025\/01\/KISA-SAP-39-TEKNE-MAUN-BAGLAMA-1-scaled-1-1536x1536.jpg 1536w, https:\/\/harmonie-event.de\/wp-content\/uploads\/2025\/01\/KISA-SAP-39-TEKNE-MAUN-BAGLAMA-1-scaled-1-2048x2048.jpg 2048w, https:\/\/harmonie-event.de\/wp-content\/uploads\/2025\/01\/KISA-SAP-39-TEKNE-MAUN-BAGLAMA-1-scaled-1-600x600.jpg 600w, https:\/\/harmonie-event.de\/wp-content\/uploads\/2025\/01\/KISA-SAP-39-TEKNE-MAUN-BAGLAMA-1-scaled-1-100x100.jpg 100w, https:\/\/harmonie-event.de\/wp-content\/uploads\/2025\/01\/KISA-SAP-39-TEKNE-MAUN-BAGLAMA-1-scaled-1-1x1.jpg 1w, https:\/\/harmonie-event.de\/wp-content\/uploads\/2025\/01\/KISA-SAP-39-TEKNE-MAUN-BAGLAMA-1-scaled-1-10x10.jpg 10w\" sizes=\"auto, (max-width: 300px) 100vw, 300px\" \/><\/a>                         <footer>\r\n                             <div class=\"footer-inner\"><a href=\"?add-to-cart=5954\" aria-describedby=\"woocommerce_loop_add_to_cart_link_describedby_5954\" data-quantity=\"1\" class=\"button product_type_simple add_to_cart_button ajax_add_to_cart\" data-product_id=\"5954\" data-product_sku=\"MN-108025\" aria-label=\"In den Warenkorb legen: \u201eMahagoni \u2013 Glanz \/ Kurzhals\u201c\" rel=\"nofollow\" data-success_message=\"\u201eMahagoni \u2013 Glanz \/ Kurzhals\u201c wurde deinem Warenkorb hinzugef\u00fcgt\" data-product_name=\"Mahagoni \u2013 Glanz \/ Kurzhals\"><svg fill=\"currentColor\" xmlns=\"http:\/\/www.w3.org\/2000\/svg\" width=\"1em\" height=\"1em\" viewBox=\"0 0 24 24\">\r\n<path d=\"M23.76 4.248c-0.096-0.096-0.24-0.24-0.504-0.24h-18.48l-0.48-2.4c-0.024-0.288-0.384-0.528-0.624-0.528h-2.952c-0.384 0-0.624 0.264-0.624 0.624s0.264 0.648 0.624 0.648h2.424l2.328 11.832c0.312 1.608 1.848 2.856 3.48 2.856h11.28c0.384 0 0.624-0.264 0.624-0.624s-0.264-0.624-0.624-0.624h-11.16c-0.696 0-1.344-0.312-1.704-0.816l14.064-1.92c0.264 0 0.528-0.24 0.528-0.528l1.968-7.824v-0.024c-0.024-0.048-0.024-0.288-0.168-0.432zM22.392 5.184l-1.608 6.696-14.064 1.824-1.704-8.52h17.376zM8.568 17.736c-1.464 0-2.592 1.128-2.592 2.592s1.128 2.592 2.592 2.592c1.464 0 2.592-1.128 2.592-2.592s-1.128-2.592-2.592-2.592zM9.888 20.328c0 0.696-0.624 1.32-1.32 1.32s-1.32-0.624-1.32-1.32 0.624-1.32 1.32-1.32 1.32 0.624 1.32 1.32zM18.36 17.736c-1.464 0-2.592 1.128-2.592 2.592s1.128 2.592 2.592 2.592c1.464 0 2.592-1.128 2.592-2.592s-1.128-2.592-2.592-2.592zM19.704 20.328c0 0.696-0.624 1.32-1.32 1.32s-1.344-0.6-1.344-1.32 0.624-1.32 1.32-1.32 1.344 0.624 1.344 1.32z\"><\/path>\r\n<\/svg><\/a>\t<span id=\"woocommerce_loop_add_to_cart_link_describedby_5954\" class=\"screen-reader-text\">\n\t\t\t<\/span>\n        <a href=\"?add_to_wishlist=5954\" class='xstore-wishlist' data-action='add' data-id='5954' data-settings='[]'>\r\n            <span class=\"button-text et-element-label\"><\/span>        <\/a>\r\n        <span class=\"show-quickly\" data-prodid=\"5954\" data-text=\"Schnellansicht\"><svg version=\"1.1\" xmlns=\"http:\/\/www.w3.org\/2000\/svg\" width=\"1em\" height=\"1em\" viewBox=\"0 0 24 24\" fill=\"currentColor\">\r\n                        <path d=\"M20.664 8.688v0c-4.8-4.776-12.6-4.776-17.376 0l-3.288 3.264 3.36 3.36c2.328 2.328 5.4 3.6 8.712 3.6 3.288 0 6.384-1.272 8.712-3.6l3.216-3.264-3.336-3.36zM4.152 14.496l-2.52-2.544 2.496-2.496c4.344-4.344 11.4-4.344 15.744 0l2.52 2.544-2.496 2.496c-4.344 4.32-11.4 4.32-15.744 0zM12 6.648c-2.952 0-5.352 2.4-5.352 5.352s2.4 5.352 5.352 5.352c2.952 0 5.352-2.4 5.352-5.352s-2.4-5.352-5.352-5.352zM12 16.176c-2.304 0-4.176-1.872-4.176-4.176s1.872-4.176 4.176-4.176 4.176 1.872 4.176 4.176-1.872 4.176-4.176 4.176z\"><\/path>\r\n                    <\/svg><\/span><\/div>                         <\/footer>\r\n                 <\/div><div class=\"etheme-product-grid-content\"><div class=\"etheme-product-grid-categories\"><a href=\"https:\/\/harmonie-event.de\/?product_cat=kurzhals-saz\" rel=\"tag\">Kurzhals Saz<\/a><\/div><h2 class=\"woocommerce-loop-product__title etheme-product-grid-title\"><a href=\"https:\/\/harmonie-event.de\/?product=mahagoni-glanz-kurzhals\">Mahagoni \u2013 Glanz \/ Kurzhals<\/a><\/h2><div class=\"star-rating-wrapper\"><\/div>\n\t<span class=\"price\"><del aria-hidden=\"true\"><span class=\"woocommerce-Price-amount amount\"><bdi>339,00&nbsp;<span class=\"woocommerce-Price-currencySymbol\">&euro;<\/span><\/bdi><\/span><\/del> <span class=\"screen-reader-text\">Urspr\u00fcnglicher Preis war: 339,00&nbsp;&euro;<\/span><ins aria-hidden=\"true\"><span class=\"woocommerce-Price-amount amount\"><bdi>289,00&nbsp;<span class=\"woocommerce-Price-currencySymbol\">&euro;<\/span><\/bdi><\/span><\/ins><span class=\"screen-reader-text\">Aktueller Preis ist: 289,00&nbsp;&euro;.<\/span><\/span>\n\n\n\n\n\t<p class=\"wc-gzd-additional-info wc-gzd-additional-info-loop tax-info\">inkl. 19 % MwSt.<\/p>\n\n\t<p class=\"wc-gzd-additional-info wc-gzd-additional-info-loop shipping-costs-info\">plus <a href=\"\" target=\"_blank\">Shipping Costs<\/a><\/p>\n\n\n<\/div>        <\/div>\r\n        <\/div><div class=\"swiper-slide\">        \r\n        <div class=\"etheme-product-grid-item etheme-product-hover-mask3 etheme-product-hover-mode-white product type-product post-6104 status-publish instock product_cat-langhals-saz product_cat-saz has-post-thumbnail sale taxable shipping-taxable purchasable product-type-simple\">\r\n        \r\n        <div class=\"etheme-product-grid-image\"><a href=\"https:\/\/harmonie-event.de\/?product=maulbeere-mat-langhals\"><img loading=\"lazy\" loading=\"lazy\" decoding=\"async\" width=\"300\" height=\"300\" src=\"https:\/\/harmonie-event.de\/wp-content\/uploads\/2025\/01\/UZUN-SAP-40-TEKNE-DUT-BAGLAMA-1-1-600x600-1-300x300.jpg\" class=\"attachment-woocommerce_thumbnail size-woocommerce_thumbnail\" alt=\"Maulbeere \u2013 Mat \/ Langhals\" srcset=\"https:\/\/harmonie-event.de\/wp-content\/uploads\/2025\/01\/UZUN-SAP-40-TEKNE-DUT-BAGLAMA-1-1-600x600-1-300x300.jpg 300w, https:\/\/harmonie-event.de\/wp-content\/uploads\/2025\/01\/UZUN-SAP-40-TEKNE-DUT-BAGLAMA-1-1-600x600-1-150x150.jpg 150w, https:\/\/harmonie-event.de\/wp-content\/uploads\/2025\/01\/UZUN-SAP-40-TEKNE-DUT-BAGLAMA-1-1-600x600-1-100x100.jpg 100w, https:\/\/harmonie-event.de\/wp-content\/uploads\/2025\/01\/UZUN-SAP-40-TEKNE-DUT-BAGLAMA-1-1-600x600-1-1x1.jpg 1w, https:\/\/harmonie-event.de\/wp-content\/uploads\/2025\/01\/UZUN-SAP-40-TEKNE-DUT-BAGLAMA-1-1-600x600-1-10x10.jpg 10w, https:\/\/harmonie-event.de\/wp-content\/uploads\/2025\/01\/UZUN-SAP-40-TEKNE-DUT-BAGLAMA-1-1-600x600-1.jpg 600w\" sizes=\"auto, (max-width: 300px) 100vw, 300px\" \/><\/a>                         <footer>\r\n                             <div class=\"footer-inner\"><a href=\"?add-to-cart=6104\" aria-describedby=\"woocommerce_loop_add_to_cart_link_describedby_6104\" data-quantity=\"1\" class=\"button product_type_simple add_to_cart_button ajax_add_to_cart\" data-product_id=\"6104\" data-product_sku=\"DT-108003\" aria-label=\"In den Warenkorb legen: \u201eMaulbeere \u2013 Mat \/ Langhals\u201c\" rel=\"nofollow\" data-success_message=\"\u201eMaulbeere \u2013 Mat \/ Langhals\u201c wurde deinem Warenkorb hinzugef\u00fcgt\" data-product_name=\"Maulbeere \u2013 Mat \/ Langhals\"><svg fill=\"currentColor\" xmlns=\"http:\/\/www.w3.org\/2000\/svg\" width=\"1em\" height=\"1em\" viewBox=\"0 0 24 24\">\r\n<path d=\"M23.76 4.248c-0.096-0.096-0.24-0.24-0.504-0.24h-18.48l-0.48-2.4c-0.024-0.288-0.384-0.528-0.624-0.528h-2.952c-0.384 0-0.624 0.264-0.624 0.624s0.264 0.648 0.624 0.648h2.424l2.328 11.832c0.312 1.608 1.848 2.856 3.48 2.856h11.28c0.384 0 0.624-0.264 0.624-0.624s-0.264-0.624-0.624-0.624h-11.16c-0.696 0-1.344-0.312-1.704-0.816l14.064-1.92c0.264 0 0.528-0.24 0.528-0.528l1.968-7.824v-0.024c-0.024-0.048-0.024-0.288-0.168-0.432zM22.392 5.184l-1.608 6.696-14.064 1.824-1.704-8.52h17.376zM8.568 17.736c-1.464 0-2.592 1.128-2.592 2.592s1.128 2.592 2.592 2.592c1.464 0 2.592-1.128 2.592-2.592s-1.128-2.592-2.592-2.592zM9.888 20.328c0 0.696-0.624 1.32-1.32 1.32s-1.32-0.624-1.32-1.32 0.624-1.32 1.32-1.32 1.32 0.624 1.32 1.32zM18.36 17.736c-1.464 0-2.592 1.128-2.592 2.592s1.128 2.592 2.592 2.592c1.464 0 2.592-1.128 2.592-2.592s-1.128-2.592-2.592-2.592zM19.704 20.328c0 0.696-0.624 1.32-1.32 1.32s-1.344-0.6-1.344-1.32 0.624-1.32 1.32-1.32 1.344 0.624 1.344 1.32z\"><\/path>\r\n<\/svg><\/a>\t<span id=\"woocommerce_loop_add_to_cart_link_describedby_6104\" class=\"screen-reader-text\">\n\t\t\t<\/span>\n        <a href=\"?add_to_wishlist=6104\" class='xstore-wishlist' data-action='add' data-id='6104' data-settings='[]'>\r\n            <span class=\"button-text et-element-label\"><\/span>        <\/a>\r\n        <span class=\"show-quickly\" data-prodid=\"6104\" data-text=\"Schnellansicht\"><svg version=\"1.1\" xmlns=\"http:\/\/www.w3.org\/2000\/svg\" width=\"1em\" height=\"1em\" viewBox=\"0 0 24 24\" fill=\"currentColor\">\r\n                        <path d=\"M20.664 8.688v0c-4.8-4.776-12.6-4.776-17.376 0l-3.288 3.264 3.36 3.36c2.328 2.328 5.4 3.6 8.712 3.6 3.288 0 6.384-1.272 8.712-3.6l3.216-3.264-3.336-3.36zM4.152 14.496l-2.52-2.544 2.496-2.496c4.344-4.344 11.4-4.344 15.744 0l2.52 2.544-2.496 2.496c-4.344 4.32-11.4 4.32-15.744 0zM12 6.648c-2.952 0-5.352 2.4-5.352 5.352s2.4 5.352 5.352 5.352c2.952 0 5.352-2.4 5.352-5.352s-2.4-5.352-5.352-5.352zM12 16.176c-2.304 0-4.176-1.872-4.176-4.176s1.872-4.176 4.176-4.176 4.176 1.872 4.176 4.176-1.872 4.176-4.176 4.176z\"><\/path>\r\n                    <\/svg><\/span><\/div>                         <\/footer>\r\n                 <\/div><div class=\"etheme-product-grid-content\"><div class=\"etheme-product-grid-categories\"><a href=\"https:\/\/harmonie-event.de\/?product_cat=langhals-saz\" rel=\"tag\">Langhals Saz<\/a><\/div><h2 class=\"woocommerce-loop-product__title etheme-product-grid-title\"><a href=\"https:\/\/harmonie-event.de\/?product=maulbeere-mat-langhals\">Maulbeere \u2013 Mat \/ Langhals<\/a><\/h2><div class=\"star-rating-wrapper\"><\/div>\n\t<span class=\"price\"><del aria-hidden=\"true\"><span class=\"woocommerce-Price-amount amount\"><bdi>379,00&nbsp;<span class=\"woocommerce-Price-currencySymbol\">&euro;<\/span><\/bdi><\/span><\/del> <span class=\"screen-reader-text\">Urspr\u00fcnglicher Preis war: 379,00&nbsp;&euro;<\/span><ins aria-hidden=\"true\"><span class=\"woocommerce-Price-amount amount\"><bdi>329,00&nbsp;<span class=\"woocommerce-Price-currencySymbol\">&euro;<\/span><\/bdi><\/span><\/ins><span class=\"screen-reader-text\">Aktueller Preis ist: 329,00&nbsp;&euro;.<\/span><\/span>\n\n\n\n\n\t<p class=\"wc-gzd-additional-info wc-gzd-additional-info-loop tax-info\">inkl. 19 % MwSt.<\/p>\n\n\t<p class=\"wc-gzd-additional-info wc-gzd-additional-info-loop shipping-costs-info\">plus <a href=\"\" target=\"_blank\">Shipping Costs<\/a><\/p>\n\n\n<\/div>        <\/div>\r\n        <\/div>                        <\/div>\r\n                        \r\n                        \t\t<div class=\"swiper-button-prev swiper-custom-left et-swiper-elementor-nav type-arrow style-4\"><\/div>\r\n\t\t<div class=\"swiper-button-next swiper-custom-right et-swiper-elementor-nav type-arrow style-4\"><\/div>\r\n\t\t                    <\/div>\r\n                                    <\/div>\r\n                    \t\t\t\t<\/div>\n\t\t\t\t<\/div>\n\t\t\t\t\t<\/div>\n\t\t\t\t<\/div>\n\t\t<div class=\"elementor-element elementor-element-2a4921d e-flex e-con-boxed e-con e-parent\" data-id=\"2a4921d\" data-element_type=\"container\">\n\t\t\t\t\t<div class=\"e-con-inner\">\n\t\t<div class=\"elementor-element elementor-element-4182bcb e-con-full e-flex e-con e-child\" data-id=\"4182bcb\" data-element_type=\"container\">\n\t\t\t\t<div class=\"elementor-element elementor-element-f9d4431 elementor-flip-box--effect-slide elementor-flip-box--direction-up elementor-widget elementor-widget-flip-box\" data-id=\"f9d4431\" data-element_type=\"widget\" data-widget_type=\"flip-box.default\">\n\t\t\t\t<div class=\"elementor-widget-container\">\n\t\t\t\t\t\t\t<div class=\"elementor-flip-box\" tabindex=\"0\">\n\t\t\t<div class=\"elementor-flip-box__layer elementor-flip-box__front\">\n\t\t\t\t<div class=\"elementor-flip-box__layer__overlay\">\n\t\t\t\t\t<div class=\"elementor-flip-box__layer__inner\">\n\t\t\t\t\t\t\n\t\t\t\t\t\t\t\t\t\t\t\t\t<h3 class=\"elementor-flip-box__layer__title\">\n\t\t\t\t\t\t\t\tMusikunterricht f\u00fcr jedes Niveau \u2013 in Mannheim & Umgebung\t\t\t\t\t\t\t<\/h3>\n\t\t\t\t\t\t\n\t\t\t\t\t\t\t\t\t\t\t\t\t<div class=\"elementor-flip-box__layer__description\">\n\t\t\t\t\t\t\t\tOb Sie zum ersten Mal ein Instrument in der Hand halten oder bereits fortgeschritten sind \u2013 bei uns sind Sie richtig. Unsere Musikschule in Mannheim ist zentral gelegen und gut mit \u00f6ffentlichen Verkehrsmitteln erreichbar. Auch Sch\u00fcler*innen aus Heidelberg, Ludwigshafen oder dem Rhein-Neckar-Kreis finden bei uns die passende musikalische Heimat.\t\t\t\t\t\t\t<\/div>\n\t\t\t\t\t\t\t\t\t\t\t<\/div>\n\t\t\t\t<\/div>\n\t\t\t<\/div>\n\t\t\t<div class=\"elementor-flip-box__layer elementor-flip-box__back\">\n\t\t\t<div class=\"elementor-flip-box__layer__overlay\">\n\t\t\t\t<div class=\"elementor-flip-box__layer__inner\">\n\t\t\t\t\t\t\t\t\t\t\t<h3 class=\"elementor-flip-box__layer__title\">\n\t\t\t\t\t\t\tJetzt Unterricht starten \u2013 Ihre musikalische Reise beginnt hier\t\t\t\t\t\t<\/h3>\n\t\t\t\t\t\n\t\t\t\t\t\t\t\t\t\t\t<div class=\"elementor-flip-box__layer__description\">\n\t\t\t\t\t\t\tEntdecken Sie die Welt der Musik neu \u2013 mit qualifiziertem Unterricht, motivierenden Lehrkr\u00e4ften und pers\u00f6nlicher Atmosph\u00e4re. Kontaktieren Sie uns jetzt f\u00fcr eine Probestunde oder weitere Informationen. Gemeinsam finden wir das passende Angebot f\u00fcr Sie oder Ihr Kind.\n\nLernen Sie Saz, Gitarre, Geige, Ney, Klavier oder Gesang \u2013 in Ihrer Musikschule in Mannheim. Wir freuen uns darauf, Sie musikalisch begleiten zu d\u00fcrfen.\t\t\t\t\t\t<\/div>\n\t\t\t\t\t\n\t\t\t\t\t\t\t\t<\/div>\n\t\t<\/div>\n\t\t<\/div>\n\t\t<\/div>\n\t\t\t\t\t\t<\/div>\n\t\t\t\t<\/div>\n\t\t\t\t<\/div>\n\t\t\t\t<div class=\"elementor-element elementor-element-08f9ba1 elementor-headline--style-highlight elementor-widget elementor-widget-animated-headline\" data-id=\"08f9ba1\" data-element_type=\"widget\" data-settings=\"{&quot;highlighted_text&quot;:&quot;flexibel und pers\\u00f6nlich&quot;,&quot;headline_style&quot;:&quot;highlight&quot;,&quot;marker&quot;:&quot;circle&quot;,&quot;loop&quot;:&quot;yes&quot;,&quot;highlight_animation_duration&quot;:1200,&quot;highlight_iteration_delay&quot;:8000}\" data-widget_type=\"animated-headline.default\">\n\t\t\t\t<div class=\"elementor-widget-container\">\n\t\t\t\t\t\t\t<h4 class=\"elementor-headline\">\n\t\t\t\t\t<span class=\"elementor-headline-plain-text elementor-headline-text-wrapper\">Kontakrformular<\/span>\n\t\t\t\t<span class=\"elementor-headline-dynamic-wrapper elementor-headline-text-wrapper\">\n\t\t\t\t\t<span class=\"elementor-headline-dynamic-text elementor-headline-text-active\">flexibel und pers\u00f6nlich<\/span>\n\t\t\t\t<\/span>\n\t\t\t\t<\/h4>\n\t\t\t\t\t\t<\/div>\n\t\t\t\t<\/div>\n\t\t\t\t\t<\/div>\n\t\t\t\t<\/div>\n\t\t<div class=\"elementor-element elementor-element-8bf2b68 e-flex e-con-boxed e-con e-parent\" data-id=\"8bf2b68\" data-element_type=\"container\">\n\t\t\t\t\t<div class=\"e-con-inner\">\n\t\t<div class=\"elementor-element elementor-element-a993627 e-con-full e-flex e-con e-child\" data-id=\"a993627\" data-element_type=\"container\">\n\t\t\t\t<div class=\"elementor-element elementor-element-2b10453 elementor-align-left elementor-widget elementor-widget-etheme_advanced_headline\" data-id=\"2b10453\" data-element_type=\"widget\" data-widget_type=\"etheme_advanced_headline.default\">\n\t\t\t\t<div class=\"elementor-widget-container\">\n\t\t\t\t\t        \r\n        <div class=\"etheme-a-h-wrapper\">\r\n        \r\n                            <span class=\"etheme-a-h-text-before\">\r\n                    Haben Sie eine Frage oder ben\u00f6tigen Sie weitere Informationen zu unseren Angeboten?                <\/span>\r\n            \r\n        <h2 class=\"etheme-advanced-headline etheme-advanced-headline-mask\">\r\n\r\n            \r\n        <\/h2>\r\n\t\t\r\n                                    <div class=\"etheme-a-h-icon-wrapper\">\r\n\t\t\t                                        <\/div>\r\n\t                                <p class=\"etheme-a-h-text-after\">\r\n                     F\u00fcllen Sie einfach das Formular aus \u2013 wir melden uns schnellstm\u00f6glich bei Ihnen zur\u00fcck.\n\nBitte geben Sie Ihre Kontaktdaten sowie Ihr Anliegen an. <br>Je genauer Ihre Angaben sind, desto besser k\u00f6nnen wir auf Ihre Anfrage eingehen.\n\nOptional \u2013 Erg\u00e4nzung f\u00fcr Vertrauen &#038; Service:\n<br>Selbstverst\u00e4ndlich behandeln wir Ihre Daten vertraulich und verwenden sie ausschlie\u00dflich zur Bearbeitung Ihrer Anfrage.                <\/p>\r\n                    \r\n        <\/div>\r\n        \r\n\t\t\t\t\t\t<\/div>\n\t\t\t\t<\/div>\n\t\t\t\t<\/div>\n\t\t\t\t\t<\/div>\n\t\t\t\t<\/div>\n\t\t<div class=\"elementor-element elementor-element-d3864ea e-flex e-con-boxed e-con e-parent\" data-id=\"d3864ea\" data-element_type=\"container\">\n\t\t\t\t\t<div class=\"e-con-inner\">\n\t\t\t\t<div class=\"elementor-element elementor-element-e0dce7a etheme-contact-form-7-button-custom elementor-widget elementor-widget-et-contact-form-7\" data-id=\"e0dce7a\" data-element_type=\"widget\" data-widget_type=\"et-contact-form-7.default\">\n\t\t\t\t<div class=\"elementor-widget-container\">\n\t\t\t\t\t                <div class=\"pp-contact-form etheme-contact-form-7 placeholder-show\">\r\n                                            <div class=\"etheme-contact-form-7-heading\">\r\n                                                                                <\/div>\r\n                                        \n<div class=\"wpcf7 no-js\" id=\"wpcf7-f6-o1\" lang=\"tr-TR\" dir=\"ltr\" data-wpcf7-id=\"6\">\n<div class=\"screen-reader-response\"><p role=\"status\" aria-live=\"polite\" aria-atomic=\"true\"><\/p> <ul><\/ul><\/div>\n<form action=\"\/index.php?rest_route=%2Fwp%2Fv2%2Fpages%2F7181#wpcf7-f6-o1\" method=\"post\" class=\"wpcf7-form init\" aria-label=\"\u0130leti\u015fim Formu\" novalidate=\"novalidate\" data-status=\"init\">\n<div style=\"display: none;\">\n<input type=\"hidden\" name=\"_wpcf7\" value=\"6\" \/>\n<input type=\"hidden\" name=\"_wpcf7_version\" value=\"6.0.6\" \/>\n<input type=\"hidden\" name=\"_wpcf7_locale\" value=\"tr_TR\" \/>\n<input type=\"hidden\" name=\"_wpcf7_unit_tag\" value=\"wpcf7-f6-o1\" \/>\n<input type=\"hidden\" name=\"_wpcf7_container_post\" value=\"0\" \/>\n<input type=\"hidden\" name=\"_wpcf7_posted_data_hash\" value=\"\" \/>\n<input type=\"hidden\" name=\"_wpcf7_recaptcha_response\" value=\"\" \/>\n<\/div>\n<p><label> Name-Nachname<br \/>\n<span class=\"wpcf7-form-control-wrap\" data-name=\"your-name\"><input size=\"40\" maxlength=\"400\" class=\"wpcf7-form-control wpcf7-text wpcf7-validates-as-required\" autocomplete=\"name\" aria-required=\"true\" aria-invalid=\"false\" value=\"\" type=\"text\" name=\"your-name\" \/><\/span> <\/label>\n<\/p>\n<p><label> E-Mail<br \/>\n<span class=\"wpcf7-form-control-wrap\" data-name=\"your-email\"><input size=\"40\" maxlength=\"400\" class=\"wpcf7-form-control wpcf7-email wpcf7-validates-as-required wpcf7-text wpcf7-validates-as-email\" autocomplete=\"email\" aria-required=\"true\" aria-invalid=\"false\" value=\"\" type=\"email\" name=\"your-email\" \/><\/span> <\/label>\n<\/p>\n<p><label> Betreff<br \/>\n<span class=\"wpcf7-form-control-wrap\" data-name=\"your-subject\"><input size=\"40\" maxlength=\"400\" class=\"wpcf7-form-control wpcf7-text wpcf7-validates-as-required\" aria-required=\"true\" aria-invalid=\"false\" value=\"\" type=\"text\" name=\"your-subject\" \/><\/span> <\/label>\n<\/p>\n<p><label> Ihr Nachricht<br \/>\n<span class=\"wpcf7-form-control-wrap\" data-name=\"your-message\"><textarea cols=\"40\" rows=\"10\" maxlength=\"2000\" class=\"wpcf7-form-control wpcf7-textarea\" aria-invalid=\"false\" name=\"your-message\"><\/textarea><\/span> <\/label>\n<\/p>\n<p><input class=\"wpcf7-form-control wpcf7-submit has-spinner\" type=\"submit\" value=\"Senden\" \/>\n<\/p><div class=\"wpcf7-response-output\" aria-hidden=\"true\"><\/div>\n<\/form>\n<\/div>\n                <\/div>\r\n                \t\t\t\t<\/div>\n\t\t\t\t<\/div>\n\t\t\t\t\t<\/div>\n\t\t\t\t<\/div>\n\t\t\t\t<\/div>\n\t\t","protected":false},"excerpt":{"rendered":"<p>AGB \u2013\u2013\u2013\u2013\u2013\u2013\u2013\u2013\u2013\u2013\u2013\u2013\u2013\u2013\u2013\u2013\u2013\u2013\u2013\u2013\u2013\u2013\u2013\u2013\u2013\u2013\u2013\u2013\u2013\u2013\u2013\u2013\u2013\u2013\u2013\u2013\u2013\u2013\u2013\u2013\u2013\u2013\u2013\u2013\u2013\u2013\u2013\u2013\u2013\u2013\u2013\u2013\u2013\u2013\u2013Allgemeine Gesch\u00e4ftsbedingungen mit Kundeninformationen\u2013\u2013\u2013\u2013\u2013\u2013\u2013\u2013\u2013\u2013\u2013\u2013\u2013\u2013\u2013\u2013\u2013\u2013\u2013\u2013\u2013\u2013\u2013\u2013\u2013\u2013\u2013\u2013\u2013\u2013\u2013\u2013\u2013\u2013\u2013\u2013\u2013\u2013\u2013\u2013\u2013\u2013\u2013\u2013\u2013\u2013\u2013\u2013\u2013\u2013\u2013\u2013\u2013\u2013\u2013 Inhaltsverzeichnis\u2013\u2013\u2013\u2013\u2013\u2013\u2013\u2013\u2013\u2013\u2013\u2013\u2013\u2013\u2013\u2013\u2013\u20131. Geltungsbereich2. Vertragsschluss3. Widerrufsrecht4. Preise und Zahlungsbedingungen5. Liefer- und Versandbedingungen6. Eigentumsvorbehalt7. M\u00e4ngelhaftung (Gew\u00e4hrleistung)8. Haftung9. Einl\u00f6sung von Aktionsgutscheinen10. Einl\u00f6sung von Geschenkgutscheinen11. Anwendbares Recht12. Verhaltenskodex13. Alternative Streitbeilegung 1) Geltungsbereich1.1 Diese Allgemeinen Gesch\u00e4ftsbedingungen (nachfolgend \u201eAGB\u201c) des Hakan \u00c7evik, handelnd unter \u201eHARMONIE MUSIK\u201c (nachfolgend&#8230;<\/p>\n","protected":false},"author":2,"featured_media":0,"parent":0,"menu_order":0,"comment_status":"closed","ping_status":"closed","template":"","meta":{"footnotes":""},"class_list":["post-7181","page","type-page","status-publish","hentry"],"yoast_head":"<!-- This site is optimized with the Yoast SEO plugin v25.1 - https:\/\/yoast.com\/wordpress\/plugins\/seo\/ -->\n<title>AGB - HARMONIE EVENT<\/title>\n<meta name=\"robots\" content=\"index, follow, max-snippet:-1, max-image-preview:large, max-video-preview:-1\" \/>\n<link rel=\"canonical\" href=\"https:\/\/harmonie-event.de\/?page_id=7181\" \/>\n<meta property=\"og:locale\" content=\"de_DE\" \/>\n<meta property=\"og:type\" content=\"article\" \/>\n<meta property=\"og:title\" content=\"AGB - HARMONIE EVENT\" \/>\n<meta property=\"og:description\" content=\"AGB \u2013\u2013\u2013\u2013\u2013\u2013\u2013\u2013\u2013\u2013\u2013\u2013\u2013\u2013\u2013\u2013\u2013\u2013\u2013\u2013\u2013\u2013\u2013\u2013\u2013\u2013\u2013\u2013\u2013\u2013\u2013\u2013\u2013\u2013\u2013\u2013\u2013\u2013\u2013\u2013\u2013\u2013\u2013\u2013\u2013\u2013\u2013\u2013\u2013\u2013\u2013\u2013\u2013\u2013\u2013Allgemeine Gesch\u00e4ftsbedingungen mit Kundeninformationen\u2013\u2013\u2013\u2013\u2013\u2013\u2013\u2013\u2013\u2013\u2013\u2013\u2013\u2013\u2013\u2013\u2013\u2013\u2013\u2013\u2013\u2013\u2013\u2013\u2013\u2013\u2013\u2013\u2013\u2013\u2013\u2013\u2013\u2013\u2013\u2013\u2013\u2013\u2013\u2013\u2013\u2013\u2013\u2013\u2013\u2013\u2013\u2013\u2013\u2013\u2013\u2013\u2013\u2013\u2013 Inhaltsverzeichnis\u2013\u2013\u2013\u2013\u2013\u2013\u2013\u2013\u2013\u2013\u2013\u2013\u2013\u2013\u2013\u2013\u2013\u20131. Geltungsbereich2. Vertragsschluss3. Widerrufsrecht4. Preise und Zahlungsbedingungen5. Liefer- und Versandbedingungen6. Eigentumsvorbehalt7. M\u00e4ngelhaftung (Gew\u00e4hrleistung)8. Haftung9. Einl\u00f6sung von Aktionsgutscheinen10. Einl\u00f6sung von Geschenkgutscheinen11. Anwendbares Recht12. Verhaltenskodex13. Alternative Streitbeilegung 1) Geltungsbereich1.1 Diese Allgemeinen Gesch\u00e4ftsbedingungen (nachfolgend \u201eAGB\u201c) des Hakan \u00c7evik, handelnd unter \u201eHARMONIE MUSIK\u201c (nachfolgend...\" \/>\n<meta property=\"og:url\" content=\"https:\/\/harmonie-event.de\/?page_id=7181\" \/>\n<meta property=\"og:site_name\" content=\"HARMONIE EVENT\" \/>\n<meta property=\"article:modified_time\" content=\"2025-05-19T19:51:10+00:00\" \/>\n<meta property=\"og:image\" content=\"https:\/\/harmonie-event.de\/wp-content\/uploads\/2025\/01\/UZUN-SAP-40-TEKNE-AFRAMOZ-BAGLAMA-1-600x600-1-300x300.jpg\" \/>\n<meta name=\"twitter:card\" content=\"summary_large_image\" \/>\n<meta name=\"twitter:label1\" content=\"Gesch\u00e4tzte Lesezeit\" \/>\n\t<meta name=\"twitter:data1\" content=\"21\u00a0Minuten\" \/>\n<script type=\"application\/ld+json\" class=\"yoast-schema-graph\">{\"@context\":\"https:\/\/schema.org\",\"@graph\":[{\"@type\":\"WebPage\",\"@id\":\"https:\/\/harmonie-event.de\/?page_id=7181\",\"url\":\"https:\/\/harmonie-event.de\/?page_id=7181\",\"name\":\"AGB - HARMONIE EVENT\",\"isPartOf\":{\"@id\":\"https:\/\/harmonie-event.de\/#website\"},\"primaryImageOfPage\":{\"@id\":\"https:\/\/harmonie-event.de\/?page_id=7181#primaryimage\"},\"image\":{\"@id\":\"https:\/\/harmonie-event.de\/?page_id=7181#primaryimage\"},\"thumbnailUrl\":\"https:\/\/harmonie-event.de\/wp-content\/uploads\/2025\/01\/UZUN-SAP-40-TEKNE-AFRAMOZ-BAGLAMA-1-600x600-1-300x300.jpg\",\"datePublished\":\"2025-05-19T19:49:43+00:00\",\"dateModified\":\"2025-05-19T19:51:10+00:00\",\"breadcrumb\":{\"@id\":\"https:\/\/harmonie-event.de\/?page_id=7181#breadcrumb\"},\"inLanguage\":\"de\",\"potentialAction\":[{\"@type\":\"ReadAction\",\"target\":[\"https:\/\/harmonie-event.de\/?page_id=7181\"]}]},{\"@type\":\"ImageObject\",\"inLanguage\":\"de\",\"@id\":\"https:\/\/harmonie-event.de\/?page_id=7181#primaryimage\",\"url\":\"https:\/\/harmonie-event.de\/wp-content\/uploads\/2025\/01\/UZUN-SAP-40-TEKNE-AFRAMOZ-BAGLAMA-1-600x600-1.jpg\",\"contentUrl\":\"https:\/\/harmonie-event.de\/wp-content\/uploads\/2025\/01\/UZUN-SAP-40-TEKNE-AFRAMOZ-BAGLAMA-1-600x600-1.jpg\",\"width\":600,\"height\":600},{\"@type\":\"BreadcrumbList\",\"@id\":\"https:\/\/harmonie-event.de\/?page_id=7181#breadcrumb\",\"itemListElement\":[{\"@type\":\"ListItem\",\"position\":1,\"name\":\"Startseite\",\"item\":\"https:\/\/harmonie-event.de\/\"},{\"@type\":\"ListItem\",\"position\":2,\"name\":\"AGB\"}]},{\"@type\":\"WebSite\",\"@id\":\"https:\/\/harmonie-event.de\/#website\",\"url\":\"https:\/\/harmonie-event.de\/\",\"name\":\"HARMONIE EVENT\",\"description\":\"Endecke den Rhythmus des Lebens.\",\"potentialAction\":[{\"@type\":\"SearchAction\",\"target\":{\"@type\":\"EntryPoint\",\"urlTemplate\":\"https:\/\/harmonie-event.de\/?s={search_term_string}\"},\"query-input\":{\"@type\":\"PropertyValueSpecification\",\"valueRequired\":true,\"valueName\":\"search_term_string\"}}],\"inLanguage\":\"de\"}]}<\/script>\n<!-- \/ Yoast SEO plugin. -->","yoast_head_json":{"title":"AGB - HARMONIE EVENT","robots":{"index":"index","follow":"follow","max-snippet":"max-snippet:-1","max-image-preview":"max-image-preview:large","max-video-preview":"max-video-preview:-1"},"canonical":"https:\/\/harmonie-event.de\/?page_id=7181","og_locale":"de_DE","og_type":"article","og_title":"AGB - HARMONIE EVENT","og_description":"AGB \u2013\u2013\u2013\u2013\u2013\u2013\u2013\u2013\u2013\u2013\u2013\u2013\u2013\u2013\u2013\u2013\u2013\u2013\u2013\u2013\u2013\u2013\u2013\u2013\u2013\u2013\u2013\u2013\u2013\u2013\u2013\u2013\u2013\u2013\u2013\u2013\u2013\u2013\u2013\u2013\u2013\u2013\u2013\u2013\u2013\u2013\u2013\u2013\u2013\u2013\u2013\u2013\u2013\u2013\u2013Allgemeine Gesch\u00e4ftsbedingungen mit Kundeninformationen\u2013\u2013\u2013\u2013\u2013\u2013\u2013\u2013\u2013\u2013\u2013\u2013\u2013\u2013\u2013\u2013\u2013\u2013\u2013\u2013\u2013\u2013\u2013\u2013\u2013\u2013\u2013\u2013\u2013\u2013\u2013\u2013\u2013\u2013\u2013\u2013\u2013\u2013\u2013\u2013\u2013\u2013\u2013\u2013\u2013\u2013\u2013\u2013\u2013\u2013\u2013\u2013\u2013\u2013\u2013 Inhaltsverzeichnis\u2013\u2013\u2013\u2013\u2013\u2013\u2013\u2013\u2013\u2013\u2013\u2013\u2013\u2013\u2013\u2013\u2013\u20131. Geltungsbereich2. Vertragsschluss3. Widerrufsrecht4. Preise und Zahlungsbedingungen5. Liefer- und Versandbedingungen6. Eigentumsvorbehalt7. M\u00e4ngelhaftung (Gew\u00e4hrleistung)8. Haftung9. Einl\u00f6sung von Aktionsgutscheinen10. Einl\u00f6sung von Geschenkgutscheinen11. Anwendbares Recht12. Verhaltenskodex13. Alternative Streitbeilegung 1) Geltungsbereich1.1 Diese Allgemeinen Gesch\u00e4ftsbedingungen (nachfolgend \u201eAGB\u201c) des Hakan \u00c7evik, handelnd unter \u201eHARMONIE MUSIK\u201c (nachfolgend...","og_url":"https:\/\/harmonie-event.de\/?page_id=7181","og_site_name":"HARMONIE EVENT","article_modified_time":"2025-05-19T19:51:10+00:00","og_image":[{"url":"https:\/\/harmonie-event.de\/wp-content\/uploads\/2025\/01\/UZUN-SAP-40-TEKNE-AFRAMOZ-BAGLAMA-1-600x600-1-300x300.jpg","type":"","width":"","height":""}],"twitter_card":"summary_large_image","twitter_misc":{"Gesch\u00e4tzte Lesezeit":"21\u00a0Minuten"},"schema":{"@context":"https:\/\/schema.org","@graph":[{"@type":"WebPage","@id":"https:\/\/harmonie-event.de\/?page_id=7181","url":"https:\/\/harmonie-event.de\/?page_id=7181","name":"AGB - HARMONIE EVENT","isPartOf":{"@id":"https:\/\/harmonie-event.de\/#website"},"primaryImageOfPage":{"@id":"https:\/\/harmonie-event.de\/?page_id=7181#primaryimage"},"image":{"@id":"https:\/\/harmonie-event.de\/?page_id=7181#primaryimage"},"thumbnailUrl":"https:\/\/harmonie-event.de\/wp-content\/uploads\/2025\/01\/UZUN-SAP-40-TEKNE-AFRAMOZ-BAGLAMA-1-600x600-1-300x300.jpg","datePublished":"2025-05-19T19:49:43+00:00","dateModified":"2025-05-19T19:51:10+00:00","breadcrumb":{"@id":"https:\/\/harmonie-event.de\/?page_id=7181#breadcrumb"},"inLanguage":"de","potentialAction":[{"@type":"ReadAction","target":["https:\/\/harmonie-event.de\/?page_id=7181"]}]},{"@type":"ImageObject","inLanguage":"de","@id":"https:\/\/harmonie-event.de\/?page_id=7181#primaryimage","url":"https:\/\/harmonie-event.de\/wp-content\/uploads\/2025\/01\/UZUN-SAP-40-TEKNE-AFRAMOZ-BAGLAMA-1-600x600-1.jpg","contentUrl":"https:\/\/harmonie-event.de\/wp-content\/uploads\/2025\/01\/UZUN-SAP-40-TEKNE-AFRAMOZ-BAGLAMA-1-600x600-1.jpg","width":600,"height":600},{"@type":"BreadcrumbList","@id":"https:\/\/harmonie-event.de\/?page_id=7181#breadcrumb","itemListElement":[{"@type":"ListItem","position":1,"name":"Startseite","item":"https:\/\/harmonie-event.de\/"},{"@type":"ListItem","position":2,"name":"AGB"}]},{"@type":"WebSite","@id":"https:\/\/harmonie-event.de\/#website","url":"https:\/\/harmonie-event.de\/","name":"HARMONIE EVENT","description":"Endecke den Rhythmus des Lebens.","potentialAction":[{"@type":"SearchAction","target":{"@type":"EntryPoint","urlTemplate":"https:\/\/harmonie-event.de\/?s={search_term_string}"},"query-input":{"@type":"PropertyValueSpecification","valueRequired":true,"valueName":"search_term_string"}}],"inLanguage":"de"}]}},"_links":{"self":[{"href":"https:\/\/harmonie-event.de\/index.php?rest_route=\/wp\/v2\/pages\/7181","targetHints":{"allow":["GET"]}}],"collection":[{"href":"https:\/\/harmonie-event.de\/index.php?rest_route=\/wp\/v2\/pages"}],"about":[{"href":"https:\/\/harmonie-event.de\/index.php?rest_route=\/wp\/v2\/types\/page"}],"author":[{"embeddable":true,"href":"https:\/\/harmonie-event.de\/index.php?rest_route=\/wp\/v2\/users\/2"}],"replies":[{"embeddable":true,"href":"https:\/\/harmonie-event.de\/index.php?rest_route=%2Fwp%2Fv2%2Fcomments&post=7181"}],"version-history":[{"count":7,"href":"https:\/\/harmonie-event.de\/index.php?rest_route=\/wp\/v2\/pages\/7181\/revisions"}],"predecessor-version":[{"id":7188,"href":"https:\/\/harmonie-event.de\/index.php?rest_route=\/wp\/v2\/pages\/7181\/revisions\/7188"}],"wp:attachment":[{"href":"https:\/\/harmonie-event.de\/index.php?rest_route=%2Fwp%2Fv2%2Fmedia&parent=7181"}],"curies":[{"name":"wp","href":"https:\/\/api.w.org\/{rel}","templated":true}]}}